{"id":762,"date":"2025-04-07T16:18:39","date_gmt":"2025-04-07T14:18:39","guid":{"rendered":"http:\/\/www.immobiliariafalco.com\/propietaris\/"},"modified":"2025-04-10T17:32:53","modified_gmt":"2025-04-10T15:32:53","slug":"propietaris","status":"publish","type":"page","link":"https:\/\/immobiliariafalco.com\/ca\/propietaris\/","title":{"rendered":"Propietaris"},"content":{"rendered":"\n<div class=\"wp-block-nk-awb nk-awb alignfull\"><div class=\"nk-awb-wrap\" data-awb-type=\"image\" data-awb-parallax=\"scroll\" data-awb-parallax-speed=\"0.5\" data-awb-parallax-mobile=\"false\" data-awb-image-background-size=\"cover\" data-awb-image-background-position=\"56% 21%\"><div class=\"nk-awb-overlay\" style=\"background: #0000002b;\"><\/div><div class=\"nk-awb-inner\"><img loading=\"lazy\" decoding=\"async\" src=\"http:\/\/www.immobiliariafalco.com\/wp-content\/uploads\/2025\/04\/home-falco.jpg\" class=\"wp-image-53 jarallax-img\" alt=\"Immobili\u00e0ria Falc\u00f3\" width=\"1920\" height=\"1080\" srcset=\"https:\/\/immobiliariafalco.com\/wp-content\/uploads\/2025\/04\/home-falco.jpg 1920w, https:\/\/immobiliariafalco.com\/wp-content\/uploads\/2025\/04\/home-falco-300x169.jpg 300w, https:\/\/immobiliariafalco.com\/wp-content\/uploads\/2025\/04\/home-falco-1024x576.jpg 1024w, https:\/\/immobiliariafalco.com\/wp-content\/uploads\/2025\/04\/home-falco-768x432.jpg 768w, https:\/\/immobiliariafalco.com\/wp-content\/uploads\/2025\/04\/home-falco-1536x864.jpg 1536w, https:\/\/immobiliariafalco.com\/wp-content\/uploads\/2025\/04\/home-falco-500x281.jpg 500w, https:\/\/immobiliariafalco.com\/wp-content\/uploads\/2025\/04\/home-falco-800x450.jpg 800w, https:\/\/immobiliariafalco.com\/wp-content\/uploads\/2025\/04\/home-falco-1280x720.jpg 1280w\" sizes=\"auto, (max-width: 1920px) 100vw, 1920px\" \/><\/div><\/div><div class=\"nk-awb-wrap-content is-layout-constrained wp-container-nk-awb-is-layout-00f579c5 wp-block-nk-awb-is-layout-constrained\">\n<div style=\"height:157px\" aria-hidden=\"true\" class=\"wp-block-spacer\"><\/div>\n\n\n\n<div class=\"wp-block-columns is-layout-flex wp-container-core-columns-is-layout-28f84493 wp-block-columns-is-layout-flex\">\n<div class=\"wp-block-column is-layout-flow wp-block-column-is-layout-flow\">\n<h1 class=\"wp-block-heading has-ast-global-color-4-color has-text-color has-link-color wp-elements-3a3755be8dd7bc0543ee624ae4230c58\" style=\"font-size:37px\">Propietaris<\/h1>\n<\/div>\n\n\n\n<div class=\"wp-block-column is-vertically-aligned-bottom is-layout-flow wp-block-column-is-layout-flow\"><div class=\"yoast-breadcrumbs\"><span><span><a href=\"https:\/\/immobiliariafalco.com\/ca\/\">Inicio<\/a><\/span> \u00bb <span class=\"breadcrumb_last\" aria-current=\"page\">Propietaris<\/span><\/span><\/div><\/div>\n<\/div>\n\n\n<div class=\"n2r__search  \" data-n2r-searchsession-url=\"https:\/\/immobiliariafalco.com\/wp-json\/n2r\/v1\/searchsession\" data-n2r-nosession=\"true\">\n    <div class=\"n2r__search__container n2r__tabs__content\">\n    <div class=\"n2r__tabs__content__item n2r__search__container__rental active\" >\n  <form name=\"n2r__search\" method=\"get\" action=\"https:\/\/immobiliariafalco.com\/alquiler-resultados-de-busqueda\/\" role=\"form\" autocomplete=\"off\">\n    <input type=\"hidden\" aria-hidden=\"true\" name=\"commercialization_type\" value=\"rental\">\n              <div class=\"n2r__search__field n2r__datepickercontainer\">\n            <label for=\"n2r-search-rental-dates-90891\">Selecciona les dates<\/label>\n            <input type=\"text\" name=\"dates\" id=\"n2r-search-rental-dates-90891\" class=\"n2r__input n2r-daterangepicker-component\" value=\"\" data-checkin=\"\" data-checkout=\"\" data-language=\"ca\" data-nights=\"1\" placeholder=\" \">\n            <a class=\"n2r__datepickercontainer__clear\"><i class=\"fa fa-times\"><\/i><\/a>\n            <input type=\"hidden\" aria-hidden=\"true\" name=\"checkin\" value=\"\">\n            <input type=\"hidden\" aria-hidden=\"true\" name=\"checkout\" value=\"\">\n          <\/div>\n                  <div class=\"n2r__search__field n2r__search__field--small\">\n            <label for=\"n2r-search-rental-adults-90891\">Adults<\/label>\n            <input class=\"n2r__input\" name=\"adults\" id=\"n2r-search-rental-adults-90891\" type=\"number\" min=\"1\" max=\"30\" value=\"1\">\n          <\/div>\n                  <div class=\"n2r__search__field n2r__search__field--small\">\n            <label for=\"n2r-search-rental-children-90891\">Nens<\/label>\n            <input class=\"n2r__input\" name=\"children\" id=\"n2r-search-rental-children-90891\" type=\"number\" min=\"0\" max=\"30\" value=\"0\">\n          <\/div>\n                    <div class=\"n2r__search__field\">\n              <label for=\"n2r-search-rental-city-90891\">Destinaci\u00f3<\/label>\n              <select name=\"city\" id=\"n2r-search-rental-city-90891\" class=\"n2r__select\">\n                <option value=\"\">Tots<\/option>\n                <option value=\"LLAN\u00c7A\" >LLAN\u00c7A<\/option><option value=\"LLAN\u00c7\u00c0\" >LLAN\u00c7\u00c0<\/option><option value=\"Llan\u00e7\u00e0\" >Llan\u00e7\u00e0<\/option><option value=\"Port de la Selva (El)\" >Port de la Selva (El)<\/option>              <\/select>\n              <span><\/span>\n            <\/div>\n                      <div class=\"n2r__search__field \">\n              <label for=\"n2r-search-rental-type-90891\">Tipus d&#039;edificaci\u00f3<\/label>\n              <select name=\"type\" id=\"n2r-search-rental-type-90891\" class=\"n2r__select\">\n                <option value=\"\">Tots<\/option>\n                <option value=\"apartment\" >Apartament<\/option><option value=\"isolated_house\" >Casa a\u00efllada \/ Villa<\/option>              <\/select>\n              <span><\/span>\n            <\/div>\n              <div class=\"n2r__search__field n2r__search__field--submit\">\n      <button type=\"submit\" class=\"n2r__search__submit n2r__btn\">Cercar<\/button>\n    <\/div>\n  <\/form>\n<\/div>  <\/div>\n<\/div>\n\n\n\n<div style=\"height:60px\" aria-hidden=\"true\" class=\"wp-block-spacer\"><\/div>\n<\/div><\/div>\n\n<div style=\"height:30px\" aria-hidden=\"true\" class=\"wp-block-spacer\"><\/div>\n\n<div class=\"wp-block-nk-awb nk-awb alignfull listado-alojamientos-n2r\" style=\"margin-bottom:var(--wp--preset--spacing--70)\"><div class=\"nk-awb-wrap-content is-layout-constrained wp-container-nk-awb-is-layout-6faa12df wp-block-nk-awb-is-layout-constrained\">\n<h2 class=\"wp-block-heading\"><strong>Deixeu que us ajudem a llogar casa vostra!<\/strong><\/h2>\n\n\n\n<p>Si sou propietari d&#8217;un apartament, casa rural o vila a Llan\u00e7\u00e0 o la Costa Brava i voleu treure el m\u00e0xim partit a la vostra inversi\u00f3, podeu llogar-lo per setmanes, reservant el nombre de setmanes que vulgueu gaudir vost\u00e8. <strong>Immobili\u00e0ria Falc\u00f3<\/strong> pot ajudar-lo a llogar-ne la propietat i rendibilitzar-ne la inversi\u00f3. <strong>Ompliu el seg\u00fcent formulari amb les dades de la seva propietat i ens posarem en contacte amb vost\u00e8 el m\u00e9s aviat possible.<\/strong><\/p>\n<\/div><\/div>\n\n<div class=\"wp-block-columns has-background is-layout-flex wp-container-core-columns-is-layout-28f84493 wp-block-columns-is-layout-flex\" style=\"background-color:#f4f4f4\">\n<div class=\"wp-block-column is-layout-flow wp-block-column-is-layout-flow\" style=\"padding-top:0;padding-right:0;padding-bottom:0;padding-left:0\"><style id=\"wpforms-css-vars-716\">\n\t\t\t\t#wpforms-716 {\n\t\t\t\t\n\t\t\t}\n\t\t\t<\/style><div class=\"wpforms-container wpforms-container-full wpforms-render-modern\" id=\"wpforms-716\"><form id=\"wpforms-form-716\" class=\"wpforms-validate wpforms-form wpforms-ajax-form\" data-formid=\"716\" method=\"post\" enctype=\"multipart\/form-data\" action=\"\/ca\/wp-json\/wp\/v2\/pages\/762\" data-token=\"4cb45e77f22d876c61be959de08e9dff\" data-token-time=\"1777301442\"><noscript class=\"wpforms-error-noscript\">Activeu el JavaScript al navegador per a poder completar el formulari.<\/noscript><div id=\"wpforms-error-noscript\" style=\"display: none;\">Activeu el JavaScript al navegador per a poder completar el formulari.<\/div><div class=\"wpforms-field-container\">\t\t<div id=\"wpforms-716-field_8-container\"\n\t\t\tclass=\"wpforms-field wpforms-field-text\"\n\t\t\tdata-field-type=\"text\"\n\t\t\tdata-field-id=\"8\"\n\t\t\t>\n\t\t\t<label class=\"wpforms-field-label\" for=\"wpforms-716-field_8\" >propiedad Correo o<\/label>\n\t\t\t<input type=\"text\" id=\"wpforms-716-field_8\" class=\"wpforms-field-medium\" name=\"wpforms[fields][8]\" >\n\t\t<\/div>\n\t\t<div id=\"wpforms-716-field_1-container\" class=\"wpforms-field wpforms-field-name\" data-field-id=\"1\"><fieldset><legend class=\"wpforms-field-label\">Nombre <span class=\"wpforms-required-label\" aria-hidden=\"true\">*<\/span><\/legend><div class=\"wpforms-field-row wpforms-field-medium\"><div class=\"wpforms-field-row-block wpforms-first wpforms-one-half\"><input type=\"text\" id=\"wpforms-716-field_1\" class=\"wpforms-field-name-first wpforms-field-required\" name=\"wpforms[fields][1][first]\" aria-errormessage=\"wpforms-716-field_1-error\" required><label for=\"wpforms-716-field_1\" class=\"wpforms-field-sublabel after\">Nombre<\/label><\/div><div class=\"wpforms-field-row-block wpforms-one-half\"><input type=\"text\" id=\"wpforms-716-field_1-last\" class=\"wpforms-field-name-last wpforms-field-required\" name=\"wpforms[fields][1][last]\" aria-errormessage=\"wpforms-716-field_1-last-error\" required><label for=\"wpforms-716-field_1-last\" class=\"wpforms-field-sublabel after\">Apellidos<\/label><\/div><\/div><\/fieldset><\/div><div id=\"wpforms-716-field_2-container\" class=\"wpforms-field wpforms-field-email\" data-field-id=\"2\"><label class=\"wpforms-field-label\" for=\"wpforms-716-field_2\">Correo electr\u00f3nico <span class=\"wpforms-required-label\" aria-hidden=\"true\">*<\/span><\/label><input type=\"email\" id=\"wpforms-716-field_2\" class=\"wpforms-field-medium wpforms-field-required\" name=\"wpforms[fields][2]\" spellcheck=\"false\" aria-errormessage=\"wpforms-716-field_2-error\" required><\/div><div id=\"wpforms-716-field_4-container\" class=\"wpforms-field wpforms-field-number\" data-field-id=\"4\"><label class=\"wpforms-field-label\" for=\"wpforms-716-field_4\">Tel\u00e9fono <span class=\"wpforms-required-label\" aria-hidden=\"true\">*<\/span><\/label><input type=\"number\" id=\"wpforms-716-field_4\" class=\"wpforms-field-medium wpforms-field-required\" name=\"wpforms[fields][4]\" step=\"any\" aria-errormessage=\"wpforms-716-field_4-error\" required><\/div><div id=\"wpforms-716-field_5-container\" class=\"wpforms-field wpforms-field-text\" data-field-id=\"5\"><label class=\"wpforms-field-label\" for=\"wpforms-716-field_5\">Localidad de la propiedad<\/label><input type=\"text\" id=\"wpforms-716-field_5\" class=\"wpforms-field-medium\" name=\"wpforms[fields][5]\" aria-errormessage=\"wpforms-716-field_5-error\" ><\/div><div id=\"wpforms-716-field_6-container\" class=\"wpforms-field wpforms-field-select wpforms-field-select-style-classic\" data-field-id=\"6\"><label class=\"wpforms-field-label\" for=\"wpforms-716-field_6\">Tipo de propiedad <span class=\"wpforms-required-label\" aria-hidden=\"true\">*<\/span><\/label><select id=\"wpforms-716-field_6\" class=\"wpforms-field-medium wpforms-field-required\" name=\"wpforms[fields][6]\" required=\"required\"><option value=\"Apartamento\"  class=\"choice-1 depth-1\"  >Apartamento<\/option><option value=\"Piso\"  class=\"choice-8 depth-1\"  >Piso<\/option><option value=\"Casa o chalet\"  class=\"choice-2 depth-1\"  >Casa o chalet<\/option><option value=\"Casa aislada\"  class=\"choice-3 depth-1\"  >Casa aislada<\/option><option value=\"Casa adosada\"  class=\"choice-4 depth-1\"  >Casa adosada<\/option><option value=\"Casa de pueblo\"  class=\"choice-6 depth-1\"  >Casa de pueblo<\/option><option value=\"Casa rural\"  class=\"choice-7 depth-1\"  >Casa rural<\/option><option value=\"Mas\u00eda\"  class=\"choice-5 depth-1\"  >Mas\u00eda<\/option><option value=\"R\u00fastico\"  class=\"choice-9 depth-1\"  >R\u00fastico<\/option><option value=\"Espacio comercial\"  class=\"choice-10 depth-1\"  >Espacio comercial<\/option><option value=\"Parcela o terreno\"  class=\"choice-11 depth-1\"  >Parcela o terreno<\/option><option value=\"Trastero\"  class=\"choice-12 depth-1\"  >Trastero<\/option><option value=\"Plaza de parking o garaje\"  class=\"choice-13 depth-1\"  >Plaza de parking o garaje<\/option><option value=\"Otros\"  class=\"choice-14 depth-1\"  >Otros<\/option><\/select><\/div><div id=\"wpforms-716-field_3-container\" class=\"wpforms-field wpforms-field-textarea\" data-field-id=\"3\"><label class=\"wpforms-field-label\" for=\"wpforms-716-field_3\">Comentario o mensaje<\/label><textarea id=\"wpforms-716-field_3\" class=\"wpforms-field-medium\" name=\"wpforms[fields][3]\" aria-errormessage=\"wpforms-716-field_3-error\" ><\/textarea><\/div><div id=\"wpforms-716-field_7-container\" class=\"wpforms-field wpforms-field-checkbox\" data-field-id=\"7\"><fieldset><legend class=\"wpforms-field-label\">Aceptaciones <span class=\"wpforms-required-label\" aria-hidden=\"true\">*<\/span><\/legend><ul id=\"wpforms-716-field_7\" class=\"wpforms-field-required\"><li class=\"choice-1 depth-1\"><input type=\"checkbox\" id=\"wpforms-716-field_7_1\" name=\"wpforms[fields][7][]\" value=\"He le\u00eddo, entendido y acepto la Pol\u00edtica de privacidad de Immobili\u00e0ria Falc\u00f3\" aria-errormessage=\"wpforms-716-field_7_1-error\" required ><label class=\"wpforms-field-label-inline\" for=\"wpforms-716-field_7_1\">He le\u00eddo, entendido y acepto la Pol\u00edtica de privacidad de Immobili\u00e0ria Falc\u00f3<\/label><\/li><li class=\"choice-2 depth-1\"><input type=\"checkbox\" id=\"wpforms-716-field_7_2\" name=\"wpforms[fields][7][]\" value=\"Acepto recibir informaci\u00f3n comercial.\" aria-errormessage=\"wpforms-716-field_7_2-error\" required ><label class=\"wpforms-field-label-inline\" for=\"wpforms-716-field_7_2\">Acepto recibir informaci\u00f3n comercial.<\/label><\/li><\/ul><\/fieldset><\/div><script>\n\t\t\t\t( function() {\n\t\t\t\t\tconst style = document.createElement( 'style' );\n\t\t\t\t\tstyle.appendChild( document.createTextNode( '#wpforms-716-field_8-container { position: absolute !important; overflow: hidden !important; display: inline !important; height: 1px !important; width: 1px !important; z-index: -1000 !important; padding: 0 !important; } #wpforms-716-field_8-container input { visibility: hidden; } #wpforms-conversational-form-page #wpforms-716-field_8-container label { counter-increment: none; }' ) );\n\t\t\t\t\tdocument.head.appendChild( style );\n\t\t\t\t\tdocument.currentScript?.remove();\n\t\t\t\t} )();\n\t\t\t<\/script><\/div><!-- .wpforms-field-container --><div class=\"wpforms-submit-container\" ><input type=\"hidden\" name=\"wpforms[id]\" value=\"716\"><input type=\"hidden\" name=\"page_title\" value=\"\"><input type=\"hidden\" name=\"page_url\" value=\"https:\/\/immobiliariafalco.com\/ca\/wp-json\/wp\/v2\/pages\/762\"><input type=\"hidden\" name=\"url_referer\" value=\"\"><div class=\"altcha-widget-wrap\"><altcha-widget challengeurl=\"https:\/\/immobiliariafalco.com\/ca\/wp-json\/altcha\/v1\/challenge\" strings=\"{&quot;error&quot;:&quot;La verificaci\\u00f3 ha fallat. Torneu-ho a provar m\\u00e9s tard.&quot;,&quot;footer&quot;:&quot;Protegit per &lt;a href=\\&quot;https:\\\/\\\/altcha.org\\\/\\&quot; target=\\&quot;_blank\\&quot;&gt;ALTCHA&lt;\\\/a&gt;&quot;,&quot;label&quot;:&quot;No s\\u00f3c un robot&quot;,&quot;verified&quot;:&quot;Verificat&quot;,&quot;verifying&quot;:&quot;Verificant...&quot;,&quot;waitAlert&quot;:&quot;Verificant... si us plau, espereu.&quot;}\" auto=\"onsubmit\" hidefooter=\"1\"><\/altcha-widget><noscript><div class=\"altcha-no-javascript\">This form requires JavaScript!<\/div><\/noscript><\/div><button type=\"submit\" name=\"wpforms[submit]\" id=\"wpforms-submit-716\" class=\"wpforms-submit\" data-alt-text=\"Enviando...\" data-submit-text=\"Enviar\" aria-live=\"assertive\" value=\"wpforms-submit\">Enviar<\/button><img loading=\"lazy\" decoding=\"async\" src=\"https:\/\/immobiliariafalco.com\/wp-content\/plugins\/wpforms-lite\/assets\/images\/submit-spin.svg\" class=\"wpforms-submit-spinner\" style=\"display: none;\" width=\"26\" height=\"26\" alt=\"S&#039;est\u00e0 carregant\"><\/div><\/form><\/div>  <!-- .wpforms-container -->\n\n\n\n<h2 class=\"wp-block-heading has-small-font-size\">Pol\u00edtica de privacitat<\/h2>\n\n\n\n<p style=\"font-size:11px\">En compliment del que estableix la normativa vigent de Protecci\u00f3 de Dades de Car\u00e0cter Personal, us comuniquem que les dades recollides en el present formulari quedaran incorporades i seran tractades al fitxer denominat Usuaris Web sota la responsabilitat d&#8217;IMMOBILI\u00c0RIA FALC\u00d3 (Joaqu\u00edn Castello Falc\u00f3)<strong> <\/strong>per tal de poder prestar els seus serveis, aix\u00ed com per mantenir-lo informat sobre q\u00fcestions relatives a l&#8217;activitat de l&#8217;empresa. Us informem que les dades que ens facilite seran tractades de forma lleial, transparent, adequada, pertinent, limitada, exacta i actualitzada i no es comunicaran o cediran a tercers, exceptuant que aquesta comunicaci\u00f3 sigui necess\u00e0ria o pugui suposar una millora per a la seva finalitat, sempre d&#8217;acord amb la normativa vigent en mat\u00e8ria de protecci\u00f3 de dades, Reglament General de Protecci\u00f3 de Dades. En cas que es produeixin canvis en alguna de les dades facilitades, amb la finalitat de mantenir el nostre fitxer actualitzat, us preguem que ens ho comuniqueu per escrit. Us informem de la possibilitat que teniu d&#8217;exercir els drets d&#8217;acc\u00e9s, rectificaci\u00f3, supressi\u00f3, oposici\u00f3, limitaci\u00f3 del tractament i portabilitat de les vostres dades de car\u00e0cter personal de forma presencial a les oficines d&#8217;IMMOBILIARIA FALC\u00d3 (Joaqu\u00edn Castello Falc\u00f3) , acompanyant c\u00f2pia de DNI, o b\u00e9 mitjan\u00e7ant correu postal a Pla\u00e7a Major, 1, C.P. 17490 LLAN\u00c7\u00c0 (GIRONA) o b\u00e9 a l&#8217;adre\u00e7a de correu electr\u00f2nic <a href=\"mailto:info@immobiliariafalco.com\">info@immobiliariafalco.com<\/a><\/p>\n<\/div>\n<\/div>\n","protected":false},"excerpt":{"rendered":"<p>Pol\u00edtica de privacitat En compliment del que estableix la normativa vigent de Protecci\u00f3 de Dades de Car\u00e0cter Personal, us comuniquem [&hellip;]<\/p>\n","protected":false},"author":1,"featured_media":428,"parent":0,"menu_order":0,"comment_status":"closed","ping_status":"closed","template":"","meta":{"site-sidebar-layout":"default","site-content-layout":"","ast-site-content-layout":"default","site-content-style":"default","site-sidebar-style":"default","ast-global-header-display":"","ast-banner-title-visibility":"","ast-main-header-display":"","ast-hfb-above-header-display":"","ast-hfb-below-header-display":"","ast-hfb-mobile-header-display":"","site-post-title":"","ast-breadcrumbs-content":"","ast-featured-img":"","footer-sml-layout":"","ast-disable-related-posts":"","theme-transparent-header-meta":"","adv-header-id-meta":"","stick-header-meta":"","header-above-stick-meta":"","header-main-stick-meta":"","header-below-stick-meta":"","astra-migrate-meta-layouts":"default","ast-page-background-enabled":"default","ast-page-background-meta":{"desktop":{"background-color":"var(--ast-global-color-5)","background-image":"","background-repeat":"repeat","background-position":"center center","background-size":"auto","background-attachment":"scroll","background-type":"","background-media":"","overlay-type":"","overlay-color":"","overlay-opacity":"","overlay-gradient":""},"tablet":{"background-color":"","background-image":"","background-repeat":"repeat","background-position":"center center","background-size":"auto","background-attachment":"scroll","background-type":"","background-media":"","overlay-type":"","overlay-color":"","overlay-opacity":"","overlay-gradient":""},"mobile":{"background-color":"","background-image":"","background-repeat":"repeat","background-position":"center center","background-size":"auto","background-attachment":"scroll","background-type":"","background-media":"","overlay-type":"","overlay-color":"","overlay-opacity":"","overlay-gradient":""}},"ast-content-background-meta":{"desktop":{"background-color":"var(--ast-global-color-4)","background-image":"","background-repeat":"repeat","background-position":"center center","background-size":"auto","background-attachment":"scroll","background-type":"","background-media":"","overlay-type":"","overlay-color":"","overlay-opacity":"","overlay-gradient":""},"tablet":{"background-color":"var(--ast-global-color-4)","background-image":"","background-repeat":"repeat","background-position":"center center","background-size":"auto","background-attachment":"scroll","background-type":"","background-media":"","overlay-type":"","overlay-color":"","overlay-opacity":"","overlay-gradient":""},"mobile":{"background-color":"var(--ast-global-color-4)","background-image":"","background-repeat":"repeat","background-position":"center center","background-size":"auto","background-attachment":"scroll","background-type":"","background-media":"","overlay-type":"","overlay-color":"","overlay-opacity":"","overlay-gradient":""}},"footnotes":""},"class_list":["post-762","page","type-page","status-publish","has-post-thumbnail","hentry"],"yoast_head":"<!-- This site is optimized with the Yoast SEO plugin v27.4 - https:\/\/yoast.com\/product\/yoast-seo-wordpress\/ -->\n<title>Propietaris - Immobili\u00e0ria Falc\u00f3 - Venta y alquiler de propiedades en LLan\u00e7\u00e0<\/title>\n<meta name=\"description\" content=\"A Immobili\u00e0ria Falc\u00f3 us oferim serveis immobiliaris de venda i lloguer de propietats a Llan\u00e7\u00e0 ia la Costa Brava.\" \/>\n<meta name=\"robots\" content=\"index, follow, max-snippet:-1, max-image-preview:large, max-video-preview:-1\" \/>\n<link rel=\"canonical\" href=\"https:\/\/immobiliariafalco.com\/ca\/propietaris\/\" \/>\n<meta property=\"og:locale\" content=\"ca_ES\" \/>\n<meta property=\"og:type\" content=\"article\" \/>\n<meta property=\"og:title\" content=\"Propietaris - Immobili\u00e0ria Falc\u00f3 - Venta y alquiler de propiedades en LLan\u00e7\u00e0\" \/>\n<meta property=\"og:description\" content=\"A Immobili\u00e0ria Falc\u00f3 us oferim serveis immobiliaris de venda i lloguer de propietats a Llan\u00e7\u00e0 ia la Costa Brava.\" \/>\n<meta property=\"og:url\" content=\"https:\/\/immobiliariafalco.com\/ca\/propietaris\/\" \/>\n<meta property=\"og:site_name\" content=\"Immobili\u00e0ria Falc\u00f3 - Venta y alquiler de propiedades en LLan\u00e7\u00e0\" \/>\n<meta property=\"article:publisher\" content=\"https:\/\/www.facebook.com\/Immobiliria-FALC-112724184524155\" \/>\n<meta property=\"article:modified_time\" content=\"2025-04-10T15:32:53+00:00\" \/>\n<meta property=\"og:image\" content=\"https:\/\/www.immobiliariafalco.com\/wp-content\/uploads\/2025\/04\/rrss-falco.jpg\" \/>\n\t<meta property=\"og:image:width\" content=\"1280\" \/>\n\t<meta property=\"og:image:height\" content=\"720\" \/>\n\t<meta property=\"og:image:type\" content=\"image\/jpeg\" \/>\n<meta name=\"twitter:card\" content=\"summary_large_image\" \/>\n<meta name=\"twitter:label1\" content=\"Temps estimat de lectura\" \/>\n\t<meta name=\"twitter:data1\" content=\"2 minuts\" \/>\n<script type=\"application\/ld+json\" class=\"yoast-schema-graph\">{\"@context\":\"https:\\\/\\\/schema.org\",\"@graph\":[{\"@type\":\"WebPage\",\"@id\":\"https:\\\/\\\/immobiliariafalco.com\\\/ca\\\/propietaris\\\/\",\"url\":\"https:\\\/\\\/immobiliariafalco.com\\\/ca\\\/propietaris\\\/\",\"name\":\"Propietaris - Immobili\u00e0ria Falc\u00f3 - Venta y alquiler de propiedades en LLan\u00e7\u00e0\",\"isPartOf\":{\"@id\":\"https:\\\/\\\/immobiliariafalco.com\\\/ca\\\/#website\"},\"primaryImageOfPage\":{\"@id\":\"https:\\\/\\\/immobiliariafalco.com\\\/ca\\\/propietaris\\\/#primaryimage\"},\"image\":{\"@id\":\"https:\\\/\\\/immobiliariafalco.com\\\/ca\\\/propietaris\\\/#primaryimage\"},\"thumbnailUrl\":\"https:\\\/\\\/immobiliariafalco.com\\\/wp-content\\\/uploads\\\/2025\\\/04\\\/rrss-falco.jpg\",\"datePublished\":\"2025-04-07T14:18:39+00:00\",\"dateModified\":\"2025-04-10T15:32:53+00:00\",\"description\":\"A Immobili\u00e0ria Falc\u00f3 us oferim serveis immobiliaris de venda i lloguer de propietats a Llan\u00e7\u00e0 ia la Costa Brava.\",\"breadcrumb\":{\"@id\":\"https:\\\/\\\/immobiliariafalco.com\\\/ca\\\/propietaris\\\/#breadcrumb\"},\"inLanguage\":\"ca\",\"potentialAction\":[{\"@type\":\"ReadAction\",\"target\":[\"https:\\\/\\\/immobiliariafalco.com\\\/ca\\\/propietaris\\\/\"]}]},{\"@type\":\"BreadcrumbList\",\"@id\":\"https:\\\/\\\/immobiliariafalco.com\\\/ca\\\/propietaris\\\/#breadcrumb\",\"itemListElement\":[{\"@type\":\"ListItem\",\"position\":1,\"name\":\"Inicio\",\"item\":\"https:\\\/\\\/immobiliariafalco.com\\\/ca\\\/\"},{\"@type\":\"ListItem\",\"position\":2,\"name\":\"Propietaris\"}]},{\"@type\":\"WebSite\",\"@id\":\"https:\\\/\\\/immobiliariafalco.com\\\/ca\\\/#website\",\"url\":\"https:\\\/\\\/immobiliariafalco.com\\\/ca\\\/\",\"name\":\"Immobili\u00e0ria Falc\u00f3 - Venta y alquiler de propiedades en LLan\u00e7\u00e0\",\"description\":\"Servicios inmobiliarios y de alquiler vacacional en la Costa Brava\",\"publisher\":{\"@id\":\"https:\\\/\\\/immobiliariafalco.com\\\/ca\\\/#organization\"},\"alternateName\":\"Immobili\u00e0ria Falc\u00f3\",\"potentialAction\":[{\"@type\":\"SearchAction\",\"target\":{\"@type\":\"EntryPoint\",\"urlTemplate\":\"https:\\\/\\\/immobiliariafalco.com\\\/alquiler-resultados-de-busqueda\\\/?search_text={search_term_string}\"},\"query-input\":{\"@type\":\"PropertyValueSpecification\",\"valueRequired\":true,\"valueName\":\"search_term_string\"}}],\"inLanguage\":\"ca\"},{\"@type\":\"Organization\",\"@id\":\"https:\\\/\\\/immobiliariafalco.com\\\/ca\\\/#organization\",\"name\":\"Immobili\u00e0ria Falc\u00f3 - Venta y alquiler de propiedades en LLan\u00e7\u00e0\",\"url\":\"https:\\\/\\\/immobiliariafalco.com\\\/ca\\\/\",\"logo\":{\"@type\":\"ImageObject\",\"inLanguage\":\"ca\",\"@id\":\"https:\\\/\\\/immobiliariafalco.com\\\/ca\\\/#\\\/schema\\\/logo\\\/image\\\/\",\"url\":\"https:\\\/\\\/immobiliariafalco.com\\\/wp-content\\\/uploads\\\/2025\\\/04\\\/logo-1.png\",\"contentUrl\":\"https:\\\/\\\/immobiliariafalco.com\\\/wp-content\\\/uploads\\\/2025\\\/04\\\/logo-1.png\",\"width\":1500,\"height\":349,\"caption\":\"Immobili\u00e0ria Falc\u00f3 - Venta y alquiler de propiedades en LLan\u00e7\u00e0\"},\"image\":{\"@id\":\"https:\\\/\\\/immobiliariafalco.com\\\/ca\\\/#\\\/schema\\\/logo\\\/image\\\/\"},\"sameAs\":[\"https:\\\/\\\/www.facebook.com\\\/Immobiliria-FALC-112724184524155\",\"https:\\\/\\\/www.instagram.com\\\/immobiliariafalco\"]}]}<\/script>\n<!-- \/ Yoast SEO plugin. -->","yoast_head_json":{"title":"Propietaris - Immobili\u00e0ria Falc\u00f3 - Venta y alquiler de propiedades en LLan\u00e7\u00e0","description":"A Immobili\u00e0ria Falc\u00f3 us oferim serveis immobiliaris de venda i lloguer de propietats a Llan\u00e7\u00e0 ia la Costa Brava.","robots":{"index":"index","follow":"follow","max-snippet":"max-snippet:-1","max-image-preview":"max-image-preview:large","max-video-preview":"max-video-preview:-1"},"canonical":"https:\/\/immobiliariafalco.com\/ca\/propietaris\/","og_locale":"ca_ES","og_type":"article","og_title":"Propietaris - Immobili\u00e0ria Falc\u00f3 - Venta y alquiler de propiedades en LLan\u00e7\u00e0","og_description":"A Immobili\u00e0ria Falc\u00f3 us oferim serveis immobiliaris de venda i lloguer de propietats a Llan\u00e7\u00e0 ia la Costa Brava.","og_url":"https:\/\/immobiliariafalco.com\/ca\/propietaris\/","og_site_name":"Immobili\u00e0ria Falc\u00f3 - Venta y alquiler de propiedades en LLan\u00e7\u00e0","article_publisher":"https:\/\/www.facebook.com\/Immobiliria-FALC-112724184524155","article_modified_time":"2025-04-10T15:32:53+00:00","og_image":[{"width":1280,"height":720,"url":"https:\/\/www.immobiliariafalco.com\/wp-content\/uploads\/2025\/04\/rrss-falco.jpg","type":"image\/jpeg"}],"twitter_card":"summary_large_image","twitter_misc":{"Temps estimat de lectura":"2 minuts"},"schema":{"@context":"https:\/\/schema.org","@graph":[{"@type":"WebPage","@id":"https:\/\/immobiliariafalco.com\/ca\/propietaris\/","url":"https:\/\/immobiliariafalco.com\/ca\/propietaris\/","name":"Propietaris - Immobili\u00e0ria Falc\u00f3 - Venta y alquiler de propiedades en LLan\u00e7\u00e0","isPartOf":{"@id":"https:\/\/immobiliariafalco.com\/ca\/#website"},"primaryImageOfPage":{"@id":"https:\/\/immobiliariafalco.com\/ca\/propietaris\/#primaryimage"},"image":{"@id":"https:\/\/immobiliariafalco.com\/ca\/propietaris\/#primaryimage"},"thumbnailUrl":"https:\/\/immobiliariafalco.com\/wp-content\/uploads\/2025\/04\/rrss-falco.jpg","datePublished":"2025-04-07T14:18:39+00:00","dateModified":"2025-04-10T15:32:53+00:00","description":"A Immobili\u00e0ria Falc\u00f3 us oferim serveis immobiliaris de venda i lloguer de propietats a Llan\u00e7\u00e0 ia la Costa Brava.","breadcrumb":{"@id":"https:\/\/immobiliariafalco.com\/ca\/propietaris\/#breadcrumb"},"inLanguage":"ca","potentialAction":[{"@type":"ReadAction","target":["https:\/\/immobiliariafalco.com\/ca\/propietaris\/"]}]},{"@type":"BreadcrumbList","@id":"https:\/\/immobiliariafalco.com\/ca\/propietaris\/#breadcrumb","itemListElement":[{"@type":"ListItem","position":1,"name":"Inicio","item":"https:\/\/immobiliariafalco.com\/ca\/"},{"@type":"ListItem","position":2,"name":"Propietaris"}]},{"@type":"WebSite","@id":"https:\/\/immobiliariafalco.com\/ca\/#website","url":"https:\/\/immobiliariafalco.com\/ca\/","name":"Immobili\u00e0ria Falc\u00f3 - Venta y alquiler de propiedades en LLan\u00e7\u00e0","description":"Servicios inmobiliarios y de alquiler vacacional en la Costa Brava","publisher":{"@id":"https:\/\/immobiliariafalco.com\/ca\/#organization"},"alternateName":"Immobili\u00e0ria Falc\u00f3","potentialAction":[{"@type":"SearchAction","target":{"@type":"EntryPoint","urlTemplate":"https:\/\/immobiliariafalco.com\/alquiler-resultados-de-busqueda\/?search_text={search_term_string}"},"query-input":{"@type":"PropertyValueSpecification","valueRequired":true,"valueName":"search_term_string"}}],"inLanguage":"ca"},{"@type":"Organization","@id":"https:\/\/immobiliariafalco.com\/ca\/#organization","name":"Immobili\u00e0ria Falc\u00f3 - Venta y alquiler de propiedades en LLan\u00e7\u00e0","url":"https:\/\/immobiliariafalco.com\/ca\/","logo":{"@type":"ImageObject","inLanguage":"ca","@id":"https:\/\/immobiliariafalco.com\/ca\/#\/schema\/logo\/image\/","url":"https:\/\/immobiliariafalco.com\/wp-content\/uploads\/2025\/04\/logo-1.png","contentUrl":"https:\/\/immobiliariafalco.com\/wp-content\/uploads\/2025\/04\/logo-1.png","width":1500,"height":349,"caption":"Immobili\u00e0ria Falc\u00f3 - Venta y alquiler de propiedades en LLan\u00e7\u00e0"},"image":{"@id":"https:\/\/immobiliariafalco.com\/ca\/#\/schema\/logo\/image\/"},"sameAs":["https:\/\/www.facebook.com\/Immobiliria-FALC-112724184524155","https:\/\/www.instagram.com\/immobiliariafalco"]}]}},"_links":{"self":[{"href":"https:\/\/immobiliariafalco.com\/ca\/wp-json\/wp\/v2\/pages\/762","targetHints":{"allow":["GET"]}}],"collection":[{"href":"https:\/\/immobiliariafalco.com\/ca\/wp-json\/wp\/v2\/pages"}],"about":[{"href":"https:\/\/immobiliariafalco.com\/ca\/wp-json\/wp\/v2\/types\/page"}],"author":[{"embeddable":true,"href":"https:\/\/immobiliariafalco.com\/ca\/wp-json\/wp\/v2\/users\/1"}],"replies":[{"embeddable":true,"href":"https:\/\/immobiliariafalco.com\/ca\/wp-json\/wp\/v2\/comments?post=762"}],"version-history":[{"count":0,"href":"https:\/\/immobiliariafalco.com\/ca\/wp-json\/wp\/v2\/pages\/762\/revisions"}],"wp:featuredmedia":[{"embeddable":true,"href":"https:\/\/immobiliariafalco.com\/ca\/wp-json\/wp\/v2\/media\/428"}],"wp:attachment":[{"href":"https:\/\/immobiliariafalco.com\/ca\/wp-json\/wp\/v2\/media?parent=762"}],"curies":[{"name":"wp","href":"https:\/\/api.w.org\/{rel}","templated":true}]}}