{"id":760,"date":"2025-04-07T16:25:17","date_gmt":"2025-04-07T14:25:17","guid":{"rendered":"http:\/\/www.immobiliariafalco.com\/politica-de-privacitat\/"},"modified":"2025-05-06T13:55:33","modified_gmt":"2025-05-06T11:55:33","slug":"politica-de-privacitat","status":"publish","type":"page","link":"https:\/\/immobiliariafalco.com\/ca\/politica-de-privacitat\/","title":{"rendered":"Pol\u00edtica de privacitat"},"content":{"rendered":"\n<div class=\"wp-block-nk-awb nk-awb alignfull\"><div class=\"nk-awb-wrap\" data-awb-type=\"image\" data-awb-parallax=\"scroll\" data-awb-parallax-speed=\"0.5\" data-awb-parallax-mobile=\"false\" data-awb-image-background-size=\"cover\" data-awb-image-background-position=\"56% 21%\"><div class=\"nk-awb-overlay\" style=\"background: #0000002b;\"><\/div><div class=\"nk-awb-inner\"><img loading=\"lazy\" decoding=\"async\" src=\"http:\/\/www.immobiliariafalco.com\/wp-content\/uploads\/2025\/04\/home-falco.jpg\" class=\"wp-image-53 jarallax-img\" alt=\"Immobili\u00e0ria Falc\u00f3\" width=\"1920\" height=\"1080\" srcset=\"https:\/\/immobiliariafalco.com\/wp-content\/uploads\/2025\/04\/home-falco.jpg 1920w, https:\/\/immobiliariafalco.com\/wp-content\/uploads\/2025\/04\/home-falco-300x169.jpg 300w, https:\/\/immobiliariafalco.com\/wp-content\/uploads\/2025\/04\/home-falco-1024x576.jpg 1024w, https:\/\/immobiliariafalco.com\/wp-content\/uploads\/2025\/04\/home-falco-768x432.jpg 768w, https:\/\/immobiliariafalco.com\/wp-content\/uploads\/2025\/04\/home-falco-1536x864.jpg 1536w, https:\/\/immobiliariafalco.com\/wp-content\/uploads\/2025\/04\/home-falco-500x281.jpg 500w, https:\/\/immobiliariafalco.com\/wp-content\/uploads\/2025\/04\/home-falco-800x450.jpg 800w, https:\/\/immobiliariafalco.com\/wp-content\/uploads\/2025\/04\/home-falco-1280x720.jpg 1280w\" sizes=\"auto, (max-width: 1920px) 100vw, 1920px\" \/><\/div><\/div><div class=\"nk-awb-wrap-content is-layout-constrained wp-container-nk-awb-is-layout-00f579c5 wp-block-nk-awb-is-layout-constrained\">\n<div style=\"height:157px\" aria-hidden=\"true\" class=\"wp-block-spacer\"><\/div>\n\n\n\n<div class=\"wp-block-columns is-layout-flex wp-container-core-columns-is-layout-28f84493 wp-block-columns-is-layout-flex\">\n<div class=\"wp-block-column is-layout-flow wp-block-column-is-layout-flow\">\n<h1 class=\"wp-block-heading has-ast-global-color-4-color has-text-color has-link-color wp-elements-77efee3ef8b3f696bd43e95692225b50\" style=\"font-size:37px\">Pol\u00edtica de privacitat<\/h1>\n<\/div>\n\n\n\n<div class=\"wp-block-column is-vertically-aligned-bottom is-layout-flow wp-block-column-is-layout-flow\"><div class=\"yoast-breadcrumbs\"><span><span><a href=\"https:\/\/immobiliariafalco.com\/ca\/\">Inicio<\/a><\/span> \u00bb <span class=\"breadcrumb_last\" aria-current=\"page\">Pol\u00edtica de privacitat<\/span><\/span><\/div><\/div>\n<\/div>\n\n\n<div class=\"n2r__search  \" data-n2r-searchsession-url=\"https:\/\/immobiliariafalco.com\/wp-json\/n2r\/v1\/searchsession\" data-n2r-nosession=\"true\">\n    <div class=\"n2r__search__container n2r__tabs__content\">\n    <div class=\"n2r__tabs__content__item n2r__search__container__rental active\" >\n  <form name=\"n2r__search\" method=\"get\" action=\"https:\/\/immobiliariafalco.com\/alquiler-resultados-de-busqueda\/\" role=\"form\" autocomplete=\"off\">\n    <input type=\"hidden\" aria-hidden=\"true\" name=\"commercialization_type\" value=\"rental\">\n              <div class=\"n2r__search__field\">\n            <label for=\"n2r-search-rental-search_text-27681\">Refer\u00e8ncia<\/label>\n            <input type=\"text\" name=\"search_text\" id=\"n2r-search-rental-search_text-27681\" class=\"n2r__input\" value=\"\">\n          <\/div>\n                    <div class=\"n2r__search__field n2r__datepickercontainer\">\n            <label for=\"n2r-search-rental-dates-27681\">Selecciona les dates<\/label>\n            <input type=\"text\" name=\"dates\" id=\"n2r-search-rental-dates-27681\" class=\"n2r__input n2r-daterangepicker-component\" value=\"\" data-checkin=\"\" data-checkout=\"\" data-language=\"ca\" data-nights=\"1\" placeholder=\" \">\n            <a class=\"n2r__datepickercontainer__clear\"><i class=\"fa fa-times\"><\/i><\/a>\n            <input type=\"hidden\" aria-hidden=\"true\" name=\"checkin\" value=\"\">\n            <input type=\"hidden\" aria-hidden=\"true\" name=\"checkout\" value=\"\">\n          <\/div>\n                  <div class=\"n2r__search__field n2r__search__field--small\">\n            <label for=\"n2r-search-rental-adults-27681\">Adults<\/label>\n            <input class=\"n2r__input\" name=\"adults\" id=\"n2r-search-rental-adults-27681\" type=\"number\" min=\"1\" max=\"30\" value=\"1\">\n          <\/div>\n                  <div class=\"n2r__search__field n2r__search__field--small\">\n            <label for=\"n2r-search-rental-children-27681\">Nens<\/label>\n            <input class=\"n2r__input\" name=\"children\" id=\"n2r-search-rental-children-27681\" type=\"number\" min=\"0\" max=\"30\" value=\"0\">\n          <\/div>\n                    <div class=\"n2r__search__field\">\n              <label for=\"n2r-search-rental-city-27681\">Destinaci\u00f3<\/label>\n              <select name=\"city\" id=\"n2r-search-rental-city-27681\" class=\"n2r__select\">\n                <option value=\"\">Tots<\/option>\n                <option value=\"LLAN\u00c7A\" >LLAN\u00c7A<\/option><option value=\"LLAN\u00c7\u00c0\" >LLAN\u00c7\u00c0<\/option><option value=\"Llan\u00e7\u00e0\" >Llan\u00e7\u00e0<\/option><option value=\"Port de la Selva (El)\" >Port de la Selva (El)<\/option>              <\/select>\n              <span><\/span>\n            <\/div>\n                      <div class=\"n2r__search__field \">\n              <label for=\"n2r-search-rental-type-27681\">Tipus d&#039;edificaci\u00f3<\/label>\n              <select name=\"type\" id=\"n2r-search-rental-type-27681\" class=\"n2r__select\">\n                <option value=\"\">Tots<\/option>\n                <option value=\"apartment\" >Apartament<\/option><option value=\"isolated_house\" >Casa a\u00efllada \/ Villa<\/option>              <\/select>\n              <span><\/span>\n            <\/div>\n              <div class=\"n2r__search__field n2r__search__field--submit\">\n      <button type=\"submit\" class=\"n2r__search__submit n2r__btn\">Cercar<\/button>\n    <\/div>\n  <\/form>\n<\/div>  <\/div>\n<\/div>\n\n\n\n<div style=\"height:60px\" aria-hidden=\"true\" class=\"wp-block-spacer\"><\/div>\n<\/div><\/div>\n\n<div style=\"height:30px\" aria-hidden=\"true\" class=\"wp-block-spacer\"><\/div>\n\n<div class=\"wp-block-nk-awb nk-awb alignfull listado-alojamientos-n2r\"><div class=\"nk-awb-wrap-content is-layout-constrained wp-container-nk-awb-is-layout-3b795b3d wp-block-nk-awb-is-layout-constrained\"><h2>IMMOBILIARIA FALCO. Pol\u00edtica de \u00a0Privacitat<\/h2>\r\n<p>D'acord amb la normativa vigent en mat\u00e8ria de protecci\u00f3 de dades personals, Reglament (UE) 2016\/679 del Parlament Europeu i del Consell, de 27 d\u2019abril de 2016 (RGPD), i Llei Org\u00e0nica 3\/2018, de 5 \u00a0de desembre, de protecci\u00f3 de dades personals i garantia dels drets digitals, a \u00a0continuaci\u00f3 l\u2019 informem dels termes de la \u00a0nostra pol\u00edtica de privacitat.\u00a0<\/p>\r\n<h2>1.RESPONSABLE DEL TRACTAMENT<\/h2>\r\n<p><strong>Nom comercial : IMMOBILI\u00c0RIA FALC\u00d3<\/strong><br><strong>Denominaci\u00f3 social: Joaquim FALC\u00d3 CASTELL\u00d3\u00a0<\/strong><br><strong>NI: \u00a040.460.192H<\/strong><br><strong>Adre\u00e7a Postal : Pl. Major, 1 \u2013 17490 \u00a0Llan\u00e7\u00e0-Girona-Espanya<\/strong><br><strong>Tel\u00e8fon de contacte: 972.38.00.91<\/strong><br><strong>Correu electr\u00f2nic de contacte: \u00a0info@immobiliariafalco.com<\/strong><\/p>\r\n<h2>2.CATEGORIES DE DADES QUE TRACTEM I FINALITATS DE \u00a0TRACTAMENT<\/h2>\r\n<p>IMMOBILIARIA FALCO, nom\u00e9s li \u00a0sol\u00b7licitar\u00e0 les dades que siguin necess\u00e0ries \u00a0per realitzar la prestaci\u00f3 que ens \u00a0hagi sol\u00b7licitat, i que son les seg\u00fcents:\u00a0<br>- Consultes: nom i adre\u00e7a de correu electr\u00f2nic. En aquells casos en els que vost\u00e8 ja sigui client nostre, tractarem \u00fanicament les dades necess\u00e0ries per a la correcte execuci\u00f3 del contracte, com per exemple dades de domiciliaci\u00f3 banc\u00e0ria i adre\u00e7a postal. La finalitat del tractament es la de \u00a0gestionar les consultes \u00a0i\/o proporcionar \u00a0les informacions que l\u2019 usuari expressament \u00a0ens \u00a0hagi sol\u00b7licitat.\u00a0<br>- Lloc Web: adre\u00e7a IP, quan navega per la nostra web. La finalitat d\u2019aquest tractament \u00e9s la gesti\u00f3 administrativa.\u00a0<br>- Reserves Online: nom i cognoms, data de naixement, adre\u00e7a postal i electr\u00f2nica, domicili de resid\u00e8ncia, numero de tel\u00e8fon NIF, passaport i\/o perm\u00eds de conduir. La finalitat del tractament es la gesti\u00f3 administrativa de \u00a0la seva reserva, el que inclou \u00a0tamb\u00e9 \u00a0que ens posem en contacte amb vost\u00e8 \u00a0per informar-lo de l\u2019estat \u00a0i execuci\u00f3 de la seva sol\u00b7licitud.\u00a0<\/p>\r\n<h2>3.BASES LEGITIMADORES DEL TRACTAMENT DE LES DADES<\/h2>\r\n<p>IMMOBILI\u00c0RIA FALC\u00d3 \u00fanicament tractar\u00e0 les dades personals quan hagi obtingut \u00a0pr\u00e8viament el consentiment expr\u00e9s \u00a0del seu titular per a fer-ho , o b\u00e9, quan es tractin aquestes dades en el marc d\u2019un contracte de prestaci\u00f3 de serveis entre les parts, art. 6.1. a) i 6.1.b) del Reglament (UE) 2016\/679, RGPD.<\/p>\r\n<h2>4.TERMINI DE CONSERVACI\u00d3<\/h2>\r\n<p>Les seves dades personals nom\u00e9s es conservaran el temps indispensable per a la realitzaci\u00f3 de les finalitats per les que han estat sol\u00b7licitades, sempre que vost\u00e8 no hagi revocat amb anterioritat el seu consentiment, o la Llei estableixi un termini superior de conservaci\u00f3, com podria ser el cas de la normativa fiscal. \u00a0L'informem que quan el seu \u00fas no sigui necessari, per\u00f2 hi hagi obligaci\u00f3 legal de conservar-les, les seves dades seran oportunament bloquejades per a garantir-ne la seva \u00a0seguretat i confidencialitat.\u00a0<\/p>\r\n<h2>5.COMUNICACI\u00d3 DE LES DADES A TERCERS<\/h2>\r\n<p>IMMOBILIARIA FALCO no comunicar\u00e0 les seves dades personals a tercers, excepte en aquells casos \u00a0en els que sigui necessari de manera auxiliar, per a la realitzaci\u00f3 de la finalitat per la que van ser \u00a0obtingudes, o la Llei \u00a0ho estableixi expressament. En aquests casos s\u2019adoptaran les oportunes mesures de seguretat per a garantir la seva seguretat i confidencialitat.\u00a0<\/p>\r\n<h2>6.DRETS<\/h2>\r\n<p>Com a \u00a0interessat\/da pot sol\u00b7licitar l\u2019 exercici dels seus drets enviant un correu a info@immobiliariafalco.com \u00a0indicant en l\u2019 assumpte RGPD-DRETS.\u00a0<br>Drets:<br>- Dret d\u2019acc\u00e9s: \u00a0li permet \u00a0saber si estem tractant les seves dades i amb quina finalitat.\u00a0<br>- Dret de rectificaci\u00f3 o supressi\u00f3: permet corregir errors o modificar \u00a0aspectes que no son correctes.<br>- Dret de \u00a0cancel\u00b7laci\u00f3: permet que se suprimeixen les dades que son inadequades \u00a0i\/o excessives.\u00a0<br>- Dret d\u2019 oposici\u00f3: aquest dret li permet sol\u00b7licitar que deixem \u00a0de \u00a0tractar les seves dades.\u00a0<br>- Limitaci\u00f3 del tractament: l\u2019exercici d\u2019aquest dret \u00a0permet obtenir \u00a0la limitaci\u00f3 del \u00a0tractament de les dades \u00a0mentre s\u2019 ha impugnat la seva exactitud o b\u00e9 s\u2019ha oposat al seu tractament. \u00a0<br>- Portabilitat de les dades: permet sol\u00b7licitar l\u2019 entrega de les dades en format estructurat, d\u2019\u00fas com\u00fa, i \u00a0de lectura mec\u00e0nica amb la finalitat que puguin ser transmesos a \u00a0un altre responsable del tractament.\u00a0<br>- Dret a presentar una reclamaci\u00f3 davant l\u2019autoritat de control si considera que poden haver-se vist vulnerats els seus drets en relaci\u00f3 a la protecci\u00f3 de les seves dades.\u00a0<\/p>\r\n<h2>7.IDIOMA<\/h2>\r\n<p>L\u2019 \u00a0idioma aplicable a aquesta pol\u00edtica de \u00a0privacitat \u00e9s el catal\u00e0 i ser\u00e0 l\u2019 idioma que prevaldr\u00e0 si existeix disconformitat i\/o contradicci\u00f3 amb alguna \u00a0de les versions \u00a0en altres idiomes \u00a0que es poden \u00a0trobar en la nostra web.\u00a0<\/p>\r\n<h2>8.COOKIES<\/h2>\r\n<p>Utilitzem cookies durant la navegaci\u00f3 al nostre web amb el consentiment informat del nostre usuari. Pot llegir la nostra pol\u00edtica de cookies a https:\/\/ca.immobiliariafalco.com\/content\/40\/politicadecookies.html\u00a0<\/p>\r\n<h2>9. MESURES DE SEGURETAT IMPLEMENTADES\u00a0<\/h2>\r\n<p>IMMOBILIARIA FALC\u00d3, \u00a0com a responsable d\u2019aquest lloc web \u00a0i de conformitat amb la normativa vigent de protecci\u00f3 de dades i la Llei \u00a034\/2002, d\u2019 11 \u00a0de juliol de Serveis de la Societat de la Informaci\u00f3 i Comer\u00e7 Electr\u00f2nic (LSSICE) li informa que t\u00e9 implementades les mesures de seguretat necess\u00e0ries de car\u00e0cter t\u00e8cnic \u00a0i organitzatives, per a garantir \u00a0i protegir la confidencialitat, integritat i disponibilitat de les dades introdu\u00efdes, segons disposa l\u2019 article \u00a032 \u00a0del Reglament (UE) 2016\/679 \u00a0RGPD. \u00a0La documentaci\u00f3 estar\u00e0 disponible a petici\u00f3 de l\u2019 usuari o client emprant els canals habituals de contacte.<\/p>\r\n<h2>10.CANVIS EN \u00a0LA NOSTRA POLITICA DE \u00a0PRIVACITAT<\/h2>\r\n<p>IMMOBILIARIA FALC\u00d3 es reserva el dret a modificar la present Pol\u00edtica de Privacitat per tal d'adaptar-la a les novetats legislatives i recomanacions de l\u2019 autoritat de control \u00a0que fossin procedents. Aquestes modificacions seran oportunament informades en el lloc web.\u00a0<\/p>\r\n<h2>11.LEGISLACI\u00d3<\/h2>\r\n<p>La present Pol\u00edtica de Privacitat aix\u00ed com tamb\u00e9 les relacions que es \u00a0puguin produir com a conseq\u00fc\u00e8ncia de la interacci\u00f3 \u00a0de l\u2019 \u00a0usuari amb la \u00a0nostra web estan sotmeses \u00a0a la legislaci\u00f3 i jurisdicci\u00f3 espanyola, a la que se sotmeten expressament les parts, sent competents per a la resoluci\u00f3 de tots els conflictes que se\u2019n puguin derivar els \u00a0Jutjats i Tribunals de Figueres.\u00a0<\/p>\r\n<p>\u00daltima actualitzaci\u00f3 \u00a914\/04\/2025 JOAQUIM FALC\u00d3 CASTELL\u00d3 ( IMMOBILIARIA FALC\u00d3) . Tots els drets reservats.<\/p>\n<\/div><\/div>\n","protected":false},"excerpt":{"rendered":"","protected":false},"author":1,"featured_media":428,"parent":0,"menu_order":0,"comment_status":"closed","ping_status":"closed","template":"","meta":{"site-sidebar-layout":"default","site-content-layout":"","ast-site-content-layout":"","site-content-style":"default","site-sidebar-style":"default","ast-global-header-display":"","ast-banner-title-visibility":"","ast-main-header-display":"","ast-hfb-above-header-display":"","ast-hfb-below-header-display":"","ast-hfb-mobile-header-display":"","site-post-title":"","ast-breadcrumbs-content":"","ast-featured-img":"disabled","footer-sml-layout":"","ast-disable-related-posts":"","theme-transparent-header-meta":"","adv-header-id-meta":"","stick-header-meta":"","header-above-stick-meta":"","header-main-stick-meta":"","header-below-stick-meta":"","astra-migrate-meta-layouts":"default","ast-page-background-enabled":"default","ast-page-background-meta":{"desktop":{"background-color":"var(--ast-global-color-5)","background-image":"","background-repeat":"repeat","background-position":"center center","background-size":"auto","background-attachment":"scroll","background-type":"","background-media":"","overlay-type":"","overlay-color":"","overlay-opacity":"","overlay-gradient":""},"tablet":{"background-color":"","background-image":"","background-repeat":"repeat","background-position":"center center","background-size":"auto","background-attachment":"scroll","background-type":"","background-media":"","overlay-type":"","overlay-color":"","overlay-opacity":"","overlay-gradient":""},"mobile":{"background-color":"","background-image":"","background-repeat":"repeat","background-position":"center center","background-size":"auto","background-attachment":"scroll","background-type":"","background-media":"","overlay-type":"","overlay-color":"","overlay-opacity":"","overlay-gradient":""}},"ast-content-background-meta":{"desktop":{"background-color":"var(--ast-global-color-4)","background-image":"","background-repeat":"repeat","background-position":"center center","background-size":"auto","background-attachment":"scroll","background-type":"","background-media":"","overlay-type":"","overlay-color":"","overlay-opacity":"","overlay-gradient":""},"tablet":{"background-color":"var(--ast-global-color-4)","background-image":"","background-repeat":"repeat","background-position":"center center","background-size":"auto","background-attachment":"scroll","background-type":"","background-media":"","overlay-type":"","overlay-color":"","overlay-opacity":"","overlay-gradient":""},"mobile":{"background-color":"var(--ast-global-color-4)","background-image":"","background-repeat":"repeat","background-position":"center center","background-size":"auto","background-attachment":"scroll","background-type":"","background-media":"","overlay-type":"","overlay-color":"","overlay-opacity":"","overlay-gradient":""}},"footnotes":""},"class_list":["post-760","page","type-page","status-publish","has-post-thumbnail","hentry"],"yoast_head":"<!-- This site is optimized with the Yoast SEO plugin v27.4 - https:\/\/yoast.com\/product\/yoast-seo-wordpress\/ -->\n<title>Pol\u00edtica de privacitat - Immobili\u00e0ria Falc\u00f3 - Venta y alquiler de propiedades en LLan\u00e7\u00e0<\/title>\n<meta name=\"description\" content=\"A Immobili\u00e0ria Falc\u00f3 us oferim serveis immobiliaris de venda i lloguer de propietats a Llan\u00e7\u00e0 ia la Costa Brava.\" \/>\n<meta name=\"robots\" content=\"index, follow, max-snippet:-1, max-image-preview:large, max-video-preview:-1\" \/>\n<link rel=\"canonical\" href=\"https:\/\/immobiliariafalco.com\/ca\/politica-de-privacitat\/\" \/>\n<meta property=\"og:locale\" content=\"ca_ES\" \/>\n<meta property=\"og:type\" content=\"article\" \/>\n<meta property=\"og:title\" content=\"Pol\u00edtica de privacitat - Immobili\u00e0ria Falc\u00f3 - Venta y alquiler de propiedades en LLan\u00e7\u00e0\" \/>\n<meta property=\"og:description\" content=\"A Immobili\u00e0ria Falc\u00f3 us oferim serveis immobiliaris de venda i lloguer de propietats a Llan\u00e7\u00e0 ia la Costa Brava.\" \/>\n<meta property=\"og:url\" content=\"https:\/\/immobiliariafalco.com\/ca\/politica-de-privacitat\/\" \/>\n<meta property=\"og:site_name\" content=\"Immobili\u00e0ria Falc\u00f3 - Venta y alquiler de propiedades en LLan\u00e7\u00e0\" \/>\n<meta property=\"article:publisher\" content=\"https:\/\/www.facebook.com\/Immobiliria-FALC-112724184524155\" \/>\n<meta property=\"article:modified_time\" content=\"2025-05-06T11:55:33+00:00\" \/>\n<meta property=\"og:image\" content=\"https:\/\/www.immobiliariafalco.com\/wp-content\/uploads\/2025\/04\/rrss-falco.jpg\" \/>\n\t<meta property=\"og:image:width\" content=\"1280\" \/>\n\t<meta property=\"og:image:height\" content=\"720\" \/>\n\t<meta property=\"og:image:type\" content=\"image\/jpeg\" \/>\n<meta name=\"twitter:card\" content=\"summary_large_image\" \/>\n<script type=\"application\/ld+json\" class=\"yoast-schema-graph\">{\"@context\":\"https:\\\/\\\/schema.org\",\"@graph\":[{\"@type\":\"WebPage\",\"@id\":\"https:\\\/\\\/immobiliariafalco.com\\\/ca\\\/politica-de-privacitat\\\/\",\"url\":\"https:\\\/\\\/immobiliariafalco.com\\\/ca\\\/politica-de-privacitat\\\/\",\"name\":\"Pol\u00edtica de privacitat - Immobili\u00e0ria Falc\u00f3 - Venta y alquiler de propiedades en LLan\u00e7\u00e0\",\"isPartOf\":{\"@id\":\"https:\\\/\\\/immobiliariafalco.com\\\/ca\\\/#website\"},\"primaryImageOfPage\":{\"@id\":\"https:\\\/\\\/immobiliariafalco.com\\\/ca\\\/politica-de-privacitat\\\/#primaryimage\"},\"image\":{\"@id\":\"https:\\\/\\\/immobiliariafalco.com\\\/ca\\\/politica-de-privacitat\\\/#primaryimage\"},\"thumbnailUrl\":\"https:\\\/\\\/immobiliariafalco.com\\\/wp-content\\\/uploads\\\/2025\\\/04\\\/rrss-falco.jpg\",\"datePublished\":\"2025-04-07T14:25:17+00:00\",\"dateModified\":\"2025-05-06T11:55:33+00:00\",\"description\":\"A Immobili\u00e0ria Falc\u00f3 us oferim serveis immobiliaris de venda i lloguer de propietats a Llan\u00e7\u00e0 ia la Costa Brava.\",\"breadcrumb\":{\"@id\":\"https:\\\/\\\/immobiliariafalco.com\\\/ca\\\/politica-de-privacitat\\\/#breadcrumb\"},\"inLanguage\":\"ca\",\"potentialAction\":[{\"@type\":\"ReadAction\",\"target\":[\"https:\\\/\\\/immobiliariafalco.com\\\/ca\\\/politica-de-privacitat\\\/\"]}]},{\"@type\":\"BreadcrumbList\",\"@id\":\"https:\\\/\\\/immobiliariafalco.com\\\/ca\\\/politica-de-privacitat\\\/#breadcrumb\",\"itemListElement\":[{\"@type\":\"ListItem\",\"position\":1,\"name\":\"Inicio\",\"item\":\"https:\\\/\\\/immobiliariafalco.com\\\/ca\\\/\"},{\"@type\":\"ListItem\",\"position\":2,\"name\":\"Pol\u00edtica de privacitat\"}]},{\"@type\":\"WebSite\",\"@id\":\"https:\\\/\\\/immobiliariafalco.com\\\/ca\\\/#website\",\"url\":\"https:\\\/\\\/immobiliariafalco.com\\\/ca\\\/\",\"name\":\"Immobili\u00e0ria Falc\u00f3 - Venta y alquiler de propiedades en LLan\u00e7\u00e0\",\"description\":\"Servicios inmobiliarios y de alquiler vacacional en la Costa Brava\",\"publisher\":{\"@id\":\"https:\\\/\\\/immobiliariafalco.com\\\/ca\\\/#organization\"},\"alternateName\":\"Immobili\u00e0ria Falc\u00f3\",\"potentialAction\":[{\"@type\":\"SearchAction\",\"target\":{\"@type\":\"EntryPoint\",\"urlTemplate\":\"https:\\\/\\\/immobiliariafalco.com\\\/alquiler-resultados-de-busqueda\\\/?search_text={search_term_string}\"},\"query-input\":{\"@type\":\"PropertyValueSpecification\",\"valueRequired\":true,\"valueName\":\"search_term_string\"}}],\"inLanguage\":\"ca\"},{\"@type\":\"Organization\",\"@id\":\"https:\\\/\\\/immobiliariafalco.com\\\/ca\\\/#organization\",\"name\":\"Immobili\u00e0ria Falc\u00f3 - Venta y alquiler de propiedades en LLan\u00e7\u00e0\",\"url\":\"https:\\\/\\\/immobiliariafalco.com\\\/ca\\\/\",\"logo\":{\"@type\":\"ImageObject\",\"inLanguage\":\"ca\",\"@id\":\"https:\\\/\\\/immobiliariafalco.com\\\/ca\\\/#\\\/schema\\\/logo\\\/image\\\/\",\"url\":\"https:\\\/\\\/immobiliariafalco.com\\\/wp-content\\\/uploads\\\/2025\\\/04\\\/logo-1.png\",\"contentUrl\":\"https:\\\/\\\/immobiliariafalco.com\\\/wp-content\\\/uploads\\\/2025\\\/04\\\/logo-1.png\",\"width\":1500,\"height\":349,\"caption\":\"Immobili\u00e0ria Falc\u00f3 - Venta y alquiler de propiedades en LLan\u00e7\u00e0\"},\"image\":{\"@id\":\"https:\\\/\\\/immobiliariafalco.com\\\/ca\\\/#\\\/schema\\\/logo\\\/image\\\/\"},\"sameAs\":[\"https:\\\/\\\/www.facebook.com\\\/Immobiliria-FALC-112724184524155\",\"https:\\\/\\\/www.instagram.com\\\/immobiliariafalco\"]}]}<\/script>\n<!-- \/ Yoast SEO plugin. -->","yoast_head_json":{"title":"Pol\u00edtica de privacitat - Immobili\u00e0ria Falc\u00f3 - Venta y alquiler de propiedades en LLan\u00e7\u00e0","description":"A Immobili\u00e0ria Falc\u00f3 us oferim serveis immobiliaris de venda i lloguer de propietats a Llan\u00e7\u00e0 ia la Costa Brava.","robots":{"index":"index","follow":"follow","max-snippet":"max-snippet:-1","max-image-preview":"max-image-preview:large","max-video-preview":"max-video-preview:-1"},"canonical":"https:\/\/immobiliariafalco.com\/ca\/politica-de-privacitat\/","og_locale":"ca_ES","og_type":"article","og_title":"Pol\u00edtica de privacitat - Immobili\u00e0ria Falc\u00f3 - Venta y alquiler de propiedades en LLan\u00e7\u00e0","og_description":"A Immobili\u00e0ria Falc\u00f3 us oferim serveis immobiliaris de venda i lloguer de propietats a Llan\u00e7\u00e0 ia la Costa Brava.","og_url":"https:\/\/immobiliariafalco.com\/ca\/politica-de-privacitat\/","og_site_name":"Immobili\u00e0ria Falc\u00f3 - Venta y alquiler de propiedades en LLan\u00e7\u00e0","article_publisher":"https:\/\/www.facebook.com\/Immobiliria-FALC-112724184524155","article_modified_time":"2025-05-06T11:55:33+00:00","og_image":[{"width":1280,"height":720,"url":"https:\/\/www.immobiliariafalco.com\/wp-content\/uploads\/2025\/04\/rrss-falco.jpg","type":"image\/jpeg"}],"twitter_card":"summary_large_image","schema":{"@context":"https:\/\/schema.org","@graph":[{"@type":"WebPage","@id":"https:\/\/immobiliariafalco.com\/ca\/politica-de-privacitat\/","url":"https:\/\/immobiliariafalco.com\/ca\/politica-de-privacitat\/","name":"Pol\u00edtica de privacitat - Immobili\u00e0ria Falc\u00f3 - Venta y alquiler de propiedades en LLan\u00e7\u00e0","isPartOf":{"@id":"https:\/\/immobiliariafalco.com\/ca\/#website"},"primaryImageOfPage":{"@id":"https:\/\/immobiliariafalco.com\/ca\/politica-de-privacitat\/#primaryimage"},"image":{"@id":"https:\/\/immobiliariafalco.com\/ca\/politica-de-privacitat\/#primaryimage"},"thumbnailUrl":"https:\/\/immobiliariafalco.com\/wp-content\/uploads\/2025\/04\/rrss-falco.jpg","datePublished":"2025-04-07T14:25:17+00:00","dateModified":"2025-05-06T11:55:33+00:00","description":"A Immobili\u00e0ria Falc\u00f3 us oferim serveis immobiliaris de venda i lloguer de propietats a Llan\u00e7\u00e0 ia la Costa Brava.","breadcrumb":{"@id":"https:\/\/immobiliariafalco.com\/ca\/politica-de-privacitat\/#breadcrumb"},"inLanguage":"ca","potentialAction":[{"@type":"ReadAction","target":["https:\/\/immobiliariafalco.com\/ca\/politica-de-privacitat\/"]}]},{"@type":"BreadcrumbList","@id":"https:\/\/immobiliariafalco.com\/ca\/politica-de-privacitat\/#breadcrumb","itemListElement":[{"@type":"ListItem","position":1,"name":"Inicio","item":"https:\/\/immobiliariafalco.com\/ca\/"},{"@type":"ListItem","position":2,"name":"Pol\u00edtica de privacitat"}]},{"@type":"WebSite","@id":"https:\/\/immobiliariafalco.com\/ca\/#website","url":"https:\/\/immobiliariafalco.com\/ca\/","name":"Immobili\u00e0ria Falc\u00f3 - Venta y alquiler de propiedades en LLan\u00e7\u00e0","description":"Servicios inmobiliarios y de alquiler vacacional en la Costa Brava","publisher":{"@id":"https:\/\/immobiliariafalco.com\/ca\/#organization"},"alternateName":"Immobili\u00e0ria Falc\u00f3","potentialAction":[{"@type":"SearchAction","target":{"@type":"EntryPoint","urlTemplate":"https:\/\/immobiliariafalco.com\/alquiler-resultados-de-busqueda\/?search_text={search_term_string}"},"query-input":{"@type":"PropertyValueSpecification","valueRequired":true,"valueName":"search_term_string"}}],"inLanguage":"ca"},{"@type":"Organization","@id":"https:\/\/immobiliariafalco.com\/ca\/#organization","name":"Immobili\u00e0ria Falc\u00f3 - Venta y alquiler de propiedades en LLan\u00e7\u00e0","url":"https:\/\/immobiliariafalco.com\/ca\/","logo":{"@type":"ImageObject","inLanguage":"ca","@id":"https:\/\/immobiliariafalco.com\/ca\/#\/schema\/logo\/image\/","url":"https:\/\/immobiliariafalco.com\/wp-content\/uploads\/2025\/04\/logo-1.png","contentUrl":"https:\/\/immobiliariafalco.com\/wp-content\/uploads\/2025\/04\/logo-1.png","width":1500,"height":349,"caption":"Immobili\u00e0ria Falc\u00f3 - Venta y alquiler de propiedades en LLan\u00e7\u00e0"},"image":{"@id":"https:\/\/immobiliariafalco.com\/ca\/#\/schema\/logo\/image\/"},"sameAs":["https:\/\/www.facebook.com\/Immobiliria-FALC-112724184524155","https:\/\/www.instagram.com\/immobiliariafalco"]}]}},"_links":{"self":[{"href":"https:\/\/immobiliariafalco.com\/ca\/wp-json\/wp\/v2\/pages\/760","targetHints":{"allow":["GET"]}}],"collection":[{"href":"https:\/\/immobiliariafalco.com\/ca\/wp-json\/wp\/v2\/pages"}],"about":[{"href":"https:\/\/immobiliariafalco.com\/ca\/wp-json\/wp\/v2\/types\/page"}],"author":[{"embeddable":true,"href":"https:\/\/immobiliariafalco.com\/ca\/wp-json\/wp\/v2\/users\/1"}],"replies":[{"embeddable":true,"href":"https:\/\/immobiliariafalco.com\/ca\/wp-json\/wp\/v2\/comments?post=760"}],"version-history":[{"count":0,"href":"https:\/\/immobiliariafalco.com\/ca\/wp-json\/wp\/v2\/pages\/760\/revisions"}],"wp:featuredmedia":[{"embeddable":true,"href":"https:\/\/immobiliariafalco.com\/ca\/wp-json\/wp\/v2\/media\/428"}],"wp:attachment":[{"href":"https:\/\/immobiliariafalco.com\/ca\/wp-json\/wp\/v2\/media?parent=760"}],"curies":[{"name":"wp","href":"https:\/\/api.w.org\/{rel}","templated":true}]}}