{"id":737,"date":"2025-04-07T16:24:39","date_gmt":"2025-04-07T14:24:39","guid":{"rendered":"http:\/\/www.immobiliariafalco.com\/avis-legal-lssi-lopd\/"},"modified":"2025-05-06T13:55:02","modified_gmt":"2025-05-06T11:55:02","slug":"avis-legal-lssi-lopd","status":"publish","type":"page","link":"https:\/\/immobiliariafalco.com\/ca\/avis-legal-lssi-lopd\/","title":{"rendered":"Av\u00eds Legal &#8211; LSSI &#8211; LOPD"},"content":{"rendered":"\n<div class=\"wp-block-nk-awb nk-awb alignfull\"><div class=\"nk-awb-wrap\" data-awb-type=\"image\" data-awb-parallax=\"scroll\" data-awb-parallax-speed=\"0.5\" data-awb-parallax-mobile=\"false\" data-awb-image-background-size=\"cover\" data-awb-image-background-position=\"56% 21%\"><div class=\"nk-awb-overlay\" style=\"background: #0000002b;\"><\/div><div class=\"nk-awb-inner\"><img loading=\"lazy\" decoding=\"async\" src=\"http:\/\/www.immobiliariafalco.com\/wp-content\/uploads\/2025\/04\/home-falco.jpg\" class=\"wp-image-53 jarallax-img\" alt=\"Immobili\u00e0ria Falc\u00f3\" width=\"1920\" height=\"1080\" srcset=\"https:\/\/immobiliariafalco.com\/wp-content\/uploads\/2025\/04\/home-falco.jpg 1920w, https:\/\/immobiliariafalco.com\/wp-content\/uploads\/2025\/04\/home-falco-300x169.jpg 300w, https:\/\/immobiliariafalco.com\/wp-content\/uploads\/2025\/04\/home-falco-1024x576.jpg 1024w, https:\/\/immobiliariafalco.com\/wp-content\/uploads\/2025\/04\/home-falco-768x432.jpg 768w, https:\/\/immobiliariafalco.com\/wp-content\/uploads\/2025\/04\/home-falco-1536x864.jpg 1536w, https:\/\/immobiliariafalco.com\/wp-content\/uploads\/2025\/04\/home-falco-500x281.jpg 500w, https:\/\/immobiliariafalco.com\/wp-content\/uploads\/2025\/04\/home-falco-800x450.jpg 800w, https:\/\/immobiliariafalco.com\/wp-content\/uploads\/2025\/04\/home-falco-1280x720.jpg 1280w\" sizes=\"auto, (max-width: 1920px) 100vw, 1920px\" \/><\/div><\/div><div class=\"nk-awb-wrap-content is-layout-constrained wp-container-nk-awb-is-layout-00f579c5 wp-block-nk-awb-is-layout-constrained\">\n<div style=\"height:157px\" aria-hidden=\"true\" class=\"wp-block-spacer\"><\/div>\n\n\n\n<div class=\"wp-block-columns is-layout-flex wp-container-core-columns-is-layout-28f84493 wp-block-columns-is-layout-flex\">\n<div class=\"wp-block-column is-layout-flow wp-block-column-is-layout-flow\">\n<h1 class=\"wp-block-heading has-ast-global-color-4-color has-text-color has-link-color wp-elements-6bb2b2000020d5c2cc88ccecd04037b3\" style=\"font-size:37px\">Av\u00eds Legal &#8211; LSSI &#8211; LOPD<\/h1>\n<\/div>\n\n\n\n<div class=\"wp-block-column is-vertically-aligned-bottom is-layout-flow wp-block-column-is-layout-flow\"><div class=\"yoast-breadcrumbs\"><span><span><a href=\"https:\/\/immobiliariafalco.com\/ca\/\">Inicio<\/a><\/span> \u00bb <span class=\"breadcrumb_last\" aria-current=\"page\">Av\u00eds Legal &#8211; LSSI &#8211; LOPD<\/span><\/span><\/div><\/div>\n<\/div>\n\n\n<div class=\"n2r__search  \" data-n2r-searchsession-url=\"https:\/\/immobiliariafalco.com\/wp-json\/n2r\/v1\/searchsession\" data-n2r-nosession=\"true\">\n    <div class=\"n2r__search__container n2r__tabs__content\">\n    <div class=\"n2r__tabs__content__item n2r__search__container__rental active\" >\n  <form name=\"n2r__search\" method=\"get\" action=\"https:\/\/immobiliariafalco.com\/alquiler-resultados-de-busqueda\/\" role=\"form\" autocomplete=\"off\">\n    <input type=\"hidden\" aria-hidden=\"true\" name=\"commercialization_type\" value=\"rental\">\n              <div class=\"n2r__search__field\">\n            <label for=\"n2r-search-rental-search_text-21806\">Refer\u00e8ncia<\/label>\n            <input type=\"text\" name=\"search_text\" id=\"n2r-search-rental-search_text-21806\" class=\"n2r__input\" value=\"\">\n          <\/div>\n                    <div class=\"n2r__search__field n2r__datepickercontainer\">\n            <label for=\"n2r-search-rental-dates-21806\">Selecciona les dates<\/label>\n            <input type=\"text\" name=\"dates\" id=\"n2r-search-rental-dates-21806\" class=\"n2r__input n2r-daterangepicker-component\" value=\"\" data-checkin=\"\" data-checkout=\"\" data-language=\"ca\" data-nights=\"1\" placeholder=\" \">\n            <a class=\"n2r__datepickercontainer__clear\"><i class=\"fa fa-times\"><\/i><\/a>\n            <input type=\"hidden\" aria-hidden=\"true\" name=\"checkin\" value=\"\">\n            <input type=\"hidden\" aria-hidden=\"true\" name=\"checkout\" value=\"\">\n          <\/div>\n                  <div class=\"n2r__search__field n2r__search__field--small\">\n            <label for=\"n2r-search-rental-adults-21806\">Adults<\/label>\n            <input class=\"n2r__input\" name=\"adults\" id=\"n2r-search-rental-adults-21806\" type=\"number\" min=\"1\" max=\"30\" value=\"1\">\n          <\/div>\n                  <div class=\"n2r__search__field n2r__search__field--small\">\n            <label for=\"n2r-search-rental-children-21806\">Nens<\/label>\n            <input class=\"n2r__input\" name=\"children\" id=\"n2r-search-rental-children-21806\" type=\"number\" min=\"0\" max=\"30\" value=\"0\">\n          <\/div>\n                    <div class=\"n2r__search__field\">\n              <label for=\"n2r-search-rental-city-21806\">Destinaci\u00f3<\/label>\n              <select name=\"city\" id=\"n2r-search-rental-city-21806\" class=\"n2r__select\">\n                <option value=\"\">Tots<\/option>\n                <option value=\"LLAN\u00c7A\" >LLAN\u00c7A<\/option><option value=\"LLAN\u00c7\u00c0\" >LLAN\u00c7\u00c0<\/option><option value=\"Llan\u00e7\u00e0\" >Llan\u00e7\u00e0<\/option><option value=\"Port de la Selva (El)\" >Port de la Selva (El)<\/option>              <\/select>\n              <span><\/span>\n            <\/div>\n                      <div class=\"n2r__search__field \">\n              <label for=\"n2r-search-rental-type-21806\">Tipus d&#039;edificaci\u00f3<\/label>\n              <select name=\"type\" id=\"n2r-search-rental-type-21806\" class=\"n2r__select\">\n                <option value=\"\">Tots<\/option>\n                <option value=\"apartment\" >Apartament<\/option><option value=\"isolated_house\" >Casa a\u00efllada \/ Villa<\/option>              <\/select>\n              <span><\/span>\n            <\/div>\n              <div class=\"n2r__search__field n2r__search__field--submit\">\n      <button type=\"submit\" class=\"n2r__search__submit n2r__btn\">Cercar<\/button>\n    <\/div>\n  <\/form>\n<\/div>  <\/div>\n<\/div>\n\n\n\n<div style=\"height:60px\" aria-hidden=\"true\" class=\"wp-block-spacer\"><\/div>\n<\/div><\/div>\n\n<div style=\"height:30px\" aria-hidden=\"true\" class=\"wp-block-spacer\"><\/div>\n\n<div class=\"wp-block-nk-awb nk-awb alignfull listado-alojamientos-n2r\"><div class=\"nk-awb-wrap-content is-layout-constrained wp-container-nk-awb-is-layout-3b795b3d wp-block-nk-awb-is-layout-constrained\">\n<h2 class=\"wp-block-heading\">1. DADES IDENTIFICATIVES DEL TITULAR WEB<\/h2>\n<\/div><\/div>\n\n<p>D\u2019 acord amb el que disposa l\u2019article 10 de la Llei 34\/2002 d\u2019 11 de juliol de serveis de la informaci\u00f3 i comer\u00e7 electr\u00f2nic a continuaci\u00f3 li informem de les dades del titular de la web:<\/p>\n\n<p><strong>Joaquim Falc\u00f3 Castell\u00f3, nom comercial IMMOBILIARIA FALCO <br\/>NIF 40.460.192H<br\/>Adre\u00e7a de contacte: PL. Major, 1 17490 Llan\u00e7\u00e0 -GIRONA<br\/>Tel\u00e8fon de contacte : 972.38.00.91<br\/>Adre\u00e7a electr\u00f2nica de contacte: l <a href=\"mailto:info@immobiliariafalco.com\">info@immobiliariafalco.com<\/a> <\/strong><\/p>\n\n<h2 class=\"wp-block-heading\"><strong>2.CONDICIONS D\u2019ACC\u00c9S, UTILITZACI\u00d3, I , FUNCIONAMENT DE LA WEB<\/strong><\/h2>\n\n<p>L\u2019 acc\u00e9s a la nostra web <strong>https:\/\/immobiliariafalco.com\/<\/strong> la web \u00e9s lliure excepte quan la plana web tingui algun camp que requereixi la introducci\u00f3 de contrasenya. La finalitat de la nostra Web \u00e9s servir d\u2019aparador dels immobles en lloguer de que disposa la nostra ag\u00e8ncia i facilitar-ne la seva contractaci\u00f3. Com a usuari de la web s\u2019obliga a fer sempre un \u00fas correcte de la mateixa i dels seus continguts, respectant en tot moment la legalitat vigent i els drets propietat d\u2019 IMMOBILIARIA FALC\u00d3 que es reserva el dret d\u2019excloure l\u2019acc\u00e9s a la seva web d\u2019 aquells usuaris que actu\u00efn de manera contr\u00e0ria al previst.  <\/p>\n\n<p>IMMOBILIARIA FALC\u00d3 es reserva el dret a suspendre temporalment, i sense necessitat de preav\u00eds als usuaris, l\u2019acc\u00e9s a la web per dur a terme tasques de millora i\/o restauraci\u00f3, introduint-hi millores i actualitzacions de la Web o en la seva configuraci\u00f3 i presentaci\u00f3.<\/p>\n\n<h2 class=\"wp-block-heading\">3. LINKS o ENLLA\u00c7OS<\/h2>\n\n<p>Es possible que la nostra web disposi d\u2019enlla\u00e7os a altres llocs i\/o planes d\u2019Internet, com per exemple Facebook o Instagram. IMMOBILIARIA FALC\u00d3 no assumeix cap mena de responsabilitat i control sobre els mateixos ni sobre els seus contingut i\/o pol\u00edtiques de tractament de dades personals. Tampoc pot garantir la disponibilitat t\u00e8cnica de les webs d\u2019aquests tercers, ni de la seva qualitat i fiabilitat. La seva pres\u00e8ncia a la nostra web no significa que existeixi una relaci\u00f3 de col\u00b7laboraci\u00f3 o associaci\u00f3 de cap tipus entre IMMOBILIARIA FALC\u00d3 i aquests tercers.   <\/p>\n\n<p>IMMOBILIARIA FALC\u00d3 no es responsabilitza ni garanteix la qualitat, exactitud, fiabilitat, correcci\u00f3 o moralitat dels continguts o serveis que l\u2019establiment d\u2019 aquests enlla\u00e7os pugui oferir. L\u2019 usuari\/a assumeix sota la seva responsabilitat les conseq\u00fc\u00e8ncies, danys o accions que poguessin derivar-se de l\u2019 acc\u00e9s a la p\u00e0gina web de l\u2019 enlla\u00e7. <\/p>\n\n<h2 class=\"wp-block-heading\">4. PROPIETAT INTEL\u00b7LECTUAL , INDUSTRIAL I <em>FRAMES<\/em><\/h2>\n\n<p>Els continguts de la nostra web son propietat d\u2019 IMMOBILIARIA FALC\u00d3 o b\u00e9 li han estat cedits pel seu leg\u00edtim titular per a fer-ne \u00fas. A t\u00edtol enunciatiu i no exhaustiu, es consideren contingut de la web les bases de dades, textos, marques, noms comercials, \u00e0udios, logotips, signes distintius, animacions, imatges, v\u00eddeos, dissenys, estructura de la plana web, etc. L\u2019\u00fas de la web pels usuaris no els atorga cap dret d\u2019explotaci\u00f3 de cap mena de classe, ni la seva titularitat, sobre els continguts de la mateixa, aix\u00ed com tampoc cap dret de propietat industrial i\/o intel\u00b7lectual.  <\/p>\n\n<p>IMMOBILIARIA FALCO prohibeix expressament la realitzaci\u00f3 de \u201cframings\u201d o la utilitzaci\u00f3 per part de tercers de qualsevol mecanisme que alteri el disseny, configuraci\u00f3 original o contingut de la nostra Web.<\/p>\n\n<p>Queda totalment prohibida la transformaci\u00f3, reproducci\u00f3, explotaci\u00f3, distribuci\u00f3, comunicaci\u00f3 p\u00fablica i\/o cessi\u00f3, ja sigui a t\u00edtol oner\u00f3s o gratu\u00eft de qualsevol dels continguts de la web. IMMOBILIARIA FALC\u00d3 fa expressa reserva davant dels usuaris i tercers de l\u2019exercici de quantes accions emparin els seus leg\u00edtims drets de propietat intel\u00b7lectual i\/o industrial. <\/p>\n\n<h2 class=\"wp-block-heading\">5. RESPONSABILITAT<\/h2>\n\n<p>IMMOBILIARIA FALCO no pot garantir la inexist\u00e8ncia d\u2019errors en l\u2019 acc\u00e9s a la Web, en el seu contingut, o b\u00e9 , que aquesta es trobi actualitzada; tot i que intentar\u00e0 en la mesura del possible evitar-los i\/o actualitzar-los.<\/p>\n\n<p>Tant l\u2019 acc\u00e9s a la nostra Web com l\u2019 \u00fas que se\u2019n pugui fer de la informaci\u00f3 que cont\u00e9 \u00e9s d\u2019exclusiva responsabilitat de l\u2019 usuari\/a que el duu a terme.<\/p>\n\n<p>Immobiliaria falco no es fa responsable dels possibles errors de seguretat que es puguin produir ni dels possibles danys que es puguin ocasionar als sistemes inform\u00e0tics de l\u2019 usuari\/a ( hardware i software), fitxers o documents emmagatzemats en els mateixos, com a conseq\u00fc\u00e8ncia de la pres\u00e8ncia de virus en el dispositiu de connexi\u00f3 utilitzat per aquest per accedir a la nostra Web, d\u2019un mal funcionament del navegador o de la utilitzaci\u00f3 de versions no actualitzades del mateix.<\/p>\n\n<h2 class=\"wp-block-heading\">6. PROTECCI\u00d3 DE DADES PERSONALS I POLITICA DE COOKIES<\/h2>\n\n<p>Pot accedir a la nostra pol\u00edtica de Privacitat clicant <a href=\"http:\/\/www.immobiliariafalco.com\/ca\/politica-de-privacitat\/\">Pol\u00edtica de Privacitad<\/a><\/p>\n\n<p>Pot accedir a la nostra Pol\u00edtica de Cookies clicant <a href=\"http:\/\/www.immobiliariafalco.com\/ca\/politica-de-cookies-ue\/\">Pol\u00edtica de Cookies (UE)<\/a><\/p>\n\n<h2 class=\"wp-block-heading\">7. IDIOMA<\/h2>\n\n<p>L\u2019 idioma aplicable a aquesta pol\u00edtica de privacitat \u00e9s el <strong>catal\u00e0 <\/strong>i ser\u00e0 l\u2019 idioma que prevaldr\u00e0 si existeix disconformitat i\/o contradicci\u00f3 amb alguna de les versions en altres idiomes que es poden trobar en la nostra web.<\/p>\n\n<h2 class=\"wp-block-heading\">8. LEGISLACI\u00d3 I JURISDICCI\u00d3 APLICABLE<\/h2>\n\n<p>Els possibles conflictes relatius a aquesta web es regiran exclusivament pel dret de l&#8217;Estat Espanyol i de la Comunitat Aut\u00f2noma de Catalunya, essent els jutjats de FIGUERES els \u00fanics competents per al seu coneixament. Tota persona usu\u00e0ria de la web, independentment de la jurisdicci\u00f3 territorial des de la qual es produeixi el seu acc\u00e9s, accepta el compliment i respecte d&#8217;aquesta cl\u00e0usula amb ren\u00fancia expressa a qualsevol altre fur que li pogu\u00e9s correspondre. <\/p>\n\n<p>Copyright 2025 -JOAQUIM FALCO CASTELL\u00d3 \u2013 IMMOBILIARIA FALCO.<\/p>\n","protected":false},"excerpt":{"rendered":"<p>D\u2019 acord amb el que disposa l\u2019article 10 de la Llei 34\/2002 d\u2019 11 de juliol de serveis de la [&hellip;]<\/p>\n","protected":false},"author":1,"featured_media":428,"parent":0,"menu_order":0,"comment_status":"closed","ping_status":"closed","template":"","meta":{"site-sidebar-layout":"default","site-content-layout":"","ast-site-content-layout":"","site-content-style":"default","site-sidebar-style":"default","ast-global-header-display":"","ast-banner-title-visibility":"","ast-main-header-display":"","ast-hfb-above-header-display":"","ast-hfb-below-header-display":"","ast-hfb-mobile-header-display":"","site-post-title":"","ast-breadcrumbs-content":"","ast-featured-img":"disabled","footer-sml-layout":"","ast-disable-related-posts":"","theme-transparent-header-meta":"","adv-header-id-meta":"","stick-header-meta":"","header-above-stick-meta":"","header-main-stick-meta":"","header-below-stick-meta":"","astra-migrate-meta-layouts":"default","ast-page-background-enabled":"default","ast-page-background-meta":{"desktop":{"background-color":"var(--ast-global-color-5)","background-image":"","background-repeat":"repeat","background-position":"center center","background-size":"auto","background-attachment":"scroll","background-type":"","background-media":"","overlay-type":"","overlay-color":"","overlay-opacity":"","overlay-gradient":""},"tablet":{"background-color":"","background-image":"","background-repeat":"repeat","background-position":"center center","background-size":"auto","background-attachment":"scroll","background-type":"","background-media":"","overlay-type":"","overlay-color":"","overlay-opacity":"","overlay-gradient":""},"mobile":{"background-color":"","background-image":"","background-repeat":"repeat","background-position":"center center","background-size":"auto","background-attachment":"scroll","background-type":"","background-media":"","overlay-type":"","overlay-color":"","overlay-opacity":"","overlay-gradient":""}},"ast-content-background-meta":{"desktop":{"background-color":"var(--ast-global-color-4)","background-image":"","background-repeat":"repeat","background-position":"center center","background-size":"auto","background-attachment":"scroll","background-type":"","background-media":"","overlay-type":"","overlay-color":"","overlay-opacity":"","overlay-gradient":""},"tablet":{"background-color":"var(--ast-global-color-4)","background-image":"","background-repeat":"repeat","background-position":"center center","background-size":"auto","background-attachment":"scroll","background-type":"","background-media":"","overlay-type":"","overlay-color":"","overlay-opacity":"","overlay-gradient":""},"mobile":{"background-color":"var(--ast-global-color-4)","background-image":"","background-repeat":"repeat","background-position":"center center","background-size":"auto","background-attachment":"scroll","background-type":"","background-media":"","overlay-type":"","overlay-color":"","overlay-opacity":"","overlay-gradient":""}},"footnotes":""},"class_list":["post-737","page","type-page","status-publish","has-post-thumbnail","hentry"],"yoast_head":"<!-- This site is optimized with the Yoast SEO plugin v27.4 - https:\/\/yoast.com\/product\/yoast-seo-wordpress\/ -->\n<title>Av\u00eds Legal - LSSI - LOPD - Immobili\u00e0ria Falc\u00f3 - Venta y alquiler de propiedades en LLan\u00e7\u00e0<\/title>\n<meta name=\"description\" content=\"A Immobili\u00e0ria Falc\u00f3 us oferim serveis immobiliaris de venda i lloguer de propietats a Llan\u00e7\u00e0 ia la Costa Brava.\" \/>\n<meta name=\"robots\" content=\"index, follow, max-snippet:-1, max-image-preview:large, max-video-preview:-1\" \/>\n<link rel=\"canonical\" href=\"https:\/\/immobiliariafalco.com\/ca\/avis-legal-lssi-lopd\/\" \/>\n<meta property=\"og:locale\" content=\"ca_ES\" \/>\n<meta property=\"og:type\" content=\"article\" \/>\n<meta property=\"og:title\" content=\"Av\u00eds Legal - LSSI - LOPD - Immobili\u00e0ria Falc\u00f3 - Venta y alquiler de propiedades en LLan\u00e7\u00e0\" \/>\n<meta property=\"og:description\" content=\"A Immobili\u00e0ria Falc\u00f3 us oferim serveis immobiliaris de venda i lloguer de propietats a Llan\u00e7\u00e0 ia la Costa Brava.\" \/>\n<meta property=\"og:url\" content=\"https:\/\/immobiliariafalco.com\/ca\/avis-legal-lssi-lopd\/\" \/>\n<meta property=\"og:site_name\" content=\"Immobili\u00e0ria Falc\u00f3 - Venta y alquiler de propiedades en LLan\u00e7\u00e0\" \/>\n<meta property=\"article:publisher\" content=\"https:\/\/www.facebook.com\/Immobiliria-FALC-112724184524155\" \/>\n<meta property=\"article:modified_time\" content=\"2025-05-06T11:55:02+00:00\" \/>\n<meta property=\"og:image\" content=\"https:\/\/www.immobiliariafalco.com\/wp-content\/uploads\/2025\/04\/rrss-falco.jpg\" \/>\n\t<meta property=\"og:image:width\" content=\"1280\" \/>\n\t<meta property=\"og:image:height\" content=\"720\" \/>\n\t<meta property=\"og:image:type\" content=\"image\/jpeg\" \/>\n<meta name=\"twitter:card\" content=\"summary_large_image\" \/>\n<meta name=\"twitter:label1\" content=\"Temps estimat de lectura\" \/>\n\t<meta name=\"twitter:data1\" content=\"5 minuts\" \/>\n<script type=\"application\/ld+json\" class=\"yoast-schema-graph\">{\"@context\":\"https:\\\/\\\/schema.org\",\"@graph\":[{\"@type\":\"WebPage\",\"@id\":\"https:\\\/\\\/immobiliariafalco.com\\\/ca\\\/avis-legal-lssi-lopd\\\/\",\"url\":\"https:\\\/\\\/immobiliariafalco.com\\\/ca\\\/avis-legal-lssi-lopd\\\/\",\"name\":\"Av\u00eds Legal - LSSI - LOPD - Immobili\u00e0ria Falc\u00f3 - Venta y alquiler de propiedades en LLan\u00e7\u00e0\",\"isPartOf\":{\"@id\":\"https:\\\/\\\/immobiliariafalco.com\\\/ca\\\/#website\"},\"primaryImageOfPage\":{\"@id\":\"https:\\\/\\\/immobiliariafalco.com\\\/ca\\\/avis-legal-lssi-lopd\\\/#primaryimage\"},\"image\":{\"@id\":\"https:\\\/\\\/immobiliariafalco.com\\\/ca\\\/avis-legal-lssi-lopd\\\/#primaryimage\"},\"thumbnailUrl\":\"https:\\\/\\\/immobiliariafalco.com\\\/wp-content\\\/uploads\\\/2025\\\/04\\\/rrss-falco.jpg\",\"datePublished\":\"2025-04-07T14:24:39+00:00\",\"dateModified\":\"2025-05-06T11:55:02+00:00\",\"description\":\"A Immobili\u00e0ria Falc\u00f3 us oferim serveis immobiliaris de venda i lloguer de propietats a Llan\u00e7\u00e0 ia la Costa Brava.\",\"breadcrumb\":{\"@id\":\"https:\\\/\\\/immobiliariafalco.com\\\/ca\\\/avis-legal-lssi-lopd\\\/#breadcrumb\"},\"inLanguage\":\"ca\",\"potentialAction\":[{\"@type\":\"ReadAction\",\"target\":[\"https:\\\/\\\/immobiliariafalco.com\\\/ca\\\/avis-legal-lssi-lopd\\\/\"]}]},{\"@type\":\"BreadcrumbList\",\"@id\":\"https:\\\/\\\/immobiliariafalco.com\\\/ca\\\/avis-legal-lssi-lopd\\\/#breadcrumb\",\"itemListElement\":[{\"@type\":\"ListItem\",\"position\":1,\"name\":\"Inicio\",\"item\":\"https:\\\/\\\/immobiliariafalco.com\\\/ca\\\/\"},{\"@type\":\"ListItem\",\"position\":2,\"name\":\"Av\u00eds Legal &#8211; LSSI &#8211; LOPD\"}]},{\"@type\":\"WebSite\",\"@id\":\"https:\\\/\\\/immobiliariafalco.com\\\/ca\\\/#website\",\"url\":\"https:\\\/\\\/immobiliariafalco.com\\\/ca\\\/\",\"name\":\"Immobili\u00e0ria Falc\u00f3 - Venta y alquiler de propiedades en LLan\u00e7\u00e0\",\"description\":\"Servicios inmobiliarios y de alquiler vacacional en la Costa Brava\",\"publisher\":{\"@id\":\"https:\\\/\\\/immobiliariafalco.com\\\/ca\\\/#organization\"},\"alternateName\":\"Immobili\u00e0ria Falc\u00f3\",\"potentialAction\":[{\"@type\":\"SearchAction\",\"target\":{\"@type\":\"EntryPoint\",\"urlTemplate\":\"https:\\\/\\\/immobiliariafalco.com\\\/alquiler-resultados-de-busqueda\\\/?search_text={search_term_string}\"},\"query-input\":{\"@type\":\"PropertyValueSpecification\",\"valueRequired\":true,\"valueName\":\"search_term_string\"}}],\"inLanguage\":\"ca\"},{\"@type\":\"Organization\",\"@id\":\"https:\\\/\\\/immobiliariafalco.com\\\/ca\\\/#organization\",\"name\":\"Immobili\u00e0ria Falc\u00f3 - Venta y alquiler de propiedades en LLan\u00e7\u00e0\",\"url\":\"https:\\\/\\\/immobiliariafalco.com\\\/ca\\\/\",\"logo\":{\"@type\":\"ImageObject\",\"inLanguage\":\"ca\",\"@id\":\"https:\\\/\\\/immobiliariafalco.com\\\/ca\\\/#\\\/schema\\\/logo\\\/image\\\/\",\"url\":\"https:\\\/\\\/immobiliariafalco.com\\\/wp-content\\\/uploads\\\/2025\\\/04\\\/logo-1.png\",\"contentUrl\":\"https:\\\/\\\/immobiliariafalco.com\\\/wp-content\\\/uploads\\\/2025\\\/04\\\/logo-1.png\",\"width\":1500,\"height\":349,\"caption\":\"Immobili\u00e0ria Falc\u00f3 - Venta y alquiler de propiedades en LLan\u00e7\u00e0\"},\"image\":{\"@id\":\"https:\\\/\\\/immobiliariafalco.com\\\/ca\\\/#\\\/schema\\\/logo\\\/image\\\/\"},\"sameAs\":[\"https:\\\/\\\/www.facebook.com\\\/Immobiliria-FALC-112724184524155\",\"https:\\\/\\\/www.instagram.com\\\/immobiliariafalco\"]}]}<\/script>\n<!-- \/ Yoast SEO plugin. -->","yoast_head_json":{"title":"Av\u00eds Legal - LSSI - LOPD - Immobili\u00e0ria Falc\u00f3 - Venta y alquiler de propiedades en LLan\u00e7\u00e0","description":"A Immobili\u00e0ria Falc\u00f3 us oferim serveis immobiliaris de venda i lloguer de propietats a Llan\u00e7\u00e0 ia la Costa Brava.","robots":{"index":"index","follow":"follow","max-snippet":"max-snippet:-1","max-image-preview":"max-image-preview:large","max-video-preview":"max-video-preview:-1"},"canonical":"https:\/\/immobiliariafalco.com\/ca\/avis-legal-lssi-lopd\/","og_locale":"ca_ES","og_type":"article","og_title":"Av\u00eds Legal - LSSI - LOPD - Immobili\u00e0ria Falc\u00f3 - Venta y alquiler de propiedades en LLan\u00e7\u00e0","og_description":"A Immobili\u00e0ria Falc\u00f3 us oferim serveis immobiliaris de venda i lloguer de propietats a Llan\u00e7\u00e0 ia la Costa Brava.","og_url":"https:\/\/immobiliariafalco.com\/ca\/avis-legal-lssi-lopd\/","og_site_name":"Immobili\u00e0ria Falc\u00f3 - Venta y alquiler de propiedades en LLan\u00e7\u00e0","article_publisher":"https:\/\/www.facebook.com\/Immobiliria-FALC-112724184524155","article_modified_time":"2025-05-06T11:55:02+00:00","og_image":[{"width":1280,"height":720,"url":"https:\/\/www.immobiliariafalco.com\/wp-content\/uploads\/2025\/04\/rrss-falco.jpg","type":"image\/jpeg"}],"twitter_card":"summary_large_image","twitter_misc":{"Temps estimat de lectura":"5 minuts"},"schema":{"@context":"https:\/\/schema.org","@graph":[{"@type":"WebPage","@id":"https:\/\/immobiliariafalco.com\/ca\/avis-legal-lssi-lopd\/","url":"https:\/\/immobiliariafalco.com\/ca\/avis-legal-lssi-lopd\/","name":"Av\u00eds Legal - LSSI - LOPD - Immobili\u00e0ria Falc\u00f3 - Venta y alquiler de propiedades en LLan\u00e7\u00e0","isPartOf":{"@id":"https:\/\/immobiliariafalco.com\/ca\/#website"},"primaryImageOfPage":{"@id":"https:\/\/immobiliariafalco.com\/ca\/avis-legal-lssi-lopd\/#primaryimage"},"image":{"@id":"https:\/\/immobiliariafalco.com\/ca\/avis-legal-lssi-lopd\/#primaryimage"},"thumbnailUrl":"https:\/\/immobiliariafalco.com\/wp-content\/uploads\/2025\/04\/rrss-falco.jpg","datePublished":"2025-04-07T14:24:39+00:00","dateModified":"2025-05-06T11:55:02+00:00","description":"A Immobili\u00e0ria Falc\u00f3 us oferim serveis immobiliaris de venda i lloguer de propietats a Llan\u00e7\u00e0 ia la Costa Brava.","breadcrumb":{"@id":"https:\/\/immobiliariafalco.com\/ca\/avis-legal-lssi-lopd\/#breadcrumb"},"inLanguage":"ca","potentialAction":[{"@type":"ReadAction","target":["https:\/\/immobiliariafalco.com\/ca\/avis-legal-lssi-lopd\/"]}]},{"@type":"BreadcrumbList","@id":"https:\/\/immobiliariafalco.com\/ca\/avis-legal-lssi-lopd\/#breadcrumb","itemListElement":[{"@type":"ListItem","position":1,"name":"Inicio","item":"https:\/\/immobiliariafalco.com\/ca\/"},{"@type":"ListItem","position":2,"name":"Av\u00eds Legal &#8211; LSSI &#8211; LOPD"}]},{"@type":"WebSite","@id":"https:\/\/immobiliariafalco.com\/ca\/#website","url":"https:\/\/immobiliariafalco.com\/ca\/","name":"Immobili\u00e0ria Falc\u00f3 - Venta y alquiler de propiedades en LLan\u00e7\u00e0","description":"Servicios inmobiliarios y de alquiler vacacional en la Costa Brava","publisher":{"@id":"https:\/\/immobiliariafalco.com\/ca\/#organization"},"alternateName":"Immobili\u00e0ria Falc\u00f3","potentialAction":[{"@type":"SearchAction","target":{"@type":"EntryPoint","urlTemplate":"https:\/\/immobiliariafalco.com\/alquiler-resultados-de-busqueda\/?search_text={search_term_string}"},"query-input":{"@type":"PropertyValueSpecification","valueRequired":true,"valueName":"search_term_string"}}],"inLanguage":"ca"},{"@type":"Organization","@id":"https:\/\/immobiliariafalco.com\/ca\/#organization","name":"Immobili\u00e0ria Falc\u00f3 - Venta y alquiler de propiedades en LLan\u00e7\u00e0","url":"https:\/\/immobiliariafalco.com\/ca\/","logo":{"@type":"ImageObject","inLanguage":"ca","@id":"https:\/\/immobiliariafalco.com\/ca\/#\/schema\/logo\/image\/","url":"https:\/\/immobiliariafalco.com\/wp-content\/uploads\/2025\/04\/logo-1.png","contentUrl":"https:\/\/immobiliariafalco.com\/wp-content\/uploads\/2025\/04\/logo-1.png","width":1500,"height":349,"caption":"Immobili\u00e0ria Falc\u00f3 - Venta y alquiler de propiedades en LLan\u00e7\u00e0"},"image":{"@id":"https:\/\/immobiliariafalco.com\/ca\/#\/schema\/logo\/image\/"},"sameAs":["https:\/\/www.facebook.com\/Immobiliria-FALC-112724184524155","https:\/\/www.instagram.com\/immobiliariafalco"]}]}},"_links":{"self":[{"href":"https:\/\/immobiliariafalco.com\/ca\/wp-json\/wp\/v2\/pages\/737","targetHints":{"allow":["GET"]}}],"collection":[{"href":"https:\/\/immobiliariafalco.com\/ca\/wp-json\/wp\/v2\/pages"}],"about":[{"href":"https:\/\/immobiliariafalco.com\/ca\/wp-json\/wp\/v2\/types\/page"}],"author":[{"embeddable":true,"href":"https:\/\/immobiliariafalco.com\/ca\/wp-json\/wp\/v2\/users\/1"}],"replies":[{"embeddable":true,"href":"https:\/\/immobiliariafalco.com\/ca\/wp-json\/wp\/v2\/comments?post=737"}],"version-history":[{"count":0,"href":"https:\/\/immobiliariafalco.com\/ca\/wp-json\/wp\/v2\/pages\/737\/revisions"}],"wp:featuredmedia":[{"embeddable":true,"href":"https:\/\/immobiliariafalco.com\/ca\/wp-json\/wp\/v2\/media\/428"}],"wp:attachment":[{"href":"https:\/\/immobiliariafalco.com\/ca\/wp-json\/wp\/v2\/media?parent=737"}],"curies":[{"name":"wp","href":"https:\/\/api.w.org\/{rel}","templated":true}]}}