{"id":725,"date":"2025-04-07T15:53:51","date_gmt":"2025-04-07T13:53:51","guid":{"rendered":"http:\/\/www.immobiliariafalco.com\/lloguer\/apartaments-de-lloguer\/"},"modified":"2025-05-06T13:45:26","modified_gmt":"2025-05-06T11:45:26","slug":"apartaments-de-lloguer","status":"publish","type":"page","link":"https:\/\/immobiliariafalco.com\/ca\/lloguer\/apartaments-de-lloguer\/","title":{"rendered":"Apartaments de lloguer"},"content":{"rendered":"\n<div class=\"wp-block-nk-awb nk-awb alignfull\"><div class=\"nk-awb-wrap\" data-awb-type=\"image\" data-awb-parallax=\"scroll\" data-awb-parallax-speed=\"0.5\" data-awb-parallax-mobile=\"false\" data-awb-image-background-size=\"cover\" data-awb-image-background-position=\"56% 21%\"><div class=\"nk-awb-overlay\" style=\"background: #0000002b;\"><\/div><div class=\"nk-awb-inner\"><img loading=\"lazy\" decoding=\"async\" src=\"http:\/\/www.immobiliariafalco.com\/wp-content\/uploads\/2025\/04\/home-falco.jpg\" class=\"wp-image-53 jarallax-img\" alt=\"Immobili\u00e0ria Falc\u00f3\" width=\"1920\" height=\"1080\" srcset=\"https:\/\/immobiliariafalco.com\/wp-content\/uploads\/2025\/04\/home-falco.jpg 1920w, https:\/\/immobiliariafalco.com\/wp-content\/uploads\/2025\/04\/home-falco-300x169.jpg 300w, https:\/\/immobiliariafalco.com\/wp-content\/uploads\/2025\/04\/home-falco-1024x576.jpg 1024w, https:\/\/immobiliariafalco.com\/wp-content\/uploads\/2025\/04\/home-falco-768x432.jpg 768w, https:\/\/immobiliariafalco.com\/wp-content\/uploads\/2025\/04\/home-falco-1536x864.jpg 1536w, https:\/\/immobiliariafalco.com\/wp-content\/uploads\/2025\/04\/home-falco-500x281.jpg 500w, https:\/\/immobiliariafalco.com\/wp-content\/uploads\/2025\/04\/home-falco-800x450.jpg 800w, https:\/\/immobiliariafalco.com\/wp-content\/uploads\/2025\/04\/home-falco-1280x720.jpg 1280w\" sizes=\"auto, (max-width: 1920px) 100vw, 1920px\" \/><\/div><\/div><div class=\"nk-awb-wrap-content is-layout-constrained wp-container-nk-awb-is-layout-00f579c5 wp-block-nk-awb-is-layout-constrained\">\n<div style=\"height:157px\" aria-hidden=\"true\" class=\"wp-block-spacer\"><\/div>\n\n\n\n<div class=\"wp-block-columns is-layout-flex wp-container-core-columns-is-layout-28f84493 wp-block-columns-is-layout-flex\">\n<div class=\"wp-block-column is-layout-flow wp-block-column-is-layout-flow\">\n<h1 class=\"wp-block-heading has-ast-global-color-4-color has-text-color has-link-color wp-elements-e8d2e2e79a8b55a7276251db6ab6e820\" style=\"font-size:37px\">Apartaments de lloguer<\/h1>\n<\/div>\n\n\n\n<div class=\"wp-block-column is-vertically-aligned-bottom is-layout-flow wp-block-column-is-layout-flow\"><div class=\"yoast-breadcrumbs\"><span><span><a href=\"https:\/\/immobiliariafalco.com\/ca\/\">Inicio<\/a><\/span> \u00bb <span><a href=\"https:\/\/immobiliariafalco.com\/ca\/alquiler\/\">Lloguer<\/a><\/span> \u00bb <span class=\"breadcrumb_last\" aria-current=\"page\">Apartaments de lloguer<\/span><\/span><\/div><\/div>\n<\/div>\n\n\n<div class=\"n2r__search  \" data-n2r-searchsession-url=\"https:\/\/immobiliariafalco.com\/wp-json\/n2r\/v1\/searchsession\" data-n2r-nosession=\"true\">\n    <div class=\"n2r__search__container n2r__tabs__content\">\n    <div class=\"n2r__tabs__content__item n2r__search__container__rental active\" >\n  <form name=\"n2r__search\" method=\"get\" action=\"https:\/\/immobiliariafalco.com\/alquiler-resultados-de-busqueda\/\" role=\"form\" autocomplete=\"off\">\n    <input type=\"hidden\" aria-hidden=\"true\" name=\"commercialization_type\" value=\"rental\">\n              <div class=\"n2r__search__field\">\n            <label for=\"n2r-search-rental-search_text-91239\">Refer\u00e8ncia<\/label>\n            <input type=\"text\" name=\"search_text\" id=\"n2r-search-rental-search_text-91239\" class=\"n2r__input\" value=\"\">\n          <\/div>\n                    <div class=\"n2r__search__field n2r__datepickercontainer\">\n            <label for=\"n2r-search-rental-dates-91239\">Selecciona les dates<\/label>\n            <input type=\"text\" name=\"dates\" id=\"n2r-search-rental-dates-91239\" class=\"n2r__input n2r-daterangepicker-component\" value=\"\" data-checkin=\"\" data-checkout=\"\" data-language=\"ca\" data-nights=\"1\" placeholder=\" \">\n            <a class=\"n2r__datepickercontainer__clear\"><i class=\"fa fa-times\"><\/i><\/a>\n            <input type=\"hidden\" aria-hidden=\"true\" name=\"checkin\" value=\"\">\n            <input type=\"hidden\" aria-hidden=\"true\" name=\"checkout\" value=\"\">\n          <\/div>\n                  <div class=\"n2r__search__field n2r__search__field--small\">\n            <label for=\"n2r-search-rental-adults-91239\">Adults<\/label>\n            <input class=\"n2r__input\" name=\"adults\" id=\"n2r-search-rental-adults-91239\" type=\"number\" min=\"1\" max=\"30\" value=\"1\">\n          <\/div>\n                  <div class=\"n2r__search__field n2r__search__field--small\">\n            <label for=\"n2r-search-rental-children-91239\">Nens<\/label>\n            <input class=\"n2r__input\" name=\"children\" id=\"n2r-search-rental-children-91239\" type=\"number\" min=\"0\" max=\"30\" value=\"0\">\n          <\/div>\n                    <div class=\"n2r__search__field\">\n              <label for=\"n2r-search-rental-city-91239\">Destinaci\u00f3<\/label>\n              <select name=\"city\" id=\"n2r-search-rental-city-91239\" class=\"n2r__select\">\n                <option value=\"\">Tots<\/option>\n                <option value=\"LLAN\u00c7A\" >LLAN\u00c7A<\/option><option value=\"LLAN\u00c7\u00c0\" >LLAN\u00c7\u00c0<\/option><option value=\"Llan\u00e7\u00e0\" >Llan\u00e7\u00e0<\/option><option value=\"Port de la Selva (El)\" >Port de la Selva (El)<\/option>              <\/select>\n              <span><\/span>\n            <\/div>\n                      <div class=\"n2r__search__field \">\n              <label for=\"n2r-search-rental-type-91239\">Tipus d&#039;edificaci\u00f3<\/label>\n              <select name=\"type\" id=\"n2r-search-rental-type-91239\" class=\"n2r__select\">\n                <option value=\"\">Tots<\/option>\n                <option value=\"apartment\" >Apartament<\/option><option value=\"isolated_house\" >Casa a\u00efllada \/ Villa<\/option>              <\/select>\n              <span><\/span>\n            <\/div>\n              <div class=\"n2r__search__field n2r__search__field--submit\">\n      <button type=\"submit\" class=\"n2r__search__submit n2r__btn\">Cercar<\/button>\n    <\/div>\n  <\/form>\n<\/div>  <\/div>\n<\/div>\n\n\n\n<div style=\"height:60px\" aria-hidden=\"true\" class=\"wp-block-spacer\"><\/div>\n<\/div><\/div>\n\n<div style=\"height:30px\" aria-hidden=\"true\" class=\"wp-block-spacer\"><\/div>\n\n<div class=\"wp-block-nk-awb nk-awb alignfull listado-alojamientos-n2r\"><div class=\"nk-awb-wrap-content is-layout-constrained wp-container-nk-awb-is-layout-3b795b3d wp-block-nk-awb-is-layout-constrained\">\n<div class=\"n2r__list grid\" data-n2r-searchparams=\"\">\n      <div class=\"n2r__list__header\">\n              <a href=\"#\" class=\"n2r__btn n2r__btn--mobileicon n2r__btn--filters\" data-toggleclass=\"filters\" data-target-parent=\".n2r__list\">Obrir filtres<\/a>\n            <select name=\"orderby\" class=\"n2r__select\" aria-label=\"Ordenar resultats\">\n        <option value=\"\/ca\/wp-json\/wp\/v2\/pages\/725?orderby=\"> Ordenar resultats<\/option>\n        <option value=\"\/ca\/wp-json\/wp\/v2\/pages\/725?orderby=pricedesc\" > Preu: Major a menor        <option value=\"\/ca\/wp-json\/wp\/v2\/pages\/725?orderby=priceasc\" > Preu: Menor a major      <\/select>\n      <span class=\"separator\"><\/span>\n              <a href=\"\" class=\"n2r__btn n2r__btn--mobileicon n2r__btn--map\" data-toggleclass=\"map\" data-target-parent=\".n2r__list\" data-activated-text=\"Amagar mapa\" data-deactivated-text=\"Mostra el mapa\">Mostra el mapa<\/a>\n              <div class=\"n2r__btngroup n2r__btngroup--viewmode\">\n        <a href=\"\" class=\"n2r__btn n2r__btn--grid active\" data-viewmode=\"grid\" aria-label=\"Grid view\"><\/a>\n        <a href=\"\" class=\"n2r__btn n2r__btn--list \" data-viewmode=\"list\" aria-label=\"List view\"><\/a>\n      <\/div>\n    <\/div>\n  <div class=\"n2r__list__filters\">\n  <header>\n    Filtrar recerca    <a href=\"#\" class=\"n2r__btn--close\" data-toggleclass=\"filters\" data-target-parent=\".n2r__list\" aria-label=\"Tancar\"><\/a>\n  <\/header>\n  <form method=\"get\" action=\"\/ca\/wp-json\/wp\/v2\/pages\/725?_f=1\" role=\"form\" autocomplete=\"off\">\n    <input type=\"hidden\" aria-hidden=\"true\" name=\"commercialization_type\" value=\"rental\">\n\n                <div class=\"n2r__list__filters__field\">\n              <label for=\"n2r-filters-search-text-87709\">Cercar<\/label>\n              <input type=\"text\" name=\"search_text\" id=\"n2r-filters-search-text-87709\" class=\"n2r__input\" value=\"\">\n            <\/div>\n                          <div class=\"n2r__list__filters__field\">\n                <label for=\"n2r-filters-city-87709\">Ciutat<\/label>\n                <select name=\"city\" id=\"n2r-filters-city-87709\" class=\"n2r__select\">\n                  <option value=\"\">Tots<\/option>\n                  <option value=\"LLAN\u00c7A\" >LLAN\u00c7A<\/option><option value=\"LLAN\u00c7\u00c0\" >LLAN\u00c7\u00c0<\/option><option value=\"Llan\u00e7\u00e0\" >Llan\u00e7\u00e0<\/option><option value=\"Port de la Selva (El)\" >Port de la Selva (El)<\/option>                <\/select>\n              <\/div>\n                          <div class=\"n2r__list__filters__field\">\n                <label for=\"n2r-filters-zone-87709\">Zona<\/label>\n                <select name=\"zone\" id=\"n2r-filters-zone-87709\" class=\"n2r__select\" data-remoteurl=\"https:\/\/immobiliariafalco.com\/wp-json\/n2r\/v1\/zones\">\n                  <option value=\"\">Tots<\/option>\n                  <option value=\"Cap Ras\" >Cap Ras<\/option><option value=\"Cap de Vol\" >Cap de Vol<\/option><option value=\"Carboneres\/Farella\" >Carboneres\/Farella<\/option><option value=\"Cau del Llop\" >Cau del Llop<\/option><option value=\"El Port\" >El Port<\/option><option value=\"Fan\u00e9 de Dalt\" >Fan\u00e9 de Dalt<\/option><option value=\"Grifeu\" >Grifeu<\/option><option value=\"La Coma\" >La Coma<\/option><option value=\"La Vila\" >La Vila<\/option><option value=\"Les Tonyines\" >Les Tonyines<\/option><option value=\"Sant Carles\" >Sant Carles<\/option>                <\/select>\n              <\/div>\n                          <div class=\"n2r__list__filters__field \">\n                <label for=\"n2r-filters-type-87709\">Tipus d'edificaci\u00f3<\/label>\n                <select name=\"type\" id=\"n2r-filters-type-87709\" class=\"n2r__select\">\n                  <option value=\"\">Tipus d'edificaci\u00f3<\/option>\n                  <option value=\"apartment\" >Apartament<\/option><option value=\"isolated_house\" >Casa a\u00efllada \/ Villa<\/option>                <\/select>\n              <\/div>\n                          <div class=\"n2r__list__filters__field\">\n                <label for=\"n2r-filters-category-87709\" Categoria<\/label>\n                  <select name=\"category\" id=\"n2r-filters-category-87709\" class=\"n2r__select\">\n                    <option value=\"\">Tots<\/option>\n                    <option value=\"532\" >Alquiler larga estancia<\/option><option value=\"650\" >Cases en venda<\/option>                  <\/select>\n              <\/div>\n                        <div class=\"n2r__list__filters__field n2r__datepickercontainer\">\n              <label for=\"n2r-filters-dates-87709\">Selecciona les dates<\/label>\n              <input type=\"text\" id=\"n2r-filters-dates-87709\" class=\"n2r__input n2r-daterangepicker-component\" data-checkin=\"\" data-checkout=\"\" data-language=\"ca\">\n              <input type=\"hidden\" aria-hidden=\"true\" name=\"checkin\" value=\"\">\n              <input type=\"hidden\" aria-hidden=\"true\" name=\"checkout\" value=\"\">\n            <\/div>\n                      <div class=\"n2r__list__filters__field n2r__list__filters__field--small\">\n              <label for=\"n2r-filters-adults-87709\">Adults<\/label>\n                            <input class=\"n2r__input\" name=\"adults\" id=\"n2r-filters-adults-87709\" type=\"number\" min=\"1\" max=\"15\" value=\"1\">\n            <\/div>\n                      <div class=\"n2r__list__filters__field n2r__list__filters__field--small\">\n              <label for=\"n2r-filters-children-87709\">Nens<\/label>\n                            <input class=\"n2r__input\" name=\"children\" id=\"n2r-filters-children-87709\" type=\"number\" min=\"0\" max=\"15\" value=\"0\">\n            <\/div>\n                      <div class=\"n2r__list__filters__field\">\n              <label for=\"flexible\">\n                <input type=\"hidden\" aria-hidden=\"true\" name=\"flexible\" value=\"\">\n                <input type=\"checkbox\" name=\"flexible\" value=\"1\" >\n                S\u00f3c flexible en dates              <\/label>\n            <\/div>\n                      <div class=\"n2r__list__filters__field\">\n              <label for=\"n2r-filters-rooms-min-87709\">Habitacions<\/label>\n              <div class=\"n2r__radio\">\n                <input type=\"hidden\" aria-hidden=\"true\" name=\"min_room_number\" id=\"n2r-filters-rooms-min-87709\" value=\"\">\n                                  <div class=\"n2r__radio__item \" data-value=\"1\">+1<\/div>\n                                  <div class=\"n2r__radio__item \" data-value=\"2\">+2<\/div>\n                                  <div class=\"n2r__radio__item \" data-value=\"3\">+3<\/div>\n                                  <div class=\"n2r__radio__item \" data-value=\"4\">+4<\/div>\n                                  <div class=\"n2r__radio__item \" data-value=\"5\">+5<\/div>\n                              <\/div>\n            <\/div>\n                      <div class=\"n2r__list__filters__field\">\n              <label for=\"n2r-filters-toilets-min-87709\">Lavabos<\/label>\n              <div class=\"n2r__radio\">\n                <input type=\"hidden\" id=\"n2r-filters-toilets-min-87709\" aria-hidden=\"true\" name=\"min_toilets_number\" value=\"\">\n                                  <div class=\"n2r__radio__item \" data-value=\"1\">+1<\/div>\n                                  <div class=\"n2r__radio__item \" data-value=\"2\">+2<\/div>\n                                  <div class=\"n2r__radio__item \" data-value=\"3\">+3<\/div>\n                              <\/div>\n            <\/div>\n                      <div class=\"n2r__list__filters__field\">\n              <label for=\"n2r-filters-price-min-87709\">Preu<\/label>\n              <select name=\"sell_price_min\" id=\"n2r-filters-price-min-87709\" class=\"n2r__select\">\n                <option value=\"\">Minimum<\/option>\n                                  <option value=\"60000\" >60.000 \u20ac<\/option>\n                                  <option value=\"90000\" >90.000 \u20ac<\/option>\n                                  <option value=\"120000\" >120.000 \u20ac<\/option>\n                                  <option value=\"150000\" >150.000 \u20ac<\/option>\n                                  <option value=\"180000\" >180.000 \u20ac<\/option>\n                                  <option value=\"210000\" >210.000 \u20ac<\/option>\n                                  <option value=\"250000\" >250.000 \u20ac<\/option>\n                                  <option value=\"300000\" >300.000 \u20ac<\/option>\n                                  <option value=\"350000\" >350.000 \u20ac<\/option>\n                                  <option value=\"400000\" >400.000 \u20ac<\/option>\n                                  <option value=\"500000\" >500.000 \u20ac<\/option>\n                                  <option value=\"600000\" >600.000 \u20ac<\/option>\n                                  <option value=\"800000\" >800.000 \u20ac<\/option>\n                                  <option value=\"1000000\" >1.000.000 \u20ac<\/option>\n                                  <option value=\"1500000\" >1.500.000 \u20ac<\/option>\n                                  <option value=\"2000000\" >2.000.000 \u20ac<\/option>\n                                  <option value=\"3000000\" >3.000.000 \u20ac<\/option>\n                              <\/select>\n            <\/div>\n            <div class=\"n2r__list__filters__field\">\n              <select name=\"sell_price_max\" id=\"n2r-filters-price-max-87709\" class=\"n2r__select\">\n                <option value=\"\">Maximum<\/option>\n                                  <option value=\"60000\" >60.000 \u20ac<\/option>\n                                  <option value=\"90000\" >90.000 \u20ac<\/option>\n                                  <option value=\"120000\" >120.000 \u20ac<\/option>\n                                  <option value=\"150000\" >150.000 \u20ac<\/option>\n                                  <option value=\"180000\" >180.000 \u20ac<\/option>\n                                  <option value=\"210000\" >210.000 \u20ac<\/option>\n                                  <option value=\"250000\" >250.000 \u20ac<\/option>\n                                  <option value=\"300000\" >300.000 \u20ac<\/option>\n                                  <option value=\"350000\" >350.000 \u20ac<\/option>\n                                  <option value=\"400000\" >400.000 \u20ac<\/option>\n                                  <option value=\"500000\" >500.000 \u20ac<\/option>\n                                  <option value=\"600000\" >600.000 \u20ac<\/option>\n                                  <option value=\"800000\" >800.000 \u20ac<\/option>\n                                  <option value=\"1000000\" >1.000.000 \u20ac<\/option>\n                                  <option value=\"1500000\" >1.500.000 \u20ac<\/option>\n                                  <option value=\"2000000\" >2.000.000 \u20ac<\/option>\n                                  <option value=\"3000000\" >3.000.000 \u20ac<\/option>\n                              <\/select>\n            <\/div>\n            <div class=\"n2r__list__filters__field\">\n        <label>M\u00e9s caracter\u00edstiques<\/label>\n                  <label class=\"n2r__btn n2r__btn--outline n2r__btn--checkbox\">\n            <input type=\"hidden\" aria-hidden=\"true\" name=\"pets\" value=\"\">\n            <input type=\"checkbox\" class=\"n2r__checkbox\" name=\"pets\" value=\"1\" >\n            Mascotes          <\/label>\n                  <label class=\"n2r__btn n2r__btn--outline n2r__btn--checkbox\">\n            <input type=\"hidden\" aria-hidden=\"true\" name=\"lift\" value=\"\">\n            <input type=\"checkbox\" class=\"n2r__checkbox\" name=\"lift\" value=\"1\" >\n            Ascensor          <\/label>\n                  <label class=\"n2r__btn n2r__btn--outline n2r__btn--checkbox\">\n            <input type=\"hidden\" aria-hidden=\"true\" name=\"pool\" value=\"\">\n            <input type=\"checkbox\" class=\"n2r__checkbox\" name=\"pool\" value=\"1\" >\n            Piscina          <\/label>\n                  <label class=\"n2r__btn n2r__btn--outline n2r__btn--checkbox\">\n            <input type=\"hidden\" aria-hidden=\"true\" name=\"parking_garage\" value=\"\">\n            <input type=\"checkbox\" class=\"n2r__checkbox\" name=\"parking_garage\" value=\"1\" >\n            Aparcament          <\/label>\n                  <label class=\"n2r__btn n2r__btn--outline n2r__btn--checkbox\">\n            <input type=\"hidden\" aria-hidden=\"true\" name=\"garden\" value=\"\">\n            <input type=\"checkbox\" class=\"n2r__checkbox\" name=\"garden\" value=\"1\" >\n            Jard\u00ed          <\/label>\n                  <label class=\"n2r__btn n2r__btn--outline n2r__btn--checkbox\">\n            <input type=\"hidden\" aria-hidden=\"true\" name=\"wifi\" value=\"\">\n            <input type=\"checkbox\" class=\"n2r__checkbox\" name=\"wifi\" value=\"1\" >\n            WIFI          <\/label>\n                  <label class=\"n2r__btn n2r__btn--outline n2r__btn--checkbox\">\n            <input type=\"hidden\" aria-hidden=\"true\" name=\"air_conditioning\" value=\"\">\n            <input type=\"checkbox\" class=\"n2r__checkbox\" name=\"air_conditioning\" value=\"1\" >\n            Aire condicionat          <\/label>\n                  <label class=\"n2r__btn n2r__btn--outline n2r__btn--checkbox\">\n            <input type=\"hidden\" aria-hidden=\"true\" name=\"barbecue\" value=\"\">\n            <input type=\"checkbox\" class=\"n2r__checkbox\" name=\"barbecue\" value=\"1\" >\n            Barbacoa          <\/label>\n                  <label class=\"n2r__btn n2r__btn--outline n2r__btn--checkbox\">\n            <input type=\"hidden\" aria-hidden=\"true\" name=\"terrace\" value=\"\">\n            <input type=\"checkbox\" class=\"n2r__checkbox\" name=\"terrace\" value=\"1\" >\n            Terrassa          <\/label>\n              <\/div>\n        <footer>\n      <button type=\"submit\" class=\"n2r__btn n2r__btn--search\">Cercar<\/button>\n    <\/footer>\n  <\/form>\n<\/div>  <div class=\"n2r__row\">\n    <div class=\"n2r__list__items\">\n      <div class=\"n2r__list__item n2r__clickable   \" data-id=\"27545\">\n    <div class=\"n2r__list__item__gallery n2r__slider\">\n    <div class=\"slide-item\"><img data-lazy=\"https:\/\/files.net2rent.com\/pfiles\/298\/27545\/636270-1e-o-m.jpg\" alt=\"AP-10 AP-10 Apartament La Vila Llan\u00e7\u00e0\" title=\"AP-10 AP-10 Apartament La Vila Llan\u00e7\u00e0\"><\/div><div class=\"slide-item\"><img data-lazy=\"https:\/\/files.net2rent.com\/pfiles\/298\/27545\/636271-lp-o-m.jpg\" alt=\"AP-10 AP-10 Apartament La Vila Llan\u00e7\u00e0\" title=\"AP-10 AP-10 Apartament La Vila Llan\u00e7\u00e0\"><\/div><div class=\"slide-item\"><img data-lazy=\"https:\/\/files.net2rent.com\/pfiles\/298\/27545\/636267-4x-o-m.jpg\" alt=\"AP-10 AP-10 Apartament La Vila Llan\u00e7\u00e0\" title=\"AP-10 AP-10 Apartament La Vila Llan\u00e7\u00e0\"><\/div><div class=\"slide-item\"><img data-lazy=\"https:\/\/files.net2rent.com\/pfiles\/298\/27545\/636265-9S-o-m.jpg\" alt=\"AP-10 AP-10 Apartament La Vila Llan\u00e7\u00e0\" title=\"AP-10 AP-10 Apartament La Vila Llan\u00e7\u00e0\"><\/div><div class=\"slide-item\"><img data-lazy=\"https:\/\/files.net2rent.com\/pfiles\/298\/27545\/636268-gC-o-m.jpg\" alt=\"AP-10 AP-10 Apartament La Vila Llan\u00e7\u00e0\" title=\"AP-10 AP-10 Apartament La Vila Llan\u00e7\u00e0\"><\/div><div class=\"slide-item\"><img data-lazy=\"https:\/\/files.net2rent.com\/pfiles\/298\/27545\/636272-9B-o-m.jpg\" alt=\"AP-10 AP-10 Apartament La Vila Llan\u00e7\u00e0\" title=\"AP-10 AP-10 Apartament La Vila Llan\u00e7\u00e0\"><\/div><div class=\"slide-item\"><img data-lazy=\"https:\/\/files.net2rent.com\/pfiles\/298\/27545\/636274-Cp-o-m.jpg\" alt=\"AP-10 AP-10 Apartament La Vila Llan\u00e7\u00e0\" title=\"AP-10 AP-10 Apartament La Vila Llan\u00e7\u00e0\"><\/div><div class=\"slide-item\"><img data-lazy=\"https:\/\/files.net2rent.com\/pfiles\/298\/27545\/636266-mG-o-m.jpg\" alt=\"AP-10 AP-10 Apartament La Vila Llan\u00e7\u00e0\" title=\"AP-10 AP-10 Apartament La Vila Llan\u00e7\u00e0\"><\/div><div class=\"slide-item\"><img data-lazy=\"https:\/\/files.net2rent.com\/pfiles\/298\/27545\/636264-nC-o-m.jpg\" alt=\"AP-10 AP-10 Apartament La Vila Llan\u00e7\u00e0\" title=\"AP-10 AP-10 Apartament La Vila Llan\u00e7\u00e0\"><\/div><div class=\"slide-item\"><img data-lazy=\"https:\/\/files.net2rent.com\/pfiles\/298\/27545\/636280-z8-o-m.jpg\" alt=\"AP-10 AP-10 Apartament La Vila Llan\u00e7\u00e0\" title=\"AP-10 AP-10 Apartament La Vila Llan\u00e7\u00e0\"><\/div><div class=\"slide-item\"><img data-lazy=\"https:\/\/files.net2rent.com\/pfiles\/298\/27545\/636283-yb-o-m.jpg\" alt=\"AP-10 AP-10 Apartament La Vila Llan\u00e7\u00e0\" title=\"AP-10 AP-10 Apartament La Vila Llan\u00e7\u00e0\"><\/div><div class=\"slide-item\"><img data-lazy=\"https:\/\/files.net2rent.com\/pfiles\/298\/27545\/636279-oq-o-m.jpg\" alt=\"AP-10 AP-10 Apartament La Vila Llan\u00e7\u00e0\" title=\"AP-10 AP-10 Apartament La Vila Llan\u00e7\u00e0\"><\/div><div class=\"slide-item\"><img data-lazy=\"https:\/\/files.net2rent.com\/pfiles\/298\/27545\/636275-BO-o-m.jpg\" alt=\"AP-10 AP-10 Apartament La Vila Llan\u00e7\u00e0\" title=\"AP-10 AP-10 Apartament La Vila Llan\u00e7\u00e0\"><\/div><div class=\"slide-item\"><img data-lazy=\"https:\/\/files.net2rent.com\/pfiles\/298\/27545\/636276-Oo-o-m.jpg\" alt=\"AP-10 AP-10 Apartament La Vila Llan\u00e7\u00e0\" title=\"AP-10 AP-10 Apartament La Vila Llan\u00e7\u00e0\"><\/div><div class=\"slide-item\"><img data-lazy=\"https:\/\/files.net2rent.com\/pfiles\/298\/27545\/636273-S9-o-m.jpg\" alt=\"AP-10 AP-10 Apartament La Vila Llan\u00e7\u00e0\" title=\"AP-10 AP-10 Apartament La Vila Llan\u00e7\u00e0\"><\/div>  <\/div>\n\n  <div class=\"n2r__list__item__info\">\n    <div class=\"n2r__list__item__title\">\n      <h2 class=\"n2r__list__item__name\">\n        <a href=\"https:\/\/immobiliariafalco.com\/ca\/detall-propietat-de-lloguer\/lloguer-apartament-ap-10-llanca-27545\/\">FANT\u00c0STIC APARTAMENT C\u00c8NTRIC A LA VILA<\/a>\n      <\/h2>\n          <\/div>\n    <div class=\"n2r__list__item__title\">\n      <div class=\"n2r__list__item__reference\">Ref: AP-10<\/div>\n            <div class=\"n2r__list__item__city\">Llan\u00e7\u00e0<\/div>\n              <div class=\"n2r__list__item__rating\">\n          <div class=\"n2r__rating\">\n            <div class=\"n2r__rating__complete\" style=\"width:0%\"><\/div>\n          <\/div>\n        <\/div>\n          <\/div>\n    <div class=\"n2r__list__item__features\">\n      <div class=\"n2r__list__item__feature n2r__list__item__feature--rooms\" title=\"3 habitacions\"><i class=\"n2r_room\"><\/i> 3<\/div><div class=\"n2r__list__item__feature n2r__list__item__feature--capacity\" title=\"6 pax\"><i class=\"n2r_people\"><\/i> 6<\/div><div class=\"n2r__list__item__feature n2r__list__item__feature--bathrooms\" title=\"2 lavabos\"><i class=\"n2r_toilet\"><\/i> 2<\/div>    <\/div>\n    <div class=\"n2r__list__item__description\">Acollidor i funcional apartament situat al cor de la Vila de Llan\u00e7\u00e0, una ubicaci\u00f3 perfecta per gaudir de la tranquil\u00b7litat de l&#039;entorn i, alhora, tenir tots els serveis molt a prop. A pocs metres de la Pla\u00e7a Major i a 1.500 metres del mar, \u00e9s una excel\u00b7lent opci\u00f3 per a fam\u00edlies.\r\n\ud83c\udfe1 Caracter\u00edstiques principalsCapacitat: fins a 6 persones (recomenat m\u00e0xim 3-4 adults)Superf\u00edcie: 63 m\u00b2Habitacions: 3\r\nBalc\u00f3 amb vistes a la muntanya\r\nBany complet amb dutxa + 1 lavaboNO s&#039;admeten mascotes\r\nL&#039;habitatge ofereix una distribuci\u00f3 pr\u00e0ctica i c\u00f2moda en una comunitat molt tranquil\u00b7la, on es prega respectar la calma i les hores de silenci.\r\n\ud83d\udecf\ufe0f Distribuci\u00f3 i descans\r\nL&#039;apartament disposa de:\r\n2 dormitoris amb llit doble1 dormitori amb llit individual i llitera\r\n\ud83c\udf73 Cuina i equipament\r\nCompte amb una cuina independent totalment equipada, amb tot el necessari per a una estada confortable:\r\nCuina el\u00e8ctrica, forn i microonesRentadora al terratNevera combiCafetera\u00a0\r\n\u2744\ufe0f Comoditats\r\nL\u00b4apartament compta amb climatitzaci\u00f3 i TV espanyola.\r\n\u2728 Ideal per a\u2026\r\nPerfecte per als que busquen un allotjament pr\u00e0ctic, ben equipat i en una ubicaci\u00f3 estrat\u00e8gica per descobrir la Costa Brava.\r\n**L&#039;apartament no compta amb rentaplats<\/div>\n    <div class=\"n2r__list__item__footer\">\n      <div class=\"n2r__list__item__price\"><span class=\"n2r__list__item__price__from\">Des de 110,03 \u20ac <small class=\"n2r__list__item__price__from__type\">\/  Dia<\/small><\/span><\/div>    <\/div>\n  <\/div>\n  <a class=\"n2r__list__item__link\" href=\"https:\/\/immobiliariafalco.com\/ca\/detall-propietat-de-lloguer\/lloguer-apartament-ap-10-llanca-27545\/\">M\u00e9s detalls<\/a>\n  <\/div><div class=\"n2r__list__item n2r__clickable   \" data-id=\"26631\">\n    <div class=\"n2r__list__item__gallery n2r__slider\">\n    <div class=\"slide-item\"><img data-lazy=\"https:\/\/files.net2rent.com\/pfiles\/298\/26631\/603889-XK-o-m.jpg\" alt=\"AP-3 PORT 3 Apartament El Port Llan\u00e7\u00e0\" title=\"AP-3 PORT 3 Apartament El Port Llan\u00e7\u00e0\"><\/div><div class=\"slide-item\"><img data-lazy=\"https:\/\/files.net2rent.com\/pfiles\/298\/26631\/603892-ul-o-m.jpg\" alt=\"AP-3 PORT 3 Apartament El Port Llan\u00e7\u00e0\" title=\"AP-3 PORT 3 Apartament El Port Llan\u00e7\u00e0\"><\/div><div class=\"slide-item\"><img data-lazy=\"https:\/\/files.net2rent.com\/pfiles\/298\/26631\/603893-FD-o-m.jpg\" alt=\"AP-3 PORT 3 Apartament El Port Llan\u00e7\u00e0\" title=\"AP-3 PORT 3 Apartament El Port Llan\u00e7\u00e0\"><\/div><div class=\"slide-item\"><img data-lazy=\"https:\/\/files.net2rent.com\/pfiles\/298\/26631\/603891-uV-o-m.jpg\" alt=\"AP-3 PORT 3 Apartament El Port Llan\u00e7\u00e0\" title=\"AP-3 PORT 3 Apartament El Port Llan\u00e7\u00e0\"><\/div><div class=\"slide-item\"><img data-lazy=\"https:\/\/files.net2rent.com\/pfiles\/298\/26631\/603883-XM-o-m.jpg\" alt=\"AP-3 PORT 3 Apartament El Port Llan\u00e7\u00e0\" title=\"AP-3 PORT 3 Apartament El Port Llan\u00e7\u00e0\"><\/div><div class=\"slide-item\"><img data-lazy=\"https:\/\/files.net2rent.com\/pfiles\/298\/26631\/603887-ld-o-m.jpg\" alt=\"AP-3 PORT 3 Apartament El Port Llan\u00e7\u00e0\" title=\"AP-3 PORT 3 Apartament El Port Llan\u00e7\u00e0\"><\/div><div class=\"slide-item\"><img data-lazy=\"https:\/\/files.net2rent.com\/pfiles\/298\/26631\/603890-hv-o-m.jpg\" alt=\"AP-3 PORT 3 Apartament El Port Llan\u00e7\u00e0\" title=\"AP-3 PORT 3 Apartament El Port Llan\u00e7\u00e0\"><\/div><div class=\"slide-item\"><img data-lazy=\"https:\/\/files.net2rent.com\/pfiles\/298\/26631\/603888-qV-o-m.jpg\" alt=\"AP-3 PORT 3 Apartament El Port Llan\u00e7\u00e0\" title=\"AP-3 PORT 3 Apartament El Port Llan\u00e7\u00e0\"><\/div><div class=\"slide-item\"><img data-lazy=\"https:\/\/files.net2rent.com\/pfiles\/298\/26631\/603885-Zi-o-m.jpg\" alt=\"AP-3 PORT 3 Apartament El Port Llan\u00e7\u00e0\" title=\"AP-3 PORT 3 Apartament El Port Llan\u00e7\u00e0\"><\/div><div class=\"slide-item\"><img data-lazy=\"https:\/\/files.net2rent.com\/pfiles\/298\/26631\/603886-OO-o-m.jpg\" alt=\"AP-3 PORT 3 Apartament El Port Llan\u00e7\u00e0\" title=\"AP-3 PORT 3 Apartament El Port Llan\u00e7\u00e0\"><\/div><div class=\"slide-item\"><img data-lazy=\"https:\/\/files.net2rent.com\/pfiles\/298\/26631\/603884-Ss-o-m.jpg\" alt=\"AP-3 PORT 3 Apartament El Port Llan\u00e7\u00e0\" title=\"AP-3 PORT 3 Apartament El Port Llan\u00e7\u00e0\"><\/div>  <\/div>\n\n  <div class=\"n2r__list__item__info\">\n    <div class=\"n2r__list__item__title\">\n      <h2 class=\"n2r__list__item__name\">\n        <a href=\"https:\/\/immobiliariafalco.com\/ca\/detall-propietat-de-lloguer\/lloguer-apartament-port-3-llanca-26631\/\">APARTAMENT DE TEMPORADA SEGONA L\u00cdNIA DE MAR AL PORT DE LLAN\u00c7\u00c0<\/a>\n      <\/h2>\n          <\/div>\n    <div class=\"n2r__list__item__title\">\n      <div class=\"n2r__list__item__reference\">Ref: AP-3<\/div>\n            <div class=\"n2r__list__item__city\">Llan\u00e7\u00e0<\/div>\n              <div class=\"n2r__list__item__rating\">\n          <div class=\"n2r__rating\">\n            <div class=\"n2r__rating__complete\" style=\"width:0%\"><\/div>\n          <\/div>\n        <\/div>\n          <\/div>\n    <div class=\"n2r__list__item__features\">\n      <div class=\"n2r__list__item__feature n2r__list__item__feature--rooms\" title=\"2 habitacions\"><i class=\"n2r_room\"><\/i> 2<\/div><div class=\"n2r__list__item__feature n2r__list__item__feature--capacity\" title=\"4 pax\"><i class=\"n2r_people\"><\/i> 4<\/div><div class=\"n2r__list__item__feature n2r__list__item__feature--bathrooms\" title=\"2 lavabos\"><i class=\"n2r_toilet\"><\/i> 2<\/div>    <\/div>\n    <div class=\"n2r__list__item__description\">*Per informaci\u00f3 sobre disponibilitat i preus, contactar directament amb l&#039;ag\u00e8ncia\r\nApartament completament reformat, situat en una ubicaci\u00f3 privilegiada al Port de Llan\u00e7\u00e0, a pocs metres de la platja. Ubicat a la primera planta, la propietat ha estat condicionada per oferir una estada funcional i confortable, amb capacitat per a quatre persones. L&#039;habitatge disposa de dos dormitoris -un estil suite amb llit de matrimoni i bany, i un altre amb dos llits individuals-, aix\u00ed com un bany independent amb dutxa, cosa que garanteix una distribuci\u00f3 pr\u00e0ctica per a fam\u00edlies. La cuina, d\u00b4estil obert i modern, est\u00e0 totalment equipada amb electrodom\u00e8stics actuals. La zona d\u00b4estar compta amb un sof\u00e0 i un parell de butaques i acc\u00e9s directe a una terrassa privada amb mobiliari exterior, des de la qual s\u00b4aprecien vistes a un dels carrers principals de Llan\u00e7\u00e0 L&#039;immoble es troba a tan sols 10 metres de la platja i al centre del Port de Llan\u00e7\u00e0, amb acc\u00e9s immediat a comer\u00e7os, restauraci\u00f3 i serveis.<\/div>\n    <div class=\"n2r__list__item__footer\">\n      <div class=\"n2r__list__item__price\">Consultar<\/div>    <\/div>\n  <\/div>\n  <a class=\"n2r__list__item__link\" href=\"https:\/\/immobiliariafalco.com\/ca\/detall-propietat-de-lloguer\/lloguer-apartament-port-3-llanca-26631\/\">M\u00e9s detalls<\/a>\n  <\/div><div class=\"n2r__list__item n2r__clickable   \" data-id=\"26632\">\n    <div class=\"n2r__list__item__gallery n2r__slider\">\n    <div class=\"slide-item\"><img data-lazy=\"https:\/\/files.net2rent.com\/pfiles\/298\/26632\/602255-39-o-m.jpg\" alt=\"AP-6 PORT 1 Apartament El Port Llan\u00e7\u00e0\" title=\"AP-6 PORT 1 Apartament El Port Llan\u00e7\u00e0\"><\/div><div class=\"slide-item\"><img data-lazy=\"https:\/\/files.net2rent.com\/pfiles\/298\/26632\/602253-Me-o-m.jpg\" alt=\"AP-6 PORT 1 Apartament El Port Llan\u00e7\u00e0\" title=\"AP-6 PORT 1 Apartament El Port Llan\u00e7\u00e0\"><\/div><div class=\"slide-item\"><img data-lazy=\"https:\/\/files.net2rent.com\/pfiles\/298\/26632\/602252-x2-o-m.jpg\" alt=\"AP-6 PORT 1 Apartament El Port Llan\u00e7\u00e0\" title=\"AP-6 PORT 1 Apartament El Port Llan\u00e7\u00e0\"><\/div><div class=\"slide-item\"><img data-lazy=\"https:\/\/files.net2rent.com\/pfiles\/298\/26632\/602254-5r-o-m.jpg\" alt=\"AP-6 PORT 1 Apartament El Port Llan\u00e7\u00e0\" title=\"AP-6 PORT 1 Apartament El Port Llan\u00e7\u00e0\"><\/div><div class=\"slide-item\"><img data-lazy=\"https:\/\/files.net2rent.com\/pfiles\/298\/26632\/603882-Q0-o-m.jpg\" alt=\"AP-6 PORT 1 Apartament El Port Llan\u00e7\u00e0\" title=\"AP-6 PORT 1 Apartament El Port Llan\u00e7\u00e0\"><\/div><div class=\"slide-item\"><img data-lazy=\"https:\/\/files.net2rent.com\/pfiles\/298\/26632\/603881-Lb-o-m.jpg\" alt=\"AP-6 PORT 1 Apartament El Port Llan\u00e7\u00e0\" title=\"AP-6 PORT 1 Apartament El Port Llan\u00e7\u00e0\"><\/div><div class=\"slide-item\"><img data-lazy=\"https:\/\/files.net2rent.com\/pfiles\/298\/26632\/602258-Fk-o-m.jpg\" alt=\"AP-6 PORT 1 Apartament El Port Llan\u00e7\u00e0\" title=\"AP-6 PORT 1 Apartament El Port Llan\u00e7\u00e0\"><\/div><div class=\"slide-item\"><img data-lazy=\"https:\/\/files.net2rent.com\/pfiles\/298\/26632\/602257-ek-o-m.jpg\" alt=\"AP-6 PORT 1 Apartament El Port Llan\u00e7\u00e0\" title=\"AP-6 PORT 1 Apartament El Port Llan\u00e7\u00e0\"><\/div><div class=\"slide-item\"><img data-lazy=\"https:\/\/files.net2rent.com\/pfiles\/298\/26632\/602247-Ne-o-m.jpg\" alt=\"AP-6 PORT 1 Apartament El Port Llan\u00e7\u00e0\" title=\"AP-6 PORT 1 Apartament El Port Llan\u00e7\u00e0\"><\/div><div class=\"slide-item\"><img data-lazy=\"https:\/\/files.net2rent.com\/pfiles\/298\/26632\/602259-QF-o-m.jpg\" alt=\"AP-6 PORT 1 Apartament El Port Llan\u00e7\u00e0\" title=\"AP-6 PORT 1 Apartament El Port Llan\u00e7\u00e0\"><\/div><div class=\"slide-item\"><img data-lazy=\"https:\/\/files.net2rent.com\/pfiles\/298\/26632\/602260-Ov-o-m.jpg\" alt=\"AP-6 PORT 1 Apartament El Port Llan\u00e7\u00e0\" title=\"AP-6 PORT 1 Apartament El Port Llan\u00e7\u00e0\"><\/div><div class=\"slide-item\"><img data-lazy=\"https:\/\/files.net2rent.com\/pfiles\/298\/26632\/602248-1w-o-m.jpg\" alt=\"AP-6 PORT 1 Apartament El Port Llan\u00e7\u00e0\" title=\"AP-6 PORT 1 Apartament El Port Llan\u00e7\u00e0\"><\/div><div class=\"slide-item\"><img data-lazy=\"https:\/\/files.net2rent.com\/pfiles\/298\/26632\/602246-lF-o-m.jpg\" alt=\"AP-6 PORT 1 Apartament El Port Llan\u00e7\u00e0\" title=\"AP-6 PORT 1 Apartament El Port Llan\u00e7\u00e0\"><\/div><div class=\"slide-item\"><img data-lazy=\"https:\/\/files.net2rent.com\/pfiles\/298\/26632\/602249-vq-o-m.jpg\" alt=\"AP-6 PORT 1 Apartament El Port Llan\u00e7\u00e0\" title=\"AP-6 PORT 1 Apartament El Port Llan\u00e7\u00e0\"><\/div><div class=\"slide-item\"><img data-lazy=\"https:\/\/files.net2rent.com\/pfiles\/298\/26632\/602250-By-o-m.jpg\" alt=\"AP-6 PORT 1 Apartament El Port Llan\u00e7\u00e0\" title=\"AP-6 PORT 1 Apartament El Port Llan\u00e7\u00e0\"><\/div><div class=\"slide-item\"><img data-lazy=\"https:\/\/files.net2rent.com\/pfiles\/298\/26632\/602251-yf-o-m.jpg\" alt=\"AP-6 PORT 1 Apartament El Port Llan\u00e7\u00e0\" title=\"AP-6 PORT 1 Apartament El Port Llan\u00e7\u00e0\"><\/div><div class=\"slide-item\"><img data-lazy=\"https:\/\/files.net2rent.com\/pfiles\/298\/26632\/602261-2p-o-m.jpg\" alt=\"AP-6 PORT 1 Apartament El Port Llan\u00e7\u00e0\" title=\"AP-6 PORT 1 Apartament El Port Llan\u00e7\u00e0\"><\/div><div class=\"slide-item\"><img data-lazy=\"https:\/\/files.net2rent.com\/pfiles\/298\/26632\/602262-VA-o-m.jpg\" alt=\"AP-6 PORT 1 Apartament El Port Llan\u00e7\u00e0\" title=\"AP-6 PORT 1 Apartament El Port Llan\u00e7\u00e0\"><\/div>  <\/div>\n\n  <div class=\"n2r__list__item__info\">\n    <div class=\"n2r__list__item__title\">\n      <h2 class=\"n2r__list__item__name\">\n        <a href=\"https:\/\/immobiliariafalco.com\/ca\/detall-propietat-de-lloguer\/lloguer-apartament-port-1-llanca-26632\/\">Apartament al Port de Llan\u00e7\u00e0<\/a>\n      <\/h2>\n          <\/div>\n    <div class=\"n2r__list__item__title\">\n      <div class=\"n2r__list__item__reference\">Ref: AP-6<\/div>\n      <div class=\"n2r__list__item__turisticreference\">HUTG-012199-53<\/div>      <div class=\"n2r__list__item__city\">Llan\u00e7\u00e0<\/div>\n              <div class=\"n2r__list__item__rating\">\n          <div class=\"n2r__rating\">\n            <div class=\"n2r__rating__complete\" style=\"width:0%\"><\/div>\n          <\/div>\n        <\/div>\n          <\/div>\n    <div class=\"n2r__list__item__features\">\n      <div class=\"n2r__list__item__feature n2r__list__item__feature--rooms\" title=\"2 habitacions\"><i class=\"n2r_room\"><\/i> 2<\/div><div class=\"n2r__list__item__feature n2r__list__item__feature--capacity\" title=\"4 pax\"><i class=\"n2r_people\"><\/i> 4<\/div><div class=\"n2r__list__item__feature n2r__list__item__feature--bathrooms\" title=\"2 lavabos\"><i class=\"n2r_toilet\"><\/i> 2<\/div>    <\/div>\n    <div class=\"n2r__list__item__description\">A poca dist\u00e0ncia a peu del mar i en ple Port de Llan\u00e7\u00e0, aquest apartament reformat ofereix comoditat, llum natural i una terrassa amb vistes al Mediterrani. Amb capacitat per a 4 persones, compta amb dos dormitoris, dos banys, cuina equipada, aire condicionat i tots els detalls per a una estada tranquil\u00b7la. A 10 m de la platja ia prop de botigues i restaurants, \u00e9s el lloc ideal per gaudir de l&#039;estiu amb calma i estil.<\/div>\n    <div class=\"n2r__list__item__footer\">\n      <div class=\"n2r__list__item__price\"><span class=\"n2r__list__item__price__from\">Des de 69,30 \u20ac <small class=\"n2r__list__item__price__from__type\">\/  Dia<\/small><\/span><\/div>    <\/div>\n  <\/div>\n  <a class=\"n2r__list__item__link\" href=\"https:\/\/immobiliariafalco.com\/ca\/detall-propietat-de-lloguer\/lloguer-apartament-port-1-llanca-26632\/\">M\u00e9s detalls<\/a>\n  <\/div><div class=\"n2r__list__item n2r__clickable   \" data-id=\"26671\">\n    <div class=\"n2r__list__item__gallery n2r__slider\">\n    <div class=\"slide-item\"><img data-lazy=\"https:\/\/files.net2rent.com\/pfiles\/298\/26671\/603733-em-o-m.jpg\" alt=\"AP-37 SANGENIS Apartament El Port Llan\u00e7\u00e0\" title=\"AP-37 SANGENIS Apartament El Port Llan\u00e7\u00e0\"><\/div><div class=\"slide-item\"><img data-lazy=\"https:\/\/files.net2rent.com\/pfiles\/298\/26671\/603734-wd-o-m.jpg\" alt=\"AP-37 SANGENIS Apartament El Port Llan\u00e7\u00e0\" title=\"AP-37 SANGENIS Apartament El Port Llan\u00e7\u00e0\"><\/div><div class=\"slide-item\"><img data-lazy=\"https:\/\/files.net2rent.com\/pfiles\/298\/26671\/603735-3T-o-m.jpg\" alt=\"AP-37 SANGENIS Apartament El Port Llan\u00e7\u00e0\" title=\"AP-37 SANGENIS Apartament El Port Llan\u00e7\u00e0\"><\/div><div class=\"slide-item\"><img data-lazy=\"https:\/\/files.net2rent.com\/pfiles\/298\/26671\/603736-AP-o-m.jpg\" alt=\"AP-37 SANGENIS Apartament El Port Llan\u00e7\u00e0\" title=\"AP-37 SANGENIS Apartament El Port Llan\u00e7\u00e0\"><\/div><div class=\"slide-item\"><img data-lazy=\"https:\/\/files.net2rent.com\/pfiles\/298\/26671\/603737-Pr-o-m.jpg\" alt=\"AP-37 SANGENIS Apartament El Port Llan\u00e7\u00e0\" title=\"AP-37 SANGENIS Apartament El Port Llan\u00e7\u00e0\"><\/div><div class=\"slide-item\"><img data-lazy=\"https:\/\/files.net2rent.com\/pfiles\/298\/26671\/603738-9e-o-m.jpg\" alt=\"AP-37 SANGENIS Apartament El Port Llan\u00e7\u00e0\" title=\"AP-37 SANGENIS Apartament El Port Llan\u00e7\u00e0\"><\/div><div class=\"slide-item\"><img data-lazy=\"https:\/\/files.net2rent.com\/pfiles\/298\/26671\/603739-lg-o-m.jpg\" alt=\"AP-37 SANGENIS Apartament El Port Llan\u00e7\u00e0\" title=\"AP-37 SANGENIS Apartament El Port Llan\u00e7\u00e0\"><\/div><div class=\"slide-item\"><img data-lazy=\"https:\/\/files.net2rent.com\/pfiles\/298\/26671\/603740-JF-o-m.jpg\" alt=\"AP-37 SANGENIS Apartament El Port Llan\u00e7\u00e0\" title=\"AP-37 SANGENIS Apartament El Port Llan\u00e7\u00e0\"><\/div><div class=\"slide-item\"><img data-lazy=\"https:\/\/files.net2rent.com\/pfiles\/298\/26671\/603741-OX-o-m.jpg\" alt=\"AP-37 SANGENIS Apartament El Port Llan\u00e7\u00e0\" title=\"AP-37 SANGENIS Apartament El Port Llan\u00e7\u00e0\"><\/div><div class=\"slide-item\"><img data-lazy=\"https:\/\/files.net2rent.com\/pfiles\/298\/26671\/603742-an-o-m.jpg\" alt=\"AP-37 SANGENIS Apartament El Port Llan\u00e7\u00e0\" title=\"AP-37 SANGENIS Apartament El Port Llan\u00e7\u00e0\"><\/div><div class=\"slide-item\"><img data-lazy=\"https:\/\/files.net2rent.com\/pfiles\/298\/26671\/603743-x0-o-m.jpg\" alt=\"AP-37 SANGENIS Apartament El Port Llan\u00e7\u00e0\" title=\"AP-37 SANGENIS Apartament El Port Llan\u00e7\u00e0\"><\/div><div class=\"slide-item\"><img data-lazy=\"https:\/\/files.net2rent.com\/pfiles\/298\/26671\/603744-MB-o-m.jpg\" alt=\"AP-37 SANGENIS Apartament El Port Llan\u00e7\u00e0\" title=\"AP-37 SANGENIS Apartament El Port Llan\u00e7\u00e0\"><\/div><div class=\"slide-item\"><img data-lazy=\"https:\/\/files.net2rent.com\/pfiles\/298\/26671\/603745-AV-o-m.jpg\" alt=\"AP-37 SANGENIS Apartament El Port Llan\u00e7\u00e0\" title=\"AP-37 SANGENIS Apartament El Port Llan\u00e7\u00e0\"><\/div><div class=\"slide-item\"><img data-lazy=\"https:\/\/files.net2rent.com\/pfiles\/298\/26671\/603746-f8-o-m.jpg\" alt=\"AP-37 SANGENIS Apartament El Port Llan\u00e7\u00e0\" title=\"AP-37 SANGENIS Apartament El Port Llan\u00e7\u00e0\"><\/div><div class=\"slide-item\"><img data-lazy=\"https:\/\/files.net2rent.com\/pfiles\/298\/26671\/603747-g1-o-m.jpg\" alt=\"AP-37 SANGENIS Apartament El Port Llan\u00e7\u00e0\" title=\"AP-37 SANGENIS Apartament El Port Llan\u00e7\u00e0\"><\/div><div class=\"slide-item\"><img data-lazy=\"https:\/\/files.net2rent.com\/pfiles\/298\/26671\/603748-1y-o-m.jpg\" alt=\"AP-37 SANGENIS Apartament El Port Llan\u00e7\u00e0\" title=\"AP-37 SANGENIS Apartament El Port Llan\u00e7\u00e0\"><\/div><div class=\"slide-item\"><img data-lazy=\"https:\/\/files.net2rent.com\/pfiles\/298\/26671\/603749-GJ-o-m.jpg\" alt=\"AP-37 SANGENIS Apartament El Port Llan\u00e7\u00e0\" title=\"AP-37 SANGENIS Apartament El Port Llan\u00e7\u00e0\"><\/div><div class=\"slide-item\"><img data-lazy=\"https:\/\/files.net2rent.com\/pfiles\/298\/26671\/603750-eG-o-m.jpg\" alt=\"AP-37 SANGENIS Apartament El Port Llan\u00e7\u00e0\" title=\"AP-37 SANGENIS Apartament El Port Llan\u00e7\u00e0\"><\/div><div class=\"slide-item\"><img data-lazy=\"https:\/\/files.net2rent.com\/pfiles\/298\/26671\/603751-zP-o-m.jpg\" alt=\"AP-37 SANGENIS Apartament El Port Llan\u00e7\u00e0\" title=\"AP-37 SANGENIS Apartament El Port Llan\u00e7\u00e0\"><\/div><div class=\"slide-item\"><img data-lazy=\"https:\/\/files.net2rent.com\/pfiles\/298\/26671\/603752-Pz-o-m.jpg\" alt=\"AP-37 SANGENIS Apartament El Port Llan\u00e7\u00e0\" title=\"AP-37 SANGENIS Apartament El Port Llan\u00e7\u00e0\"><\/div><div class=\"slide-item\"><img data-lazy=\"https:\/\/files.net2rent.com\/pfiles\/298\/26671\/603753-sg-o-m.jpg\" alt=\"AP-37 SANGENIS Apartament El Port Llan\u00e7\u00e0\" title=\"AP-37 SANGENIS Apartament El Port Llan\u00e7\u00e0\"><\/div>  <\/div>\n\n  <div class=\"n2r__list__item__info\">\n    <div class=\"n2r__list__item__title\">\n      <h2 class=\"n2r__list__item__name\">\n        <a href=\"https:\/\/immobiliariafalco.com\/ca\/detall-propietat-de-lloguer\/lloguer-apartament-ap-37-llanca-26671\/\">APARTAMENT AMB PISCINA AL PORT<\/a>\n      <\/h2>\n          <\/div>\n    <div class=\"n2r__list__item__title\">\n      <div class=\"n2r__list__item__reference\">Ref: AP-37<\/div>\n            <div class=\"n2r__list__item__city\">Llan\u00e7\u00e0<\/div>\n              <div class=\"n2r__list__item__rating\">\n          <div class=\"n2r__rating\">\n            <div class=\"n2r__rating__complete\" style=\"width:0%\"><\/div>\n          <\/div>\n        <\/div>\n          <\/div>\n    <div class=\"n2r__list__item__features\">\n      <div class=\"n2r__list__item__feature n2r__list__item__feature--rooms\" title=\"2 habitacions\"><i class=\"n2r_room\"><\/i> 2<\/div><div class=\"n2r__list__item__feature n2r__list__item__feature--capacity\" title=\"4 pax\"><i class=\"n2r_people\"><\/i> 4<\/div><div class=\"n2r__list__item__feature n2r__list__item__feature--bathrooms\" title=\"1 lavabos\"><i class=\"n2r_toilet\"><\/i> 1<\/div><div class=\"n2r__list__item__feature n2r__list__item__feature--parking\" title=\"Aparcament\"><i class=\"n2r_parking\"><\/i> <\/div>    <\/div>\n    <div class=\"n2r__list__item__description\">Ubicat a la tranquil\u00b7la zona del Port, a Llan\u00e7\u00e0, aquest apartament ofereix una opci\u00f3 d&#039;allotjament c\u00f2moda i ben equipada per a estades de curta durada. Situada a la primera planta d&#039;un edifici residencial envoltat de zones verdes i proper al mar, l&#039;habitatge es compon d&#039;un sal\u00f3 menjador amb cuina integrada, equipada amb electrodom\u00e8stics moderns, aix\u00ed com petits aparells que faciliten l&#039;estada di\u00e0ria, com ara cafetera, torradora i bullidor. La distribuci\u00f3 interior inclou dos dormitoris: un amb llit de matrimoni i un altre amb dos llits individuals, a m\u00e9s d\u00b4un bany complet. L&#039;apartament disposa d&#039;una terrassa amb vista sobre el bosc i el nucli urb\u00e0, cosa que aporta un valor afegit tant per la lluminositat com per la connexi\u00f3 amb l&#039;entorn natural. Compte tamb\u00e9 amb aire condicionat, connexi\u00f3 WiFi i televisi\u00f3. Els serveis complementaris inclouen pla\u00e7a d&#039;aparcament privada i acc\u00e9s a una piscina comunit\u00e0ria.<\/div>\n    <div class=\"n2r__list__item__footer\">\n      <div class=\"n2r__list__item__price\"><span class=\"n2r__list__item__price__from\">Des de 189,87 \u20ac <small class=\"n2r__list__item__price__from__type\">\/  Dia<\/small><\/span><\/div>    <\/div>\n  <\/div>\n  <a class=\"n2r__list__item__link\" href=\"https:\/\/immobiliariafalco.com\/ca\/detall-propietat-de-lloguer\/lloguer-apartament-ap-37-llanca-26671\/\">M\u00e9s detalls<\/a>\n  <\/div><div class=\"n2r__list__item n2r__clickable   \" data-id=\"26675\">\n    <div class=\"n2r__list__item__gallery n2r__slider\">\n    <div class=\"slide-item\"><img data-lazy=\"https:\/\/files.net2rent.com\/pfiles\/298\/26675\/604002-eU-o-m.jpg\" alt=\"AP-39 RODRIGUEZ Apartament La Vila Llan\u00e7\u00e0\" title=\"AP-39 RODRIGUEZ Apartament La Vila Llan\u00e7\u00e0\"><\/div><div class=\"slide-item\"><img data-lazy=\"https:\/\/files.net2rent.com\/pfiles\/298\/26675\/604001-LE-o-m.jpg\" alt=\"AP-39 RODRIGUEZ Apartament La Vila Llan\u00e7\u00e0\" title=\"AP-39 RODRIGUEZ Apartament La Vila Llan\u00e7\u00e0\"><\/div><div class=\"slide-item\"><img data-lazy=\"https:\/\/files.net2rent.com\/pfiles\/298\/26675\/603999-U4-o-m.jpg\" alt=\"AP-39 RODRIGUEZ Apartament La Vila Llan\u00e7\u00e0\" title=\"AP-39 RODRIGUEZ Apartament La Vila Llan\u00e7\u00e0\"><\/div><div class=\"slide-item\"><img data-lazy=\"https:\/\/files.net2rent.com\/pfiles\/298\/26675\/604004-RZ-o-m.jpg\" alt=\"AP-39 RODRIGUEZ Apartament La Vila Llan\u00e7\u00e0\" title=\"AP-39 RODRIGUEZ Apartament La Vila Llan\u00e7\u00e0\"><\/div><div class=\"slide-item\"><img data-lazy=\"https:\/\/files.net2rent.com\/pfiles\/298\/26675\/604008-gy-o-m.jpg\" alt=\"AP-39 RODRIGUEZ Apartament La Vila Llan\u00e7\u00e0\" title=\"AP-39 RODRIGUEZ Apartament La Vila Llan\u00e7\u00e0\"><\/div><div class=\"slide-item\"><img data-lazy=\"https:\/\/files.net2rent.com\/pfiles\/298\/26675\/603990-Zh-o-m.jpg\" alt=\"AP-39 RODRIGUEZ Apartament La Vila Llan\u00e7\u00e0\" title=\"AP-39 RODRIGUEZ Apartament La Vila Llan\u00e7\u00e0\"><\/div><div class=\"slide-item\"><img data-lazy=\"https:\/\/files.net2rent.com\/pfiles\/298\/26675\/604006-G3-o-m.jpg\" alt=\"AP-39 RODRIGUEZ Apartament La Vila Llan\u00e7\u00e0\" title=\"AP-39 RODRIGUEZ Apartament La Vila Llan\u00e7\u00e0\"><\/div><div class=\"slide-item\"><img data-lazy=\"https:\/\/files.net2rent.com\/pfiles\/298\/26675\/604007-Uz-o-m.jpg\" alt=\"AP-39 RODRIGUEZ Apartament La Vila Llan\u00e7\u00e0\" title=\"AP-39 RODRIGUEZ Apartament La Vila Llan\u00e7\u00e0\"><\/div><div class=\"slide-item\"><img data-lazy=\"https:\/\/files.net2rent.com\/pfiles\/298\/26675\/603989-6E-o-m.jpg\" alt=\"AP-39 RODRIGUEZ Apartament La Vila Llan\u00e7\u00e0\" title=\"AP-39 RODRIGUEZ Apartament La Vila Llan\u00e7\u00e0\"><\/div><div class=\"slide-item\"><img data-lazy=\"https:\/\/files.net2rent.com\/pfiles\/298\/26675\/603992-Js-o-m.jpg\" alt=\"AP-39 RODRIGUEZ Apartament La Vila Llan\u00e7\u00e0\" title=\"AP-39 RODRIGUEZ Apartament La Vila Llan\u00e7\u00e0\"><\/div><div class=\"slide-item\"><img data-lazy=\"https:\/\/files.net2rent.com\/pfiles\/298\/26675\/603995-7i-o-m.jpg\" alt=\"AP-39 RODRIGUEZ Apartament La Vila Llan\u00e7\u00e0\" title=\"AP-39 RODRIGUEZ Apartament La Vila Llan\u00e7\u00e0\"><\/div><div class=\"slide-item\"><img data-lazy=\"https:\/\/files.net2rent.com\/pfiles\/298\/26675\/603993-r3-o-m.jpg\" alt=\"AP-39 RODRIGUEZ Apartament La Vila Llan\u00e7\u00e0\" title=\"AP-39 RODRIGUEZ Apartament La Vila Llan\u00e7\u00e0\"><\/div><div class=\"slide-item\"><img data-lazy=\"https:\/\/files.net2rent.com\/pfiles\/298\/26675\/603991-QJ-o-m.jpg\" alt=\"AP-39 RODRIGUEZ Apartament La Vila Llan\u00e7\u00e0\" title=\"AP-39 RODRIGUEZ Apartament La Vila Llan\u00e7\u00e0\"><\/div><div class=\"slide-item\"><img data-lazy=\"https:\/\/files.net2rent.com\/pfiles\/298\/26675\/603994-H9-o-m.jpg\" alt=\"AP-39 RODRIGUEZ Apartament La Vila Llan\u00e7\u00e0\" title=\"AP-39 RODRIGUEZ Apartament La Vila Llan\u00e7\u00e0\"><\/div><div class=\"slide-item\"><img data-lazy=\"https:\/\/files.net2rent.com\/pfiles\/298\/26675\/603998-l2-o-m.jpg\" alt=\"AP-39 RODRIGUEZ Apartament La Vila Llan\u00e7\u00e0\" title=\"AP-39 RODRIGUEZ Apartament La Vila Llan\u00e7\u00e0\"><\/div><div class=\"slide-item\"><img data-lazy=\"https:\/\/files.net2rent.com\/pfiles\/298\/26675\/603997-o0-o-m.jpg\" alt=\"AP-39 RODRIGUEZ Apartament La Vila Llan\u00e7\u00e0\" title=\"AP-39 RODRIGUEZ Apartament La Vila Llan\u00e7\u00e0\"><\/div>  <\/div>\n\n  <div class=\"n2r__list__item__info\">\n    <div class=\"n2r__list__item__title\">\n      <h2 class=\"n2r__list__item__name\">\n        <a href=\"https:\/\/immobiliariafalco.com\/ca\/detall-propietat-de-lloguer\/lloguer-apartament-ap-39-llanca-26675\/\">ESPAI\u00d3S APARTAMENT AMB PISCINA COMUNIT\u00c0RIA A LA VILA<\/a>\n      <\/h2>\n          <\/div>\n    <div class=\"n2r__list__item__title\">\n      <div class=\"n2r__list__item__reference\">Ref: AP-39<\/div>\n      <div class=\"n2r__list__item__turisticreference\">HUTG-011547-06<\/div>      <div class=\"n2r__list__item__city\">Llan\u00e7\u00e0<\/div>\n              <div class=\"n2r__list__item__rating\">\n          <div class=\"n2r__rating\">\n            <div class=\"n2r__rating__complete\" style=\"width:0%\"><\/div>\n          <\/div>\n        <\/div>\n          <\/div>\n    <div class=\"n2r__list__item__features\">\n      <div class=\"n2r__list__item__feature n2r__list__item__feature--rooms\" title=\"3 habitacions\"><i class=\"n2r_room\"><\/i> 3<\/div><div class=\"n2r__list__item__feature n2r__list__item__feature--capacity\" title=\"6 pax\"><i class=\"n2r_people\"><\/i> 6<\/div><div class=\"n2r__list__item__feature n2r__list__item__feature--bathrooms\" title=\"2 lavabos\"><i class=\"n2r_toilet\"><\/i> 2<\/div>    <\/div>\n    <div class=\"n2r__list__item__description\">*Per reserves fora de les dates disponibles contactar directament amb l&#039;ag\u00e8ncia\r\nAquest c\u00f2mode apartament \u00e9s el lloc perfecte on passar les teves vacances en fam\u00edlia. Compost d&#039; un dormitori amb llitera individual, un dormitori amb sof\u00e0-llit doble i un dormitori amb llit doble i acc\u00e9s al balc\u00f3. Disposa d&#039;una cuina oberta i totalment equipada amb tot el que necessitar\u00e0s durant la teva estada, un sal\u00f3-menjador amb un gran sof\u00e0 i acc\u00e9s al balc\u00f3, molt assolellat despr\u00e9s del migdia. Compta tamb\u00e9 amb un bany i un lavabo. El balc\u00f3 disposa d&#039;una gran taula plegable, cadires i g\u00e0ndules, lloc perfecte on gaudir del sol estiuenc. Finalment, tamb\u00e9 disposa d&#039; acc\u00e9s a la gran piscina comunit\u00e0ria, amb zones enjardinades.\r\nSituat en una zona molt tranquil\u00b7la, molt llumin\u00f3s i ampli i amb vistes a la piscina, el poble i la vegetaci\u00f3.\r\n\u00a0\r\nDisclaimer: No disposa de WIFI ni de tendal<\/div>\n    <div class=\"n2r__list__item__footer\">\n      <div class=\"n2r__list__item__price\"><span class=\"n2r__list__item__price__from\">Des de 92,28 \u20ac <small class=\"n2r__list__item__price__from__type\">\/  Dia<\/small><\/span><\/div>    <\/div>\n  <\/div>\n  <a class=\"n2r__list__item__link\" href=\"https:\/\/immobiliariafalco.com\/ca\/detall-propietat-de-lloguer\/lloguer-apartament-ap-39-llanca-26675\/\">M\u00e9s detalls<\/a>\n  <\/div><div class=\"n2r__list__item n2r__clickable   \" data-id=\"26932\">\n    <div class=\"n2r__list__item__gallery n2r__slider\">\n    <div class=\"slide-item\"><img data-lazy=\"https:\/\/files.net2rent.com\/pfiles\/298\/26932\/612855-fd-o-m.jpg\" alt=\"AP-9 AP-9 Apartament Fan\u00e9 de Dalt Llan\u00e7\u00e0\" title=\"AP-9 AP-9 Apartament Fan\u00e9 de Dalt Llan\u00e7\u00e0\"><\/div><div class=\"slide-item\"><img data-lazy=\"https:\/\/files.net2rent.com\/pfiles\/298\/26932\/612832-LQ-o-m.jpg\" alt=\"AP-9 AP-9 Apartament Fan\u00e9 de Dalt Llan\u00e7\u00e0\" title=\"AP-9 AP-9 Apartament Fan\u00e9 de Dalt Llan\u00e7\u00e0\"><\/div><div class=\"slide-item\"><img data-lazy=\"https:\/\/files.net2rent.com\/pfiles\/298\/26932\/633913-p6-o-m.jpg\" alt=\"AP-9 AP-9 Apartament Fan\u00e9 de Dalt Llan\u00e7\u00e0\" title=\"AP-9 AP-9 Apartament Fan\u00e9 de Dalt Llan\u00e7\u00e0\"><\/div><div class=\"slide-item\"><img data-lazy=\"https:\/\/files.net2rent.com\/pfiles\/298\/26932\/633904-Fw-o-m.jpg\" alt=\"AP-9 AP-9 Apartament Fan\u00e9 de Dalt Llan\u00e7\u00e0\" title=\"AP-9 AP-9 Apartament Fan\u00e9 de Dalt Llan\u00e7\u00e0\"><\/div><div class=\"slide-item\"><img data-lazy=\"https:\/\/files.net2rent.com\/pfiles\/298\/26932\/633906-ht-o-m.jpg\" alt=\"AP-9 AP-9 Apartament Fan\u00e9 de Dalt Llan\u00e7\u00e0\" title=\"AP-9 AP-9 Apartament Fan\u00e9 de Dalt Llan\u00e7\u00e0\"><\/div><div class=\"slide-item\"><img data-lazy=\"https:\/\/files.net2rent.com\/pfiles\/298\/26932\/633903-pq-o-m.jpg\" alt=\"AP-9 AP-9 Apartament Fan\u00e9 de Dalt Llan\u00e7\u00e0\" title=\"AP-9 AP-9 Apartament Fan\u00e9 de Dalt Llan\u00e7\u00e0\"><\/div><div class=\"slide-item\"><img data-lazy=\"https:\/\/files.net2rent.com\/pfiles\/298\/26932\/633907-OK-o-m.jpg\" alt=\"AP-9 AP-9 Apartament Fan\u00e9 de Dalt Llan\u00e7\u00e0\" title=\"AP-9 AP-9 Apartament Fan\u00e9 de Dalt Llan\u00e7\u00e0\"><\/div><div class=\"slide-item\"><img data-lazy=\"https:\/\/files.net2rent.com\/pfiles\/298\/26932\/633908-D1-o-m.jpg\" alt=\"AP-9 AP-9 Apartament Fan\u00e9 de Dalt Llan\u00e7\u00e0\" title=\"AP-9 AP-9 Apartament Fan\u00e9 de Dalt Llan\u00e7\u00e0\"><\/div><div class=\"slide-item\"><img data-lazy=\"https:\/\/files.net2rent.com\/pfiles\/298\/26932\/633910-so-o-m.jpg\" alt=\"AP-9 AP-9 Apartament Fan\u00e9 de Dalt Llan\u00e7\u00e0\" title=\"AP-9 AP-9 Apartament Fan\u00e9 de Dalt Llan\u00e7\u00e0\"><\/div><div class=\"slide-item\"><img data-lazy=\"https:\/\/files.net2rent.com\/pfiles\/298\/26932\/633892-Cl-o-m.jpg\" alt=\"AP-9 AP-9 Apartament Fan\u00e9 de Dalt Llan\u00e7\u00e0\" title=\"AP-9 AP-9 Apartament Fan\u00e9 de Dalt Llan\u00e7\u00e0\"><\/div><div class=\"slide-item\"><img data-lazy=\"https:\/\/files.net2rent.com\/pfiles\/298\/26932\/633914-rn-o-m.jpg\" alt=\"AP-9 AP-9 Apartament Fan\u00e9 de Dalt Llan\u00e7\u00e0\" title=\"AP-9 AP-9 Apartament Fan\u00e9 de Dalt Llan\u00e7\u00e0\"><\/div><div class=\"slide-item\"><img data-lazy=\"https:\/\/files.net2rent.com\/pfiles\/298\/26932\/633912-eX-o-m.jpg\" alt=\"AP-9 AP-9 Apartament Fan\u00e9 de Dalt Llan\u00e7\u00e0\" title=\"AP-9 AP-9 Apartament Fan\u00e9 de Dalt Llan\u00e7\u00e0\"><\/div><div class=\"slide-item\"><img data-lazy=\"https:\/\/files.net2rent.com\/pfiles\/298\/26932\/633911-0c-o-m.jpg\" alt=\"AP-9 AP-9 Apartament Fan\u00e9 de Dalt Llan\u00e7\u00e0\" title=\"AP-9 AP-9 Apartament Fan\u00e9 de Dalt Llan\u00e7\u00e0\"><\/div><div class=\"slide-item\"><img data-lazy=\"https:\/\/files.net2rent.com\/pfiles\/298\/26932\/633900-xB-o-m.jpg\" alt=\"AP-9 AP-9 Apartament Fan\u00e9 de Dalt Llan\u00e7\u00e0\" title=\"AP-9 AP-9 Apartament Fan\u00e9 de Dalt Llan\u00e7\u00e0\"><\/div><div class=\"slide-item\"><img data-lazy=\"https:\/\/files.net2rent.com\/pfiles\/298\/26932\/633901-3E-o-m.jpg\" alt=\"AP-9 AP-9 Apartament Fan\u00e9 de Dalt Llan\u00e7\u00e0\" title=\"AP-9 AP-9 Apartament Fan\u00e9 de Dalt Llan\u00e7\u00e0\"><\/div><div class=\"slide-item\"><img data-lazy=\"https:\/\/files.net2rent.com\/pfiles\/298\/26932\/633896-b9-o-m.jpg\" alt=\"AP-9 AP-9 Apartament Fan\u00e9 de Dalt Llan\u00e7\u00e0\" title=\"AP-9 AP-9 Apartament Fan\u00e9 de Dalt Llan\u00e7\u00e0\"><\/div><div class=\"slide-item\"><img data-lazy=\"https:\/\/files.net2rent.com\/pfiles\/298\/26932\/633895-rf-o-m.jpg\" alt=\"AP-9 AP-9 Apartament Fan\u00e9 de Dalt Llan\u00e7\u00e0\" title=\"AP-9 AP-9 Apartament Fan\u00e9 de Dalt Llan\u00e7\u00e0\"><\/div><div class=\"slide-item\"><img data-lazy=\"https:\/\/files.net2rent.com\/pfiles\/298\/26932\/633915-3Y-o-m.jpg\" alt=\"AP-9 AP-9 Apartament Fan\u00e9 de Dalt Llan\u00e7\u00e0\" title=\"AP-9 AP-9 Apartament Fan\u00e9 de Dalt Llan\u00e7\u00e0\"><\/div><div class=\"slide-item\"><img data-lazy=\"https:\/\/files.net2rent.com\/pfiles\/298\/26932\/612845-IF-o-m.jpg\" alt=\"AP-9 AP-9 Apartament Fan\u00e9 de Dalt Llan\u00e7\u00e0\" title=\"AP-9 AP-9 Apartament Fan\u00e9 de Dalt Llan\u00e7\u00e0\"><\/div><div class=\"slide-item\"><img data-lazy=\"https:\/\/files.net2rent.com\/pfiles\/298\/26932\/633889-CC-o-m.jpg\" alt=\"AP-9 AP-9 Apartament Fan\u00e9 de Dalt Llan\u00e7\u00e0\" title=\"AP-9 AP-9 Apartament Fan\u00e9 de Dalt Llan\u00e7\u00e0\"><\/div><div class=\"slide-item\"><img data-lazy=\"https:\/\/files.net2rent.com\/pfiles\/298\/26932\/633890-rW-o-m.jpg\" alt=\"AP-9 AP-9 Apartament Fan\u00e9 de Dalt Llan\u00e7\u00e0\" title=\"AP-9 AP-9 Apartament Fan\u00e9 de Dalt Llan\u00e7\u00e0\"><\/div><div class=\"slide-item\"><img data-lazy=\"https:\/\/files.net2rent.com\/pfiles\/298\/26932\/633893-YF-o-m.jpg\" alt=\"AP-9 AP-9 Apartament Fan\u00e9 de Dalt Llan\u00e7\u00e0\" title=\"AP-9 AP-9 Apartament Fan\u00e9 de Dalt Llan\u00e7\u00e0\"><\/div><div class=\"slide-item\"><img data-lazy=\"https:\/\/files.net2rent.com\/pfiles\/298\/26932\/633897-01-o-m.jpg\" alt=\"AP-9 AP-9 Apartament Fan\u00e9 de Dalt Llan\u00e7\u00e0\" title=\"AP-9 AP-9 Apartament Fan\u00e9 de Dalt Llan\u00e7\u00e0\"><\/div><div class=\"slide-item\"><img data-lazy=\"https:\/\/files.net2rent.com\/pfiles\/298\/26932\/633898-dP-o-m.jpg\" alt=\"AP-9 AP-9 Apartament Fan\u00e9 de Dalt Llan\u00e7\u00e0\" title=\"AP-9 AP-9 Apartament Fan\u00e9 de Dalt Llan\u00e7\u00e0\"><\/div><div class=\"slide-item\"><img data-lazy=\"https:\/\/files.net2rent.com\/pfiles\/298\/26932\/633902-Bb-o-m.jpg\" alt=\"AP-9 AP-9 Apartament Fan\u00e9 de Dalt Llan\u00e7\u00e0\" title=\"AP-9 AP-9 Apartament Fan\u00e9 de Dalt Llan\u00e7\u00e0\"><\/div>  <\/div>\n\n  <div class=\"n2r__list__item__info\">\n    <div class=\"n2r__list__item__title\">\n      <h2 class=\"n2r__list__item__name\">\n        <a href=\"https:\/\/immobiliariafalco.com\/ca\/detall-propietat-de-lloguer\/lloguer-apartament-ap-9-llanca-26932\/\">APARTAMENT AMB PISCINA FAN\u00c9 DE DALT<\/a>\n      <\/h2>\n          <\/div>\n    <div class=\"n2r__list__item__title\">\n      <div class=\"n2r__list__item__reference\">Ref: AP-9<\/div>\n      <div class=\"n2r__list__item__turisticreference\">HUTG-028496-22<\/div>      <div class=\"n2r__list__item__city\">Llan\u00e7\u00e0<\/div>\n              <div class=\"n2r__list__item__rating\">\n          <div class=\"n2r__rating\">\n            <div class=\"n2r__rating__complete\" style=\"width:0%\"><\/div>\n          <\/div>\n        <\/div>\n          <\/div>\n    <div class=\"n2r__list__item__features\">\n      <div class=\"n2r__list__item__feature n2r__list__item__feature--rooms\" title=\"3 habitacions\"><i class=\"n2r_room\"><\/i> 3<\/div><div class=\"n2r__list__item__feature n2r__list__item__feature--capacity\" title=\"5 pax\"><i class=\"n2r_people\"><\/i> 5<\/div><div class=\"n2r__list__item__feature n2r__list__item__feature--bathrooms\" title=\"1 lavabos\"><i class=\"n2r_toilet\"><\/i> 1<\/div><div class=\"n2r__list__item__feature n2r__list__item__feature--parking\" title=\"Aparcament\"><i class=\"n2r_parking\"><\/i> <\/div>    <\/div>\n    <div class=\"n2r__list__item__description\">Situat a la tranquil\u00b7la zona de Fan\u00e9 de Dalt \u2014a penes uns minuts a peu del mar\u2014 aquest apartament ofereix comoditat des del primer dia. Amb tres habitacions, un llit doble i dos individuals, m\u00e9s un sof\u00e0-llit, resulta ideal per a fins a cinc adults o cinc adults m\u00e9s un nen. El bany est\u00e0 reformat i la cuina ve completament equipada, llista per preparar des d&#039;esmorzars tranquils fins a sopars despr\u00e9s de tornar de la platja. L&#039; equipament extra de l&#039; apartament inclou: bullidora, mobiliari per a la terrassa i dues gandules, i llit de bressol, trona, i mecedora per als m\u00e9s petits.\r\nEl sal\u00f3, llumin\u00f3s i funcional, permet tant descansar com desconnectar davant la televisi\u00f3, mentre que la distribuci\u00f3 del pis garanteix privacitat i espai suficient per a tots els seus ocupants. A m\u00e9s, l&#039;apartament inclou serveis \u00fatils com rentadora, pla\u00e7a d&#039;aparcament i acc\u00e9s a piscina comunit\u00e0ria \u2014un plus important si busques confort durant el calor\u00f3s estiu.\r\n\u00a0<\/div>\n    <div class=\"n2r__list__item__footer\">\n      <div class=\"n2r__list__item__price\"><span class=\"n2r__list__item__price__from\">Des de 79,30 \u20ac <small class=\"n2r__list__item__price__from__type\">\/  Dia<\/small><\/span><\/div>    <\/div>\n  <\/div>\n  <a class=\"n2r__list__item__link\" href=\"https:\/\/immobiliariafalco.com\/ca\/detall-propietat-de-lloguer\/lloguer-apartament-ap-9-llanca-26932\/\">M\u00e9s detalls<\/a>\n  <\/div><div class=\"n2r__list__item n2r__clickable   \" data-id=\"23441\">\n    <div class=\"n2r__list__item__gallery n2r__slider\">\n    <div class=\"slide-item\"><img data-lazy=\"https:\/\/files.net2rent.com\/pfiles\/298\/23441\/569392-BN-o-m.jpg\" alt=\"AP-65 AP-65 Apartament  Llan\u00e7\u00e0\" title=\"AP-65 AP-65 Apartament  Llan\u00e7\u00e0\"><\/div><div class=\"slide-item\"><img data-lazy=\"https:\/\/files.net2rent.com\/pfiles\/298\/23441\/569393-lj-o-m.jpg\" alt=\"AP-65 AP-65 Apartament  Llan\u00e7\u00e0\" title=\"AP-65 AP-65 Apartament  Llan\u00e7\u00e0\"><\/div><div class=\"slide-item\"><img data-lazy=\"https:\/\/files.net2rent.com\/pfiles\/298\/23441\/569394-eA-o-m.jpg\" alt=\"AP-65 AP-65 Apartament  Llan\u00e7\u00e0\" title=\"AP-65 AP-65 Apartament  Llan\u00e7\u00e0\"><\/div><div class=\"slide-item\"><img data-lazy=\"https:\/\/files.net2rent.com\/pfiles\/298\/23441\/569385-aI-o-m.jpg\" alt=\"AP-65 AP-65 Apartament  Llan\u00e7\u00e0\" title=\"AP-65 AP-65 Apartament  Llan\u00e7\u00e0\"><\/div><div class=\"slide-item\"><img data-lazy=\"https:\/\/files.net2rent.com\/pfiles\/298\/23441\/569389-jv-o-m.jpg\" alt=\"AP-65 AP-65 Apartament  Llan\u00e7\u00e0\" title=\"AP-65 AP-65 Apartament  Llan\u00e7\u00e0\"><\/div><div class=\"slide-item\"><img data-lazy=\"https:\/\/files.net2rent.com\/pfiles\/298\/23441\/569395-i8-o-m.jpg\" alt=\"AP-65 AP-65 Apartament  Llan\u00e7\u00e0\" title=\"AP-65 AP-65 Apartament  Llan\u00e7\u00e0\"><\/div><div class=\"slide-item\"><img data-lazy=\"https:\/\/files.net2rent.com\/pfiles\/298\/23441\/569384-HJ-o-m.jpg\" alt=\"AP-65 AP-65 Apartament  Llan\u00e7\u00e0\" title=\"AP-65 AP-65 Apartament  Llan\u00e7\u00e0\"><\/div><div class=\"slide-item\"><img data-lazy=\"https:\/\/files.net2rent.com\/pfiles\/298\/23441\/569390-GS-o-m.jpg\" alt=\"AP-65 AP-65 Apartament  Llan\u00e7\u00e0\" title=\"AP-65 AP-65 Apartament  Llan\u00e7\u00e0\"><\/div><div class=\"slide-item\"><img data-lazy=\"https:\/\/files.net2rent.com\/pfiles\/298\/23441\/569391-J3-o-m.jpg\" alt=\"AP-65 AP-65 Apartament  Llan\u00e7\u00e0\" title=\"AP-65 AP-65 Apartament  Llan\u00e7\u00e0\"><\/div><div class=\"slide-item\"><img data-lazy=\"https:\/\/files.net2rent.com\/pfiles\/298\/23441\/569387-ry-o-m.jpg\" alt=\"AP-65 AP-65 Apartament  Llan\u00e7\u00e0\" title=\"AP-65 AP-65 Apartament  Llan\u00e7\u00e0\"><\/div><div class=\"slide-item\"><img data-lazy=\"https:\/\/files.net2rent.com\/pfiles\/298\/23441\/569388-G7-o-m.jpg\" alt=\"AP-65 AP-65 Apartament  Llan\u00e7\u00e0\" title=\"AP-65 AP-65 Apartament  Llan\u00e7\u00e0\"><\/div><div class=\"slide-item\"><img data-lazy=\"https:\/\/files.net2rent.com\/pfiles\/298\/23441\/569386-dy-o-m.jpg\" alt=\"AP-65 AP-65 Apartament  Llan\u00e7\u00e0\" title=\"AP-65 AP-65 Apartament  Llan\u00e7\u00e0\"><\/div>  <\/div>\n\n  <div class=\"n2r__list__item__info\">\n    <div class=\"n2r__list__item__title\">\n      <h2 class=\"n2r__list__item__name\">\n        <a href=\"https:\/\/immobiliariafalco.com\/ca\/detall-propietat-de-lloguer\/lloguer-apartament-ap-65-llanca-23441\/\">APARTAMENT AMB PISCINA COMUNIT\u00c0RIA<\/a>\n      <\/h2>\n          <\/div>\n    <div class=\"n2r__list__item__title\">\n      <div class=\"n2r__list__item__reference\">Ref: AP-65<\/div>\n      <div class=\"n2r__list__item__turisticreference\">HUTG-002287-41<\/div>      <div class=\"n2r__list__item__city\">Llan\u00e7\u00e0<\/div>\n              <div class=\"n2r__list__item__rating\">\n          <div class=\"n2r__rating\">\n            <div class=\"n2r__rating__complete\" style=\"width:0%\"><\/div>\n          <\/div>\n        <\/div>\n          <\/div>\n    <div class=\"n2r__list__item__features\">\n      <div class=\"n2r__list__item__feature n2r__list__item__feature--rooms\" title=\"1 habitacions\"><i class=\"n2r_room\"><\/i> 1<\/div><div class=\"n2r__list__item__feature n2r__list__item__feature--capacity\" title=\"3 pax\"><i class=\"n2r_people\"><\/i> 3<\/div><div class=\"n2r__list__item__feature n2r__list__item__feature--bathrooms\" title=\"1 lavabos\"><i class=\"n2r_toilet\"><\/i> 1<\/div>    <\/div>\n    <div class=\"n2r__list__item__description\">\r\n\r\nFant\u00e0stic apartament amb gran piscina comunit\u00e0ria a Fan\u00e9 de Dalt. Compta amb alguns elements de mobiliari recent renovats. Amb capacitat per a fins a 3 ocupants amb 1 dormitori i un sof\u00e0 llit. Tamb\u00e9 disposa de zones enjardinades i de p\u00e0rquing a la vivenda sota disponibilitat o al carrer. Ideal per passar les vacances!\r\n<\/div>\n    <div class=\"n2r__list__item__footer\">\n      <div class=\"n2r__list__item__price\"><span class=\"n2r__list__item__price__from\">Des de 96 \u20ac <small class=\"n2r__list__item__price__from__type\">\/  Dia<\/small><\/span><\/div>    <\/div>\n  <\/div>\n  <a class=\"n2r__list__item__link\" href=\"https:\/\/immobiliariafalco.com\/ca\/detall-propietat-de-lloguer\/lloguer-apartament-ap-65-llanca-23441\/\">M\u00e9s detalls<\/a>\n  <\/div><div class=\"n2r__list__item n2r__clickable   \" data-id=\"23442\">\n    <div class=\"n2r__list__item__gallery n2r__slider\">\n    <div class=\"slide-item\"><img data-lazy=\"https:\/\/files.net2rent.com\/pfiles\/298\/23442\/575360-8I-o-m.jpg\" alt=\"AZCONA AZCONA Apartament  Llan\u00e7\u00e0\" title=\"AZCONA AZCONA Apartament  Llan\u00e7\u00e0\"><\/div><div class=\"slide-item\"><img data-lazy=\"https:\/\/files.net2rent.com\/pfiles\/298\/23442\/575358-bz-o-m.jpg\" alt=\"AZCONA AZCONA Apartament  Llan\u00e7\u00e0\" title=\"AZCONA AZCONA Apartament  Llan\u00e7\u00e0\"><\/div><div class=\"slide-item\"><img data-lazy=\"https:\/\/files.net2rent.com\/pfiles\/298\/23442\/575359-WD-o-m.jpg\" alt=\"AZCONA AZCONA Apartament  Llan\u00e7\u00e0\" title=\"AZCONA AZCONA Apartament  Llan\u00e7\u00e0\"><\/div><div class=\"slide-item\"><img data-lazy=\"https:\/\/files.net2rent.com\/pfiles\/298\/23442\/575379-RH-o-m.jpg\" alt=\"AZCONA AZCONA Apartament  Llan\u00e7\u00e0\" title=\"AZCONA AZCONA Apartament  Llan\u00e7\u00e0\"><\/div><div class=\"slide-item\"><img data-lazy=\"https:\/\/files.net2rent.com\/pfiles\/298\/23442\/575378-Th-o-m.jpg\" alt=\"AZCONA AZCONA Apartament  Llan\u00e7\u00e0\" title=\"AZCONA AZCONA Apartament  Llan\u00e7\u00e0\"><\/div><div class=\"slide-item\"><img data-lazy=\"https:\/\/files.net2rent.com\/pfiles\/298\/23442\/575385-qj-o-m.jpg\" alt=\"AZCONA AZCONA Apartament  Llan\u00e7\u00e0\" title=\"AZCONA AZCONA Apartament  Llan\u00e7\u00e0\"><\/div><div class=\"slide-item\"><img data-lazy=\"https:\/\/files.net2rent.com\/pfiles\/298\/23442\/575377-ag-o-m.jpg\" alt=\"AZCONA AZCONA Apartament  Llan\u00e7\u00e0\" title=\"AZCONA AZCONA Apartament  Llan\u00e7\u00e0\"><\/div><div class=\"slide-item\"><img data-lazy=\"https:\/\/files.net2rent.com\/pfiles\/298\/23442\/575381-1g-o-m.jpg\" alt=\"AZCONA AZCONA Apartament  Llan\u00e7\u00e0\" title=\"AZCONA AZCONA Apartament  Llan\u00e7\u00e0\"><\/div><div class=\"slide-item\"><img data-lazy=\"https:\/\/files.net2rent.com\/pfiles\/298\/23442\/575356-q7-o-m.jpg\" alt=\"AZCONA AZCONA Apartament  Llan\u00e7\u00e0\" title=\"AZCONA AZCONA Apartament  Llan\u00e7\u00e0\"><\/div><div class=\"slide-item\"><img data-lazy=\"https:\/\/files.net2rent.com\/pfiles\/298\/23442\/575357-RR-o-m.jpg\" alt=\"AZCONA AZCONA Apartament  Llan\u00e7\u00e0\" title=\"AZCONA AZCONA Apartament  Llan\u00e7\u00e0\"><\/div><div class=\"slide-item\"><img data-lazy=\"https:\/\/files.net2rent.com\/pfiles\/298\/23442\/575361-yF-o-m.jpg\" alt=\"AZCONA AZCONA Apartament  Llan\u00e7\u00e0\" title=\"AZCONA AZCONA Apartament  Llan\u00e7\u00e0\"><\/div><div class=\"slide-item\"><img data-lazy=\"https:\/\/files.net2rent.com\/pfiles\/298\/23442\/575362-IR-o-m.jpg\" alt=\"AZCONA AZCONA Apartament  Llan\u00e7\u00e0\" title=\"AZCONA AZCONA Apartament  Llan\u00e7\u00e0\"><\/div><div class=\"slide-item\"><img data-lazy=\"https:\/\/files.net2rent.com\/pfiles\/298\/23442\/575364-Vj-o-m.jpg\" alt=\"AZCONA AZCONA Apartament  Llan\u00e7\u00e0\" title=\"AZCONA AZCONA Apartament  Llan\u00e7\u00e0\"><\/div><div class=\"slide-item\"><img data-lazy=\"https:\/\/files.net2rent.com\/pfiles\/298\/23442\/575371-mB-o-m.jpg\" alt=\"AZCONA AZCONA Apartament  Llan\u00e7\u00e0\" title=\"AZCONA AZCONA Apartament  Llan\u00e7\u00e0\"><\/div><div class=\"slide-item\"><img data-lazy=\"https:\/\/files.net2rent.com\/pfiles\/298\/23442\/575372-36-o-m.jpg\" alt=\"AZCONA AZCONA Apartament  Llan\u00e7\u00e0\" title=\"AZCONA AZCONA Apartament  Llan\u00e7\u00e0\"><\/div><div class=\"slide-item\"><img data-lazy=\"https:\/\/files.net2rent.com\/pfiles\/298\/23442\/575389-Hx-o-m.jpg\" alt=\"AZCONA AZCONA Apartament  Llan\u00e7\u00e0\" title=\"AZCONA AZCONA Apartament  Llan\u00e7\u00e0\"><\/div><div class=\"slide-item\"><img data-lazy=\"https:\/\/files.net2rent.com\/pfiles\/298\/23442\/575363-b3-o-m.jpg\" alt=\"AZCONA AZCONA Apartament  Llan\u00e7\u00e0\" title=\"AZCONA AZCONA Apartament  Llan\u00e7\u00e0\"><\/div><div class=\"slide-item\"><img data-lazy=\"https:\/\/files.net2rent.com\/pfiles\/298\/23442\/575390-3O-o-m.jpg\" alt=\"AZCONA AZCONA Apartament  Llan\u00e7\u00e0\" title=\"AZCONA AZCONA Apartament  Llan\u00e7\u00e0\"><\/div><div class=\"slide-item\"><img data-lazy=\"https:\/\/files.net2rent.com\/pfiles\/298\/23442\/575383-Ae-o-m.jpg\" alt=\"AZCONA AZCONA Apartament  Llan\u00e7\u00e0\" title=\"AZCONA AZCONA Apartament  Llan\u00e7\u00e0\"><\/div><div class=\"slide-item\"><img data-lazy=\"https:\/\/files.net2rent.com\/pfiles\/298\/23442\/575388-qp-o-m.jpg\" alt=\"AZCONA AZCONA Apartament  Llan\u00e7\u00e0\" title=\"AZCONA AZCONA Apartament  Llan\u00e7\u00e0\"><\/div><div class=\"slide-item\"><img data-lazy=\"https:\/\/files.net2rent.com\/pfiles\/298\/23442\/575366-iu-o-m.jpg\" alt=\"AZCONA AZCONA Apartament  Llan\u00e7\u00e0\" title=\"AZCONA AZCONA Apartament  Llan\u00e7\u00e0\"><\/div><div class=\"slide-item\"><img data-lazy=\"https:\/\/files.net2rent.com\/pfiles\/298\/23442\/575367-n8-o-m.jpg\" alt=\"AZCONA AZCONA Apartament  Llan\u00e7\u00e0\" title=\"AZCONA AZCONA Apartament  Llan\u00e7\u00e0\"><\/div><div class=\"slide-item\"><img data-lazy=\"https:\/\/files.net2rent.com\/pfiles\/298\/23442\/575368-NJ-o-m.jpg\" alt=\"AZCONA AZCONA Apartament  Llan\u00e7\u00e0\" title=\"AZCONA AZCONA Apartament  Llan\u00e7\u00e0\"><\/div><div class=\"slide-item\"><img data-lazy=\"https:\/\/files.net2rent.com\/pfiles\/298\/23442\/575369-ka-o-m.jpg\" alt=\"AZCONA AZCONA Apartament  Llan\u00e7\u00e0\" title=\"AZCONA AZCONA Apartament  Llan\u00e7\u00e0\"><\/div><div class=\"slide-item\"><img data-lazy=\"https:\/\/files.net2rent.com\/pfiles\/298\/23442\/575370-45-o-m.jpg\" alt=\"AZCONA AZCONA Apartament  Llan\u00e7\u00e0\" title=\"AZCONA AZCONA Apartament  Llan\u00e7\u00e0\"><\/div>  <\/div>\n\n  <div class=\"n2r__list__item__info\">\n    <div class=\"n2r__list__item__title\">\n      <h2 class=\"n2r__list__item__name\">\n        <a href=\"https:\/\/immobiliariafalco.com\/ca\/detall-propietat-de-lloguer\/lloguer-apartament-ap-24-llanca-23442\/\">\u00c0TIC AMB IMPRESSIONANTS VISTES A LA COSTA BRAVA<\/a>\n      <\/h2>\n          <\/div>\n    <div class=\"n2r__list__item__title\">\n      <div class=\"n2r__list__item__reference\">Ref: AP-24<\/div>\n      <div class=\"n2r__list__item__turisticreference\">HUTG-064363-91<\/div>      <div class=\"n2r__list__item__city\">Llan\u00e7\u00e0<\/div>\n              <div class=\"n2r__list__item__rating\">\n          <div class=\"n2r__rating\">\n            <div class=\"n2r__rating__complete\" style=\"width:0%\"><\/div>\n          <\/div>\n        <\/div>\n          <\/div>\n    <div class=\"n2r__list__item__features\">\n      <div class=\"n2r__list__item__feature n2r__list__item__feature--rooms\" title=\"2 habitacions\"><i class=\"n2r_room\"><\/i> 2<\/div><div class=\"n2r__list__item__feature n2r__list__item__feature--capacity\" title=\"5 pax\"><i class=\"n2r_people\"><\/i> 5<\/div><div class=\"n2r__list__item__feature n2r__list__item__feature--bathrooms\" title=\"2 lavabos\"><i class=\"n2r_toilet\"><\/i> 2<\/div>    <\/div>\n    <div class=\"n2r__list__item__description\">\r\n\r\nAquest lux\u00f3s i recent reformat apartament \u00e9s l&#039;habitatge ideal per passar unes vacances fant\u00e0stiques. L&#039;\u00e0tic est\u00e0 completament equipat amb tot el que podr\u00e0s necessitar durant la teva estada i compta amb aire condicionat per poder gaudir fins i tot dels dies m\u00e9s calorosos de l&#039;estiu. Compte amb dos dormitoris dobles, una cuina oberta a un gran sal\u00f3-menjador, un bany complet, un lavabo i una \u00e0mplia terrassa amb barbacoa on gaudir del sol i de les espectaculars vistes.\r\n<\/div>\n    <div class=\"n2r__list__item__footer\">\n      <div class=\"n2r__list__item__price\"><span class=\"n2r__list__item__price__from\">Des de 164 \u20ac <small class=\"n2r__list__item__price__from__type\">\/  Dia<\/small><\/span><\/div>    <\/div>\n  <\/div>\n  <a class=\"n2r__list__item__link\" href=\"https:\/\/immobiliariafalco.com\/ca\/detall-propietat-de-lloguer\/lloguer-apartament-ap-24-llanca-23442\/\">M\u00e9s detalls<\/a>\n  <\/div><div class=\"n2r__list__item n2r__clickable   \" data-id=\"23445\">\n    <div class=\"n2r__list__item__gallery n2r__slider\">\n    <div class=\"slide-item\"><img data-lazy=\"https:\/\/files.net2rent.com\/pfiles\/298\/23445\/576517-PM-o-m.jpg\" alt=\"AP-1 AP-1 Apartament  LLAN\u00c7A\" title=\"AP-1 AP-1 Apartament  LLAN\u00c7A\"><\/div><div class=\"slide-item\"><img data-lazy=\"https:\/\/files.net2rent.com\/pfiles\/298\/23445\/576530-5V-o-m.jpg\" alt=\"AP-1 AP-1 Apartament  LLAN\u00c7A\" title=\"AP-1 AP-1 Apartament  LLAN\u00c7A\"><\/div><div class=\"slide-item\"><img data-lazy=\"https:\/\/files.net2rent.com\/pfiles\/298\/23445\/576519-a5-o-m.jpg\" alt=\"AP-1 AP-1 Apartament  LLAN\u00c7A\" title=\"AP-1 AP-1 Apartament  LLAN\u00c7A\"><\/div><div class=\"slide-item\"><img data-lazy=\"https:\/\/files.net2rent.com\/pfiles\/298\/23445\/576520-kB-o-m.jpg\" alt=\"AP-1 AP-1 Apartament  LLAN\u00c7A\" title=\"AP-1 AP-1 Apartament  LLAN\u00c7A\"><\/div><div class=\"slide-item\"><img data-lazy=\"https:\/\/files.net2rent.com\/pfiles\/298\/23445\/576518-nX-o-m.jpg\" alt=\"AP-1 AP-1 Apartament  LLAN\u00c7A\" title=\"AP-1 AP-1 Apartament  LLAN\u00c7A\"><\/div><div class=\"slide-item\"><img data-lazy=\"https:\/\/files.net2rent.com\/pfiles\/298\/23445\/576522-K8-o-m.jpg\" alt=\"AP-1 AP-1 Apartament  LLAN\u00c7A\" title=\"AP-1 AP-1 Apartament  LLAN\u00c7A\"><\/div><div class=\"slide-item\"><img data-lazy=\"https:\/\/files.net2rent.com\/pfiles\/298\/23445\/576521-x7-o-m.jpg\" alt=\"AP-1 AP-1 Apartament  LLAN\u00c7A\" title=\"AP-1 AP-1 Apartament  LLAN\u00c7A\"><\/div><div class=\"slide-item\"><img data-lazy=\"https:\/\/files.net2rent.com\/pfiles\/298\/23445\/576524-DK-o-m.jpg\" alt=\"AP-1 AP-1 Apartament  LLAN\u00c7A\" title=\"AP-1 AP-1 Apartament  LLAN\u00c7A\"><\/div><div class=\"slide-item\"><img data-lazy=\"https:\/\/files.net2rent.com\/pfiles\/298\/23445\/576523-Or-o-m.jpg\" alt=\"AP-1 AP-1 Apartament  LLAN\u00c7A\" title=\"AP-1 AP-1 Apartament  LLAN\u00c7A\"><\/div><div class=\"slide-item\"><img data-lazy=\"https:\/\/files.net2rent.com\/pfiles\/298\/23445\/576516-BX-o-m.jpg\" alt=\"AP-1 AP-1 Apartament  LLAN\u00c7A\" title=\"AP-1 AP-1 Apartament  LLAN\u00c7A\"><\/div><div class=\"slide-item\"><img data-lazy=\"https:\/\/files.net2rent.com\/pfiles\/298\/23445\/576539-km-o-m.jpg\" alt=\"AP-1 AP-1 Apartament  LLAN\u00c7A\" title=\"AP-1 AP-1 Apartament  LLAN\u00c7A\"><\/div><div class=\"slide-item\"><img data-lazy=\"https:\/\/files.net2rent.com\/pfiles\/298\/23445\/576526-ml-o-m.jpg\" alt=\"AP-1 AP-1 Apartament  LLAN\u00c7A\" title=\"AP-1 AP-1 Apartament  LLAN\u00c7A\"><\/div><div class=\"slide-item\"><img data-lazy=\"https:\/\/files.net2rent.com\/pfiles\/298\/23445\/576525-9c-o-m.jpg\" alt=\"AP-1 AP-1 Apartament  LLAN\u00c7A\" title=\"AP-1 AP-1 Apartament  LLAN\u00c7A\"><\/div><div class=\"slide-item\"><img data-lazy=\"https:\/\/files.net2rent.com\/pfiles\/298\/23445\/576534-Td-o-m.jpg\" alt=\"AP-1 AP-1 Apartament  LLAN\u00c7A\" title=\"AP-1 AP-1 Apartament  LLAN\u00c7A\"><\/div><div class=\"slide-item\"><img data-lazy=\"https:\/\/files.net2rent.com\/pfiles\/298\/23445\/576529-dC-o-m.jpg\" alt=\"AP-1 AP-1 Apartament  LLAN\u00c7A\" title=\"AP-1 AP-1 Apartament  LLAN\u00c7A\"><\/div><div class=\"slide-item\"><img data-lazy=\"https:\/\/files.net2rent.com\/pfiles\/298\/23445\/576533-MF-o-m.jpg\" alt=\"AP-1 AP-1 Apartament  LLAN\u00c7A\" title=\"AP-1 AP-1 Apartament  LLAN\u00c7A\"><\/div><div class=\"slide-item\"><img data-lazy=\"https:\/\/files.net2rent.com\/pfiles\/298\/23445\/576527-j4-o-m.jpg\" alt=\"AP-1 AP-1 Apartament  LLAN\u00c7A\" title=\"AP-1 AP-1 Apartament  LLAN\u00c7A\"><\/div><div class=\"slide-item\"><img data-lazy=\"https:\/\/files.net2rent.com\/pfiles\/298\/23445\/576528-iU-o-m.jpg\" alt=\"AP-1 AP-1 Apartament  LLAN\u00c7A\" title=\"AP-1 AP-1 Apartament  LLAN\u00c7A\"><\/div><div class=\"slide-item\"><img data-lazy=\"https:\/\/files.net2rent.com\/pfiles\/298\/23445\/576537-Uy-o-m.jpg\" alt=\"AP-1 AP-1 Apartament  LLAN\u00c7A\" title=\"AP-1 AP-1 Apartament  LLAN\u00c7A\"><\/div><div class=\"slide-item\"><img data-lazy=\"https:\/\/files.net2rent.com\/pfiles\/298\/23445\/576536-Y8-o-m.jpg\" alt=\"AP-1 AP-1 Apartament  LLAN\u00c7A\" title=\"AP-1 AP-1 Apartament  LLAN\u00c7A\"><\/div><div class=\"slide-item\"><img data-lazy=\"https:\/\/files.net2rent.com\/pfiles\/298\/23445\/576538-iM-o-m.jpg\" alt=\"AP-1 AP-1 Apartament  LLAN\u00c7A\" title=\"AP-1 AP-1 Apartament  LLAN\u00c7A\"><\/div>  <\/div>\n\n  <div class=\"n2r__list__item__info\">\n    <div class=\"n2r__list__item__title\">\n      <h2 class=\"n2r__list__item__name\">\n        <a href=\"https:\/\/immobiliariafalco.com\/ca\/detall-propietat-de-lloguer\/lloguer-apartament-ap-1-llanca-23445\/\">Ampli apartament al Port de Llan\u00e7\u00e0<\/a>\n      <\/h2>\n          <\/div>\n    <div class=\"n2r__list__item__title\">\n      <div class=\"n2r__list__item__reference\">Ref: AP-1<\/div>\n      <div class=\"n2r__list__item__turisticreference\">007241-15<\/div>      <div class=\"n2r__list__item__city\">LLAN\u00c7A<\/div>\n              <div class=\"n2r__list__item__rating\">\n          <div class=\"n2r__rating\">\n            <div class=\"n2r__rating__complete\" style=\"width:0%\"><\/div>\n          <\/div>\n        <\/div>\n          <\/div>\n    <div class=\"n2r__list__item__features\">\n      <div class=\"n2r__list__item__feature n2r__list__item__feature--rooms\" title=\"3 habitacions\"><i class=\"n2r_room\"><\/i> 3<\/div><div class=\"n2r__list__item__feature n2r__list__item__feature--capacity\" title=\"6 pax\"><i class=\"n2r_people\"><\/i> 6<\/div><div class=\"n2r__list__item__feature n2r__list__item__feature--bathrooms\" title=\"2 lavabos\"><i class=\"n2r_toilet\"><\/i> 2<\/div>    <\/div>\n    <div class=\"n2r__list__item__description\">Aquest apartament renovat recentment \u00e9s l&#039;opci\u00f3 ideal si vol passar unes vacances al Port de Llan\u00e7\u00e0. Amb capacitat per fins a sis persones, aquest apartament est\u00e0 equipat amb tots els estris i electrodom\u00e8stics necessaris per a les vacances. Compta amb\u00a0Wi-Fi,\u00a0garatge\u00a0i\u00a0ventiladors de sostre\u00a0molt \u00fatils per a l&#039;estiu. Es troba a segona l\u00ednia de platja i convenientment proper a comer\u00e7os i botigues.<\/div>\n    <div class=\"n2r__list__item__footer\">\n      <div class=\"n2r__list__item__price\"><span class=\"n2r__list__item__price__from\">Des de 69,30 \u20ac <small class=\"n2r__list__item__price__from__type\">\/  Dia<\/small><\/span><\/div>    <\/div>\n  <\/div>\n  <a class=\"n2r__list__item__link\" href=\"https:\/\/immobiliariafalco.com\/ca\/detall-propietat-de-lloguer\/lloguer-apartament-ap-1-llanca-23445\/\">M\u00e9s detalls<\/a>\n  <\/div><div class=\"n2r__list__item n2r__clickable   \" data-id=\"23446\">\n    <div class=\"n2r__list__item__gallery n2r__slider\">\n    <div class=\"slide-item\"><img data-lazy=\"https:\/\/files.net2rent.com\/pfiles\/298\/23446\/576762-C5-o-m.jpg\" alt=\"CAS 7 CAS 7 Apartament  Llan\u00e7\u00e0\" title=\"CAS 7 CAS 7 Apartament  Llan\u00e7\u00e0\"><\/div><div class=\"slide-item\"><img data-lazy=\"https:\/\/files.net2rent.com\/pfiles\/298\/23446\/576763-25-o-m.jpg\" alt=\"CAS 7 CAS 7 Apartament  Llan\u00e7\u00e0\" title=\"CAS 7 CAS 7 Apartament  Llan\u00e7\u00e0\"><\/div><div class=\"slide-item\"><img data-lazy=\"https:\/\/files.net2rent.com\/pfiles\/298\/23446\/576635-K7-o-m.jpg\" alt=\"CAS 7 CAS 7 Apartament  Llan\u00e7\u00e0\" title=\"CAS 7 CAS 7 Apartament  Llan\u00e7\u00e0\"><\/div><div class=\"slide-item\"><img data-lazy=\"https:\/\/files.net2rent.com\/pfiles\/298\/23446\/576636-no-o-m.jpg\" alt=\"CAS 7 CAS 7 Apartament  Llan\u00e7\u00e0\" title=\"CAS 7 CAS 7 Apartament  Llan\u00e7\u00e0\"><\/div><div class=\"slide-item\"><img data-lazy=\"https:\/\/files.net2rent.com\/pfiles\/298\/23446\/576637-MD-o-m.jpg\" alt=\"CAS 7 CAS 7 Apartament  Llan\u00e7\u00e0\" title=\"CAS 7 CAS 7 Apartament  Llan\u00e7\u00e0\"><\/div><div class=\"slide-item\"><img data-lazy=\"https:\/\/files.net2rent.com\/pfiles\/298\/23446\/576638-dP-o-m.jpg\" alt=\"CAS 7 CAS 7 Apartament  Llan\u00e7\u00e0\" title=\"CAS 7 CAS 7 Apartament  Llan\u00e7\u00e0\"><\/div><div class=\"slide-item\"><img data-lazy=\"https:\/\/files.net2rent.com\/pfiles\/298\/23446\/576639-17-o-m.jpg\" alt=\"CAS 7 CAS 7 Apartament  Llan\u00e7\u00e0\" title=\"CAS 7 CAS 7 Apartament  Llan\u00e7\u00e0\"><\/div><div class=\"slide-item\"><img data-lazy=\"https:\/\/files.net2rent.com\/pfiles\/298\/23446\/576628-uV-o-m.jpg\" alt=\"CAS 7 CAS 7 Apartament  Llan\u00e7\u00e0\" title=\"CAS 7 CAS 7 Apartament  Llan\u00e7\u00e0\"><\/div><div class=\"slide-item\"><img data-lazy=\"https:\/\/files.net2rent.com\/pfiles\/298\/23446\/576629-0U-o-m.jpg\" alt=\"CAS 7 CAS 7 Apartament  Llan\u00e7\u00e0\" title=\"CAS 7 CAS 7 Apartament  Llan\u00e7\u00e0\"><\/div><div class=\"slide-item\"><img data-lazy=\"https:\/\/files.net2rent.com\/pfiles\/298\/23446\/576630-2X-o-m.jpg\" alt=\"CAS 7 CAS 7 Apartament  Llan\u00e7\u00e0\" title=\"CAS 7 CAS 7 Apartament  Llan\u00e7\u00e0\"><\/div><div class=\"slide-item\"><img data-lazy=\"https:\/\/files.net2rent.com\/pfiles\/298\/23446\/576631-sF-o-m.jpg\" alt=\"CAS 7 CAS 7 Apartament  Llan\u00e7\u00e0\" title=\"CAS 7 CAS 7 Apartament  Llan\u00e7\u00e0\"><\/div><div class=\"slide-item\"><img data-lazy=\"https:\/\/files.net2rent.com\/pfiles\/298\/23446\/576632-d6-o-m.jpg\" alt=\"CAS 7 CAS 7 Apartament  Llan\u00e7\u00e0\" title=\"CAS 7 CAS 7 Apartament  Llan\u00e7\u00e0\"><\/div><div class=\"slide-item\"><img data-lazy=\"https:\/\/files.net2rent.com\/pfiles\/298\/23446\/576633-v4-o-m.jpg\" alt=\"CAS 7 CAS 7 Apartament  Llan\u00e7\u00e0\" title=\"CAS 7 CAS 7 Apartament  Llan\u00e7\u00e0\"><\/div><div class=\"slide-item\"><img data-lazy=\"https:\/\/files.net2rent.com\/pfiles\/298\/23446\/576634-bc-o-m.jpg\" alt=\"CAS 7 CAS 7 Apartament  Llan\u00e7\u00e0\" title=\"CAS 7 CAS 7 Apartament  Llan\u00e7\u00e0\"><\/div><div class=\"slide-item\"><img data-lazy=\"https:\/\/files.net2rent.com\/pfiles\/298\/23446\/576765-2A-o-m.jpg\" alt=\"CAS 7 CAS 7 Apartament  Llan\u00e7\u00e0\" title=\"CAS 7 CAS 7 Apartament  Llan\u00e7\u00e0\"><\/div><div class=\"slide-item\"><img data-lazy=\"https:\/\/files.net2rent.com\/pfiles\/298\/23446\/576764-7n-o-m.jpg\" alt=\"CAS 7 CAS 7 Apartament  Llan\u00e7\u00e0\" title=\"CAS 7 CAS 7 Apartament  Llan\u00e7\u00e0\"><\/div>  <\/div>\n\n  <div class=\"n2r__list__item__info\">\n    <div class=\"n2r__list__item__title\">\n      <h2 class=\"n2r__list__item__name\">\n        <a href=\"https:\/\/immobiliariafalco.com\/ca\/detall-propietat-de-lloguer\/lloguer-apartament-cas-7-llanca-23446\/\">ACOLLIDORA CASA A CAU DEL LLOP<\/a>\n      <\/h2>\n          <\/div>\n    <div class=\"n2r__list__item__title\">\n      <div class=\"n2r__list__item__reference\">Ref: CAS 7<\/div>\n      <div class=\"n2r__list__item__turisticreference\">061082-47<\/div>      <div class=\"n2r__list__item__city\">Llan\u00e7\u00e0<\/div>\n              <div class=\"n2r__list__item__rating\">\n          <div class=\"n2r__rating\">\n            <div class=\"n2r__rating__complete\" style=\"width:0%\"><\/div>\n          <\/div>\n        <\/div>\n          <\/div>\n    <div class=\"n2r__list__item__features\">\n      <div class=\"n2r__list__item__feature n2r__list__item__feature--rooms\" title=\"2 habitacions\"><i class=\"n2r_room\"><\/i> 2<\/div><div class=\"n2r__list__item__feature n2r__list__item__feature--capacity\" title=\"4 pax\"><i class=\"n2r_people\"><\/i> 4<\/div><div class=\"n2r__list__item__feature n2r__list__item__feature--bathrooms\" title=\"1 lavabos\"><i class=\"n2r_toilet\"><\/i> 1<\/div><div class=\"n2r__list__item__feature n2r__list__item__feature--parking\" title=\"Aparcament\"><i class=\"n2r_parking\"><\/i> <\/div>    <\/div>\n    <div class=\"n2r__list__item__description\">\r\nAcollidora casa a Cau del Llop amb terrassa i vistes al mar. A nom\u00e9s 350 metres de la platja i on podreu gaudir d&#039;unes boniques vacances.\r\n\r\n\r\n\r\n\r\n\r\n<\/div>\n    <div class=\"n2r__list__item__footer\">\n      <div class=\"n2r__list__item__price\"><span class=\"n2r__list__item__price__from\">Des de 128 \u20ac <small class=\"n2r__list__item__price__from__type\">\/  Dia<\/small><\/span><\/div>    <\/div>\n  <\/div>\n  <a class=\"n2r__list__item__link\" href=\"https:\/\/immobiliariafalco.com\/ca\/detall-propietat-de-lloguer\/lloguer-apartament-cas-7-llanca-23446\/\">M\u00e9s detalls<\/a>\n  <\/div><div class=\"n2r__list__item n2r__clickable   \" data-id=\"23447\">\n    <div class=\"n2r__list__item__gallery n2r__slider\">\n    <div class=\"slide-item\"><img data-lazy=\"https:\/\/files.net2rent.com\/pfiles\/298\/23447\/599627-z4-o-m.jpg\" alt=\"AP-22 AP-22 Apartament  Llan\u00e7\u00e0\" title=\"AP-22 AP-22 Apartament  Llan\u00e7\u00e0\"><\/div><div class=\"slide-item\"><img data-lazy=\"https:\/\/files.net2rent.com\/pfiles\/298\/23447\/599628-NT-o-m.jpg\" alt=\"AP-22 AP-22 Apartament  Llan\u00e7\u00e0\" title=\"AP-22 AP-22 Apartament  Llan\u00e7\u00e0\"><\/div><div class=\"slide-item\"><img data-lazy=\"https:\/\/files.net2rent.com\/pfiles\/298\/23447\/599632-QR-o-m.jpg\" alt=\"AP-22 AP-22 Apartament  Llan\u00e7\u00e0\" title=\"AP-22 AP-22 Apartament  Llan\u00e7\u00e0\"><\/div><div class=\"slide-item\"><img data-lazy=\"https:\/\/files.net2rent.com\/pfiles\/298\/23447\/599629-MJ-o-m.jpg\" alt=\"AP-22 AP-22 Apartament  Llan\u00e7\u00e0\" title=\"AP-22 AP-22 Apartament  Llan\u00e7\u00e0\"><\/div><div class=\"slide-item\"><img data-lazy=\"https:\/\/files.net2rent.com\/pfiles\/298\/23447\/599630-of-o-m.jpg\" alt=\"AP-22 AP-22 Apartament  Llan\u00e7\u00e0\" title=\"AP-22 AP-22 Apartament  Llan\u00e7\u00e0\"><\/div><div class=\"slide-item\"><img data-lazy=\"https:\/\/files.net2rent.com\/pfiles\/298\/23447\/599631-JP-o-m.jpg\" alt=\"AP-22 AP-22 Apartament  Llan\u00e7\u00e0\" title=\"AP-22 AP-22 Apartament  Llan\u00e7\u00e0\"><\/div><div class=\"slide-item\"><img data-lazy=\"https:\/\/files.net2rent.com\/pfiles\/298\/23447\/599641-HV-o-m.jpg\" alt=\"AP-22 AP-22 Apartament  Llan\u00e7\u00e0\" title=\"AP-22 AP-22 Apartament  Llan\u00e7\u00e0\"><\/div><div class=\"slide-item\"><img data-lazy=\"https:\/\/files.net2rent.com\/pfiles\/298\/23447\/599642-Ov-o-m.jpg\" alt=\"AP-22 AP-22 Apartament  Llan\u00e7\u00e0\" title=\"AP-22 AP-22 Apartament  Llan\u00e7\u00e0\"><\/div><div class=\"slide-item\"><img data-lazy=\"https:\/\/files.net2rent.com\/pfiles\/298\/23447\/599638-wS-o-m.jpg\" alt=\"AP-22 AP-22 Apartament  Llan\u00e7\u00e0\" title=\"AP-22 AP-22 Apartament  Llan\u00e7\u00e0\"><\/div><div class=\"slide-item\"><img data-lazy=\"https:\/\/files.net2rent.com\/pfiles\/298\/23447\/599633-eM-o-m.jpg\" alt=\"AP-22 AP-22 Apartament  Llan\u00e7\u00e0\" title=\"AP-22 AP-22 Apartament  Llan\u00e7\u00e0\"><\/div><div class=\"slide-item\"><img data-lazy=\"https:\/\/files.net2rent.com\/pfiles\/298\/23447\/599634-EM-o-m.jpg\" alt=\"AP-22 AP-22 Apartament  Llan\u00e7\u00e0\" title=\"AP-22 AP-22 Apartament  Llan\u00e7\u00e0\"><\/div><div class=\"slide-item\"><img data-lazy=\"https:\/\/files.net2rent.com\/pfiles\/298\/23447\/599624-Hy-o-m.jpg\" alt=\"AP-22 AP-22 Apartament  Llan\u00e7\u00e0\" title=\"AP-22 AP-22 Apartament  Llan\u00e7\u00e0\"><\/div><div class=\"slide-item\"><img data-lazy=\"https:\/\/files.net2rent.com\/pfiles\/298\/23447\/599625-ki-o-m.jpg\" alt=\"AP-22 AP-22 Apartament  Llan\u00e7\u00e0\" title=\"AP-22 AP-22 Apartament  Llan\u00e7\u00e0\"><\/div><div class=\"slide-item\"><img data-lazy=\"https:\/\/files.net2rent.com\/pfiles\/298\/23447\/599626-eC-o-m.jpg\" alt=\"AP-22 AP-22 Apartament  Llan\u00e7\u00e0\" title=\"AP-22 AP-22 Apartament  Llan\u00e7\u00e0\"><\/div><div class=\"slide-item\"><img data-lazy=\"https:\/\/files.net2rent.com\/pfiles\/298\/23447\/599639-o2-o-m.jpg\" alt=\"AP-22 AP-22 Apartament  Llan\u00e7\u00e0\" title=\"AP-22 AP-22 Apartament  Llan\u00e7\u00e0\"><\/div><div class=\"slide-item\"><img data-lazy=\"https:\/\/files.net2rent.com\/pfiles\/298\/23447\/599640-KQ-o-m.jpg\" alt=\"AP-22 AP-22 Apartament  Llan\u00e7\u00e0\" title=\"AP-22 AP-22 Apartament  Llan\u00e7\u00e0\"><\/div><div class=\"slide-item\"><img data-lazy=\"https:\/\/files.net2rent.com\/pfiles\/298\/23447\/599623-M8-o-m.jpg\" alt=\"AP-22 AP-22 Apartament  Llan\u00e7\u00e0\" title=\"AP-22 AP-22 Apartament  Llan\u00e7\u00e0\"><\/div><div class=\"slide-item\"><img data-lazy=\"https:\/\/files.net2rent.com\/pfiles\/298\/23447\/599637-j2-o-m.jpg\" alt=\"AP-22 AP-22 Apartament  Llan\u00e7\u00e0\" title=\"AP-22 AP-22 Apartament  Llan\u00e7\u00e0\"><\/div><div class=\"slide-item\"><img data-lazy=\"https:\/\/files.net2rent.com\/pfiles\/298\/23447\/599635-8i-o-m.jpg\" alt=\"AP-22 AP-22 Apartament  Llan\u00e7\u00e0\" title=\"AP-22 AP-22 Apartament  Llan\u00e7\u00e0\"><\/div><div class=\"slide-item\"><img data-lazy=\"https:\/\/files.net2rent.com\/pfiles\/298\/23447\/599636-MD-o-m.jpg\" alt=\"AP-22 AP-22 Apartament  Llan\u00e7\u00e0\" title=\"AP-22 AP-22 Apartament  Llan\u00e7\u00e0\"><\/div>  <\/div>\n\n  <div class=\"n2r__list__item__info\">\n    <div class=\"n2r__list__item__title\">\n      <h2 class=\"n2r__list__item__name\">\n        <a href=\"https:\/\/immobiliariafalco.com\/ca\/detall-propietat-de-lloguer\/lloguer-apartament-ap-22-llanca-23447\/\">GRAN APARTAMENT C\u00c8NTRIC<\/a>\n      <\/h2>\n          <\/div>\n    <div class=\"n2r__list__item__title\">\n      <div class=\"n2r__list__item__reference\">Ref: AP-22<\/div>\n      <div class=\"n2r__list__item__turisticreference\">HUTG-071380-51<\/div>      <div class=\"n2r__list__item__city\">Llan\u00e7\u00e0<\/div>\n              <div class=\"n2r__list__item__rating\">\n          <div class=\"n2r__rating\">\n            <div class=\"n2r__rating__complete\" style=\"width:0%\"><\/div>\n          <\/div>\n        <\/div>\n          <\/div>\n    <div class=\"n2r__list__item__features\">\n      <div class=\"n2r__list__item__feature n2r__list__item__feature--rooms\" title=\"3 habitacions\"><i class=\"n2r_room\"><\/i> 3<\/div><div class=\"n2r__list__item__feature n2r__list__item__feature--capacity\" title=\"5 pax\"><i class=\"n2r_people\"><\/i> 5<\/div><div class=\"n2r__list__item__feature n2r__list__item__feature--bathrooms\" title=\"2 lavabos\"><i class=\"n2r_toilet\"><\/i> 2<\/div>    <\/div>\n    <div class=\"n2r__list__item__description\">Aquest espai\u00f3s i ben equipat apartament \u00e9s ideal per passar unes vacances en fam\u00edlia a Llan\u00e7\u00e0. Es troba a escassos metres de la Pla\u00e7a Major, el cor del poble, i per tant tamb\u00e9 \u00e9s molt proper als comer\u00e7os i zones de restauraci\u00f3.\r\nL&#039;apartament compta amb una acollidora terrassa per poder gaudir de l&#039;ambient exterior.<\/div>\n    <div class=\"n2r__list__item__footer\">\n      <div class=\"n2r__list__item__price\"><span class=\"n2r__list__item__price__from\">Des de 101,15 \u20ac <small class=\"n2r__list__item__price__from__type\">\/  Dia<\/small><\/span><\/div>    <\/div>\n  <\/div>\n  <a class=\"n2r__list__item__link\" href=\"https:\/\/immobiliariafalco.com\/ca\/detall-propietat-de-lloguer\/lloguer-apartament-ap-22-llanca-23447\/\">M\u00e9s detalls<\/a>\n  <\/div><div class=\"n2r__list__item n2r__clickable   \" data-id=\"23450\">\n    <div class=\"n2r__list__item__gallery n2r__slider\">\n    <div class=\"slide-item\"><img data-lazy=\"https:\/\/files.net2rent.com\/pfiles\/298\/23450\/599643-Ik-o-m.jpg\" alt=\"AP-62 AP-62 Apartament  Llan\u00e7\u00e0\" title=\"AP-62 AP-62 Apartament  Llan\u00e7\u00e0\"><\/div><div class=\"slide-item\"><img data-lazy=\"https:\/\/files.net2rent.com\/pfiles\/298\/23450\/599644-le-o-m.jpg\" alt=\"AP-62 AP-62 Apartament  Llan\u00e7\u00e0\" title=\"AP-62 AP-62 Apartament  Llan\u00e7\u00e0\"><\/div><div class=\"slide-item\"><img data-lazy=\"https:\/\/files.net2rent.com\/pfiles\/298\/23450\/599645-ml-o-m.jpg\" alt=\"AP-62 AP-62 Apartament  Llan\u00e7\u00e0\" title=\"AP-62 AP-62 Apartament  Llan\u00e7\u00e0\"><\/div><div class=\"slide-item\"><img data-lazy=\"https:\/\/files.net2rent.com\/pfiles\/298\/23450\/599646-Ox-o-m.jpg\" alt=\"AP-62 AP-62 Apartament  Llan\u00e7\u00e0\" title=\"AP-62 AP-62 Apartament  Llan\u00e7\u00e0\"><\/div><div class=\"slide-item\"><img data-lazy=\"https:\/\/files.net2rent.com\/pfiles\/298\/23450\/599647-iz-o-m.jpg\" alt=\"AP-62 AP-62 Apartament  Llan\u00e7\u00e0\" title=\"AP-62 AP-62 Apartament  Llan\u00e7\u00e0\"><\/div><div class=\"slide-item\"><img data-lazy=\"https:\/\/files.net2rent.com\/pfiles\/298\/23450\/599648-sq-o-m.jpg\" alt=\"AP-62 AP-62 Apartament  Llan\u00e7\u00e0\" title=\"AP-62 AP-62 Apartament  Llan\u00e7\u00e0\"><\/div><div class=\"slide-item\"><img data-lazy=\"https:\/\/files.net2rent.com\/pfiles\/298\/23450\/599649-6e-o-m.jpg\" alt=\"AP-62 AP-62 Apartament  Llan\u00e7\u00e0\" title=\"AP-62 AP-62 Apartament  Llan\u00e7\u00e0\"><\/div><div class=\"slide-item\"><img data-lazy=\"https:\/\/files.net2rent.com\/pfiles\/298\/23450\/599650-B8-o-m.jpg\" alt=\"AP-62 AP-62 Apartament  Llan\u00e7\u00e0\" title=\"AP-62 AP-62 Apartament  Llan\u00e7\u00e0\"><\/div><div class=\"slide-item\"><img data-lazy=\"https:\/\/files.net2rent.com\/pfiles\/298\/23450\/599651-cd-o-m.jpg\" alt=\"AP-62 AP-62 Apartament  Llan\u00e7\u00e0\" title=\"AP-62 AP-62 Apartament  Llan\u00e7\u00e0\"><\/div><div class=\"slide-item\"><img data-lazy=\"https:\/\/files.net2rent.com\/pfiles\/298\/23450\/599652-vn-o-m.jpg\" alt=\"AP-62 AP-62 Apartament  Llan\u00e7\u00e0\" title=\"AP-62 AP-62 Apartament  Llan\u00e7\u00e0\"><\/div><div class=\"slide-item\"><img data-lazy=\"https:\/\/files.net2rent.com\/pfiles\/298\/23450\/599653-PX-o-m.jpg\" alt=\"AP-62 AP-62 Apartament  Llan\u00e7\u00e0\" title=\"AP-62 AP-62 Apartament  Llan\u00e7\u00e0\"><\/div><div class=\"slide-item\"><img data-lazy=\"https:\/\/files.net2rent.com\/pfiles\/298\/23450\/599654-zS-o-m.jpg\" alt=\"AP-62 AP-62 Apartament  Llan\u00e7\u00e0\" title=\"AP-62 AP-62 Apartament  Llan\u00e7\u00e0\"><\/div>  <\/div>\n\n  <div class=\"n2r__list__item__info\">\n    <div class=\"n2r__list__item__title\">\n      <h2 class=\"n2r__list__item__name\">\n        <a href=\"https:\/\/immobiliariafalco.com\/ca\/detall-propietat-de-lloguer\/lloguer-apartament-ap-62-llanca-23450\/\">\u00c0TIC AMB GRAN TERRASSA I VISTES AL MAR<\/a>\n      <\/h2>\n          <\/div>\n    <div class=\"n2r__list__item__title\">\n      <div class=\"n2r__list__item__reference\">Ref: AP-62<\/div>\n      <div class=\"n2r__list__item__turisticreference\">HUTG-021143-84<\/div>      <div class=\"n2r__list__item__city\">Llan\u00e7\u00e0<\/div>\n              <div class=\"n2r__list__item__rating\">\n          <div class=\"n2r__rating\">\n            <div class=\"n2r__rating__complete\" style=\"width:0%\"><\/div>\n          <\/div>\n        <\/div>\n          <\/div>\n    <div class=\"n2r__list__item__features\">\n      <div class=\"n2r__list__item__feature n2r__list__item__feature--rooms\" title=\"1 habitacions\"><i class=\"n2r_room\"><\/i> 1<\/div><div class=\"n2r__list__item__feature n2r__list__item__feature--capacity\" title=\"3 pax\"><i class=\"n2r_people\"><\/i> 3<\/div><div class=\"n2r__list__item__feature n2r__list__item__feature--bathrooms\" title=\"1 lavabos\"><i class=\"n2r_toilet\"><\/i> 1<\/div><div class=\"n2r__list__item__feature n2r__list__item__feature--parking\" title=\"Aparcament\"><i class=\"n2r_parking\"><\/i> <\/div>    <\/div>\n    <div class=\"n2r__list__item__description\">Aquest \u00e0tic a la cobejada zona de Cap Ras, compta amb gran terrassa i meravelloses vistes al mar. A nom\u00e9s 100 metres de la platja, amb una capacitat de 2 ocupants a 1 habitaci\u00f3. Compte amb pla\u00e7a de p\u00e0rquing dins del terreny de l&#039;habitatge i est\u00e0 totalment equipat. T\u00e9 aire condicionat, molt confortable.<\/div>\n    <div class=\"n2r__list__item__footer\">\n      <div class=\"n2r__list__item__price\"><span class=\"n2r__list__item__price__from\">Des de 66 \u20ac <small class=\"n2r__list__item__price__from__type\">\/  Dia<\/small><\/span><\/div>    <\/div>\n  <\/div>\n  <a class=\"n2r__list__item__link\" href=\"https:\/\/immobiliariafalco.com\/ca\/detall-propietat-de-lloguer\/lloguer-apartament-ap-62-llanca-23450\/\">M\u00e9s detalls<\/a>\n  <\/div>    <\/div>\n    <div class=\"n2r__list__map \">\n  <div class=\"n2r__sticky\">\n    <div id=\"n2r__list__map__googlemaps\" class=\"n2r__googlemaps\" data-n2r-scrollwheel=\"0\" data-n2r-markerclustererimage=\"https:\/\/immobiliariafalco.com\/wp-content\/plugins\/net2rent-wp-plugin\/\/assets\/js\/googlemaps\/images\/m\"   data-n2r-markerimage=\"https:\/\/immobiliariafalco.com\/wp-content\/plugins\/net2rent-wp-plugin\/\/assets\/images\/map_position.png\" data-n2r-markers=\"[{&quot;id&quot;:&quot;27545&quot;,&quot;latitude&quot;:42.362518000000001,&quot;longitude&quot;:3.1485159999999999,&quot;link&quot;:&quot;https:\\\/\\\/immobiliariafalco.com\\\/ca\\\/detall-propietat-de-lloguer\\\/lloguer-apartament-ap-10-llanca-27545\\\/&quot;,&quot;infoWindow&quot;:{&quot;image&quot;:&quot;https:\\\/\\\/files.net2rent.com\\\/pfiles\\\/298\\\/27545\\\/636270-1e-o-m.jpg&quot;,&quot;title&quot;:&quot;FANT\\u00c0STIC APARTAMENT C\\u00c8NTRIC A LA VILA&quot;,&quot;description&quot;:&quot;\\u003Cdiv\\u003E\\u003Cdiv class=\\&quot;n2r__list__item__feature n2r__list__item__feature--rooms\\&quot; title=\\&quot;3 habitacions\\&quot;\\u003E\\u003Ci class=\\&quot;n2r_room\\&quot;\\u003E\\u003C\\\/i\\u003E 3\\u003C\\\/div\\u003E\\u003Cdiv class=\\&quot;n2r__list__item__feature n2r__list__item__feature--capacity\\&quot; title=\\&quot;6 pax\\&quot;\\u003E\\u003Ci class=\\&quot;n2r_people\\&quot;\\u003E\\u003C\\\/i\\u003E 6\\u003C\\\/div\\u003E\\u003C\\\/div\\u003E\\u003Cdiv\\u003E\\u003Cdiv class=\\&quot;n2r__list__item__price\\&quot;\\u003E\\u003Cspan class=\\&quot;n2r__list__item__price__from\\&quot;\\u003EDes de 110,03 \\u20ac \\u003Csmall class=\\&quot;n2r__list__item__price__from__type\\&quot;\\u003E\\\/  Dia\\u003C\\\/small\\u003E\\u003C\\\/span\\u003E\\u003C\\\/div\\u003E\\u003C\\\/div\\u003E&quot;}},{&quot;id&quot;:&quot;26631&quot;,&quot;latitude&quot;:42.370308000000001,&quot;longitude&quot;:3.1611609999999999,&quot;link&quot;:&quot;https:\\\/\\\/immobiliariafalco.com\\\/ca\\\/detall-propietat-de-lloguer\\\/lloguer-apartament-port-3-llanca-26631\\\/&quot;,&quot;infoWindow&quot;:{&quot;image&quot;:&quot;https:\\\/\\\/files.net2rent.com\\\/pfiles\\\/298\\\/26631\\\/603889-XK-o-m.jpg&quot;,&quot;title&quot;:&quot;APARTAMENT DE TEMPORADA SEGONA L\\u00cdNIA DE MAR AL PORT DE LLAN\\u00c7\\u00c0&quot;,&quot;description&quot;:&quot;\\u003Cdiv\\u003E\\u003Cdiv class=\\&quot;n2r__list__item__feature n2r__list__item__feature--rooms\\&quot; title=\\&quot;2 habitacions\\&quot;\\u003E\\u003Ci class=\\&quot;n2r_room\\&quot;\\u003E\\u003C\\\/i\\u003E 2\\u003C\\\/div\\u003E\\u003Cdiv class=\\&quot;n2r__list__item__feature n2r__list__item__feature--capacity\\&quot; title=\\&quot;4 pax\\&quot;\\u003E\\u003Ci class=\\&quot;n2r_people\\&quot;\\u003E\\u003C\\\/i\\u003E 4\\u003C\\\/div\\u003E\\u003C\\\/div\\u003E\\u003Cdiv\\u003E\\u003Cdiv class=\\&quot;n2r__list__item__price\\&quot;\\u003EConsultar\\u003C\\\/div\\u003E\\u003C\\\/div\\u003E&quot;}},{&quot;id&quot;:&quot;26632&quot;,&quot;latitude&quot;:42.370308000000001,&quot;longitude&quot;:3.1611609999999999,&quot;link&quot;:&quot;https:\\\/\\\/immobiliariafalco.com\\\/ca\\\/detall-propietat-de-lloguer\\\/lloguer-apartament-port-1-llanca-26632\\\/&quot;,&quot;infoWindow&quot;:{&quot;image&quot;:&quot;https:\\\/\\\/files.net2rent.com\\\/pfiles\\\/298\\\/26632\\\/602255-39-o-m.jpg&quot;,&quot;title&quot;:&quot;Apartament al Port de Llan\\u00e7\\u00e0&quot;,&quot;description&quot;:&quot;\\u003Cdiv\\u003E\\u003Cdiv class=\\&quot;n2r__list__item__feature n2r__list__item__feature--rooms\\&quot; title=\\&quot;2 habitacions\\&quot;\\u003E\\u003Ci class=\\&quot;n2r_room\\&quot;\\u003E\\u003C\\\/i\\u003E 2\\u003C\\\/div\\u003E\\u003Cdiv class=\\&quot;n2r__list__item__feature n2r__list__item__feature--capacity\\&quot; title=\\&quot;4 pax\\&quot;\\u003E\\u003Ci class=\\&quot;n2r_people\\&quot;\\u003E\\u003C\\\/i\\u003E 4\\u003C\\\/div\\u003E\\u003C\\\/div\\u003E\\u003Cdiv\\u003E\\u003Cdiv class=\\&quot;n2r__list__item__price\\&quot;\\u003E\\u003Cspan class=\\&quot;n2r__list__item__price__from\\&quot;\\u003EDes de 69,30 \\u20ac \\u003Csmall class=\\&quot;n2r__list__item__price__from__type\\&quot;\\u003E\\\/  Dia\\u003C\\\/small\\u003E\\u003C\\\/span\\u003E\\u003C\\\/div\\u003E\\u003C\\\/div\\u003E&quot;}},{&quot;id&quot;:&quot;26671&quot;,&quot;latitude&quot;:42.366782999999998,&quot;longitude&quot;:3.1554769999999999,&quot;link&quot;:&quot;https:\\\/\\\/immobiliariafalco.com\\\/ca\\\/detall-propietat-de-lloguer\\\/lloguer-apartament-ap-37-llanca-26671\\\/&quot;,&quot;infoWindow&quot;:{&quot;image&quot;:&quot;https:\\\/\\\/files.net2rent.com\\\/pfiles\\\/298\\\/26671\\\/603733-em-o-m.jpg&quot;,&quot;title&quot;:&quot;APARTAMENT AMB PISCINA AL PORT&quot;,&quot;description&quot;:&quot;\\u003Cdiv\\u003E\\u003Cdiv class=\\&quot;n2r__list__item__feature n2r__list__item__feature--rooms\\&quot; title=\\&quot;2 habitacions\\&quot;\\u003E\\u003Ci class=\\&quot;n2r_room\\&quot;\\u003E\\u003C\\\/i\\u003E 2\\u003C\\\/div\\u003E\\u003Cdiv class=\\&quot;n2r__list__item__feature n2r__list__item__feature--capacity\\&quot; title=\\&quot;4 pax\\&quot;\\u003E\\u003Ci class=\\&quot;n2r_people\\&quot;\\u003E\\u003C\\\/i\\u003E 4\\u003C\\\/div\\u003E\\u003C\\\/div\\u003E\\u003Cdiv\\u003E\\u003Cdiv class=\\&quot;n2r__list__item__price\\&quot;\\u003E\\u003Cspan class=\\&quot;n2r__list__item__price__from\\&quot;\\u003EDes de 189,87 \\u20ac \\u003Csmall class=\\&quot;n2r__list__item__price__from__type\\&quot;\\u003E\\\/  Dia\\u003C\\\/small\\u003E\\u003C\\\/span\\u003E\\u003C\\\/div\\u003E\\u003C\\\/div\\u003E&quot;}},{&quot;id&quot;:&quot;26675&quot;,&quot;latitude&quot;:42.362316,&quot;longitude&quot;:3.1591429999999998,&quot;link&quot;:&quot;https:\\\/\\\/immobiliariafalco.com\\\/ca\\\/detall-propietat-de-lloguer\\\/lloguer-apartament-ap-39-llanca-26675\\\/&quot;,&quot;infoWindow&quot;:{&quot;image&quot;:&quot;https:\\\/\\\/files.net2rent.com\\\/pfiles\\\/298\\\/26675\\\/604002-eU-o-m.jpg&quot;,&quot;title&quot;:&quot;ESPAI\\u00d3S APARTAMENT AMB PISCINA COMUNIT\\u00c0RIA A LA VILA&quot;,&quot;description&quot;:&quot;\\u003Cdiv\\u003E\\u003Cdiv class=\\&quot;n2r__list__item__feature n2r__list__item__feature--rooms\\&quot; title=\\&quot;3 habitacions\\&quot;\\u003E\\u003Ci class=\\&quot;n2r_room\\&quot;\\u003E\\u003C\\\/i\\u003E 3\\u003C\\\/div\\u003E\\u003Cdiv class=\\&quot;n2r__list__item__feature n2r__list__item__feature--capacity\\&quot; title=\\&quot;6 pax\\&quot;\\u003E\\u003Ci class=\\&quot;n2r_people\\&quot;\\u003E\\u003C\\\/i\\u003E 6\\u003C\\\/div\\u003E\\u003C\\\/div\\u003E\\u003Cdiv\\u003E\\u003Cdiv class=\\&quot;n2r__list__item__price\\&quot;\\u003E\\u003Cspan class=\\&quot;n2r__list__item__price__from\\&quot;\\u003EDes de 92,28 \\u20ac \\u003Csmall class=\\&quot;n2r__list__item__price__from__type\\&quot;\\u003E\\\/  Dia\\u003C\\\/small\\u003E\\u003C\\\/span\\u003E\\u003C\\\/div\\u003E\\u003C\\\/div\\u003E&quot;}},{&quot;id&quot;:&quot;26932&quot;,&quot;latitude&quot;:42.357928999999999,&quot;longitude&quot;:3.1650930000000002,&quot;link&quot;:&quot;https:\\\/\\\/immobiliariafalco.com\\\/ca\\\/detall-propietat-de-lloguer\\\/lloguer-apartament-ap-9-llanca-26932\\\/&quot;,&quot;infoWindow&quot;:{&quot;image&quot;:&quot;https:\\\/\\\/files.net2rent.com\\\/pfiles\\\/298\\\/26932\\\/612855-fd-o-m.jpg&quot;,&quot;title&quot;:&quot;APARTAMENT AMB PISCINA FAN\\u00c9 DE DALT&quot;,&quot;description&quot;:&quot;\\u003Cdiv\\u003E\\u003Cdiv class=\\&quot;n2r__list__item__feature n2r__list__item__feature--rooms\\&quot; title=\\&quot;3 habitacions\\&quot;\\u003E\\u003Ci class=\\&quot;n2r_room\\&quot;\\u003E\\u003C\\\/i\\u003E 3\\u003C\\\/div\\u003E\\u003Cdiv class=\\&quot;n2r__list__item__feature n2r__list__item__feature--capacity\\&quot; title=\\&quot;5 pax\\&quot;\\u003E\\u003Ci class=\\&quot;n2r_people\\&quot;\\u003E\\u003C\\\/i\\u003E 5\\u003C\\\/div\\u003E\\u003C\\\/div\\u003E\\u003Cdiv\\u003E\\u003Cdiv class=\\&quot;n2r__list__item__price\\&quot;\\u003E\\u003Cspan class=\\&quot;n2r__list__item__price__from\\&quot;\\u003EDes de 79,30 \\u20ac \\u003Csmall class=\\&quot;n2r__list__item__price__from__type\\&quot;\\u003E\\\/  Dia\\u003C\\\/small\\u003E\\u003C\\\/span\\u003E\\u003C\\\/div\\u003E\\u003C\\\/div\\u003E&quot;}},{&quot;id&quot;:&quot;23441&quot;,&quot;latitude&quot;:42.358001999999999,&quot;longitude&quot;:3.1649949999999998,&quot;link&quot;:&quot;https:\\\/\\\/immobiliariafalco.com\\\/ca\\\/detall-propietat-de-lloguer\\\/lloguer-apartament-ap-65-llanca-23441\\\/&quot;,&quot;infoWindow&quot;:{&quot;image&quot;:&quot;https:\\\/\\\/files.net2rent.com\\\/pfiles\\\/298\\\/23441\\\/569392-BN-o-m.jpg&quot;,&quot;title&quot;:&quot;APARTAMENT AMB PISCINA COMUNIT\\u00c0RIA&quot;,&quot;description&quot;:&quot;\\u003Cdiv\\u003E\\u003Cdiv class=\\&quot;n2r__list__item__feature n2r__list__item__feature--rooms\\&quot; title=\\&quot;1 habitacions\\&quot;\\u003E\\u003Ci class=\\&quot;n2r_room\\&quot;\\u003E\\u003C\\\/i\\u003E 1\\u003C\\\/div\\u003E\\u003Cdiv class=\\&quot;n2r__list__item__feature n2r__list__item__feature--capacity\\&quot; title=\\&quot;3 pax\\&quot;\\u003E\\u003Ci class=\\&quot;n2r_people\\&quot;\\u003E\\u003C\\\/i\\u003E 3\\u003C\\\/div\\u003E\\u003C\\\/div\\u003E\\u003Cdiv\\u003E\\u003Cdiv class=\\&quot;n2r__list__item__price\\&quot;\\u003E\\u003Cspan class=\\&quot;n2r__list__item__price__from\\&quot;\\u003EDes de 96 \\u20ac \\u003Csmall class=\\&quot;n2r__list__item__price__from__type\\&quot;\\u003E\\\/  Dia\\u003C\\\/small\\u003E\\u003C\\\/span\\u003E\\u003C\\\/div\\u003E\\u003C\\\/div\\u003E&quot;}},{&quot;id&quot;:&quot;23442&quot;,&quot;latitude&quot;:42.368107000000002,&quot;longitude&quot;:3.1637559999999998,&quot;link&quot;:&quot;https:\\\/\\\/immobiliariafalco.com\\\/ca\\\/detall-propietat-de-lloguer\\\/lloguer-apartament-ap-24-llanca-23442\\\/&quot;,&quot;infoWindow&quot;:{&quot;image&quot;:&quot;https:\\\/\\\/files.net2rent.com\\\/pfiles\\\/298\\\/23442\\\/575360-8I-o-m.jpg&quot;,&quot;title&quot;:&quot;\\u00c0TIC AMB IMPRESSIONANTS VISTES A LA COSTA BRAVA&quot;,&quot;description&quot;:&quot;\\u003Cdiv\\u003E\\u003Cdiv class=\\&quot;n2r__list__item__feature n2r__list__item__feature--rooms\\&quot; title=\\&quot;2 habitacions\\&quot;\\u003E\\u003Ci class=\\&quot;n2r_room\\&quot;\\u003E\\u003C\\\/i\\u003E 2\\u003C\\\/div\\u003E\\u003Cdiv class=\\&quot;n2r__list__item__feature n2r__list__item__feature--capacity\\&quot; title=\\&quot;5 pax\\&quot;\\u003E\\u003Ci class=\\&quot;n2r_people\\&quot;\\u003E\\u003C\\\/i\\u003E 5\\u003C\\\/div\\u003E\\u003C\\\/div\\u003E\\u003Cdiv\\u003E\\u003Cdiv class=\\&quot;n2r__list__item__price\\&quot;\\u003E\\u003Cspan class=\\&quot;n2r__list__item__price__from\\&quot;\\u003EDes de 164 \\u20ac \\u003Csmall class=\\&quot;n2r__list__item__price__from__type\\&quot;\\u003E\\\/  Dia\\u003C\\\/small\\u003E\\u003C\\\/span\\u003E\\u003C\\\/div\\u003E\\u003C\\\/div\\u003E&quot;}},{&quot;id&quot;:&quot;23445&quot;,&quot;latitude&quot;:42.371735000000001,&quot;longitude&quot;:3.1582129999999999,&quot;link&quot;:&quot;https:\\\/\\\/immobiliariafalco.com\\\/ca\\\/detall-propietat-de-lloguer\\\/lloguer-apartament-ap-1-llanca-23445\\\/&quot;,&quot;infoWindow&quot;:{&quot;image&quot;:&quot;https:\\\/\\\/files.net2rent.com\\\/pfiles\\\/298\\\/23445\\\/576517-PM-o-m.jpg&quot;,&quot;title&quot;:&quot;Ampli apartament al Port de Llan\\u00e7\\u00e0&quot;,&quot;description&quot;:&quot;\\u003Cdiv\\u003E\\u003Cdiv class=\\&quot;n2r__list__item__feature n2r__list__item__feature--rooms\\&quot; title=\\&quot;3 habitacions\\&quot;\\u003E\\u003Ci class=\\&quot;n2r_room\\&quot;\\u003E\\u003C\\\/i\\u003E 3\\u003C\\\/div\\u003E\\u003Cdiv class=\\&quot;n2r__list__item__feature n2r__list__item__feature--capacity\\&quot; title=\\&quot;6 pax\\&quot;\\u003E\\u003Ci class=\\&quot;n2r_people\\&quot;\\u003E\\u003C\\\/i\\u003E 6\\u003C\\\/div\\u003E\\u003C\\\/div\\u003E\\u003Cdiv\\u003E\\u003Cdiv class=\\&quot;n2r__list__item__price\\&quot;\\u003E\\u003Cspan class=\\&quot;n2r__list__item__price__from\\&quot;\\u003EDes de 69,30 \\u20ac \\u003Csmall class=\\&quot;n2r__list__item__price__from__type\\&quot;\\u003E\\\/  Dia\\u003C\\\/small\\u003E\\u003C\\\/span\\u003E\\u003C\\\/div\\u003E\\u003C\\\/div\\u003E&quot;}},{&quot;id&quot;:&quot;23446&quot;,&quot;latitude&quot;:42.358302999999999,&quot;longitude&quot;:3.165305,&quot;link&quot;:&quot;https:\\\/\\\/immobiliariafalco.com\\\/ca\\\/detall-propietat-de-lloguer\\\/lloguer-apartament-cas-7-llanca-23446\\\/&quot;,&quot;infoWindow&quot;:{&quot;image&quot;:&quot;https:\\\/\\\/files.net2rent.com\\\/pfiles\\\/298\\\/23446\\\/576762-C5-o-m.jpg&quot;,&quot;title&quot;:&quot;ACOLLIDORA CASA A CAU DEL LLOP&quot;,&quot;description&quot;:&quot;\\u003Cdiv\\u003E\\u003Cdiv class=\\&quot;n2r__list__item__feature n2r__list__item__feature--rooms\\&quot; title=\\&quot;2 habitacions\\&quot;\\u003E\\u003Ci class=\\&quot;n2r_room\\&quot;\\u003E\\u003C\\\/i\\u003E 2\\u003C\\\/div\\u003E\\u003Cdiv class=\\&quot;n2r__list__item__feature n2r__list__item__feature--capacity\\&quot; title=\\&quot;4 pax\\&quot;\\u003E\\u003Ci class=\\&quot;n2r_people\\&quot;\\u003E\\u003C\\\/i\\u003E 4\\u003C\\\/div\\u003E\\u003C\\\/div\\u003E\\u003Cdiv\\u003E\\u003Cdiv class=\\&quot;n2r__list__item__price\\&quot;\\u003E\\u003Cspan class=\\&quot;n2r__list__item__price__from\\&quot;\\u003EDes de 128 \\u20ac \\u003Csmall class=\\&quot;n2r__list__item__price__from__type\\&quot;\\u003E\\\/  Dia\\u003C\\\/small\\u003E\\u003C\\\/span\\u003E\\u003C\\\/div\\u003E\\u003C\\\/div\\u003E&quot;}},{&quot;id&quot;:&quot;23447&quot;,&quot;latitude&quot;:42.363258000000002,&quot;longitude&quot;:3.1511339999999999,&quot;link&quot;:&quot;https:\\\/\\\/immobiliariafalco.com\\\/ca\\\/detall-propietat-de-lloguer\\\/lloguer-apartament-ap-22-llanca-23447\\\/&quot;,&quot;infoWindow&quot;:{&quot;image&quot;:&quot;https:\\\/\\\/files.net2rent.com\\\/pfiles\\\/298\\\/23447\\\/599627-z4-o-m.jpg&quot;,&quot;title&quot;:&quot;GRAN APARTAMENT C\\u00c8NTRIC&quot;,&quot;description&quot;:&quot;\\u003Cdiv\\u003E\\u003Cdiv class=\\&quot;n2r__list__item__feature n2r__list__item__feature--rooms\\&quot; title=\\&quot;3 habitacions\\&quot;\\u003E\\u003Ci class=\\&quot;n2r_room\\&quot;\\u003E\\u003C\\\/i\\u003E 3\\u003C\\\/div\\u003E\\u003Cdiv class=\\&quot;n2r__list__item__feature n2r__list__item__feature--capacity\\&quot; title=\\&quot;5 pax\\&quot;\\u003E\\u003Ci class=\\&quot;n2r_people\\&quot;\\u003E\\u003C\\\/i\\u003E 5\\u003C\\\/div\\u003E\\u003C\\\/div\\u003E\\u003Cdiv\\u003E\\u003Cdiv class=\\&quot;n2r__list__item__price\\&quot;\\u003E\\u003Cspan class=\\&quot;n2r__list__item__price__from\\&quot;\\u003EDes de 101,15 \\u20ac \\u003Csmall class=\\&quot;n2r__list__item__price__from__type\\&quot;\\u003E\\\/  Dia\\u003C\\\/small\\u003E\\u003C\\\/span\\u003E\\u003C\\\/div\\u003E\\u003C\\\/div\\u003E&quot;}},{&quot;id&quot;:&quot;23450&quot;,&quot;latitude&quot;:42.384979000000001,&quot;longitude&quot;:3.1581060000000001,&quot;link&quot;:&quot;https:\\\/\\\/immobiliariafalco.com\\\/ca\\\/detall-propietat-de-lloguer\\\/lloguer-apartament-ap-62-llanca-23450\\\/&quot;,&quot;infoWindow&quot;:{&quot;image&quot;:&quot;https:\\\/\\\/files.net2rent.com\\\/pfiles\\\/298\\\/23450\\\/599643-Ik-o-m.jpg&quot;,&quot;title&quot;:&quot;\\u00c0TIC AMB GRAN TERRASSA I VISTES AL MAR&quot;,&quot;description&quot;:&quot;\\u003Cdiv\\u003E\\u003Cdiv class=\\&quot;n2r__list__item__feature n2r__list__item__feature--rooms\\&quot; title=\\&quot;1 habitacions\\&quot;\\u003E\\u003Ci class=\\&quot;n2r_room\\&quot;\\u003E\\u003C\\\/i\\u003E 1\\u003C\\\/div\\u003E\\u003Cdiv class=\\&quot;n2r__list__item__feature n2r__list__item__feature--capacity\\&quot; title=\\&quot;3 pax\\&quot;\\u003E\\u003Ci class=\\&quot;n2r_people\\&quot;\\u003E\\u003C\\\/i\\u003E 3\\u003C\\\/div\\u003E\\u003C\\\/div\\u003E\\u003Cdiv\\u003E\\u003Cdiv class=\\&quot;n2r__list__item__price\\&quot;\\u003E\\u003Cspan class=\\&quot;n2r__list__item__price__from\\&quot;\\u003EDes de 66 \\u20ac \\u003Csmall class=\\&quot;n2r__list__item__price__from__type\\&quot;\\u003E\\\/  Dia\\u003C\\\/small\\u003E\\u003C\\\/span\\u003E\\u003C\\\/div\\u003E\\u003C\\\/div\\u003E&quot;}}]\" ><\/div>\n  <\/div>\n\n<\/div>  <\/div>\n  <div class=\"n2r__pagination\">\n  <div class=\"n2r__pagination__summary\">\n    30 Articles    -\n    P\u00e0gina 1 de 3  <\/div>\n  <div class=\"separator\"><\/div>\n      <div class=\"n2r__pagination__links\">\n      <a href=\"https:\/\/immobiliariafalco.com\/ca\/lloguer\/apartaments-de-lloguer\/\" class=\"active\" data-page=\"1\">1<\/a><a href=\"https:\/\/immobiliariafalco.com\/ca\/lloguer\/apartaments-de-lloguer\/pg-2\/\" class=\"\" data-page=\"2\">2<\/a><a href=\"https:\/\/immobiliariafalco.com\/ca\/lloguer\/apartaments-de-lloguer\/pg-3\/\" class=\"\" data-page=\"3\">3<\/a>        <a href=\"https:\/\/immobiliariafalco.com\/ca\/lloguer\/apartaments-de-lloguer\/pg-2\/\" data-page=\"2\" class=\"n2r__pagination__links__icon\">&rsaquo;<\/a>\n        <a href=\"https:\/\/immobiliariafalco.com\/ca\/lloguer\/apartaments-de-lloguer\/pg-3\/\" data-page=\"3\" class=\"n2r__pagination__links__icon\">&raquo;<\/a>\n          <\/div>\n  <\/div><\/div>\n<\/div><\/div>\n","protected":false},"excerpt":{"rendered":"","protected":false},"author":1,"featured_media":428,"parent":723,"menu_order":0,"comment_status":"closed","ping_status":"closed","template":"","meta":{"site-sidebar-layout":"default","site-content-layout":"","ast-site-content-layout":"","site-content-style":"default","site-sidebar-style":"default","ast-global-header-display":"","ast-banner-title-visibility":"","ast-main-header-display":"","ast-hfb-above-header-display":"","ast-hfb-below-header-display":"","ast-hfb-mobile-header-display":"","site-post-title":"","ast-breadcrumbs-content":"","ast-featured-img":"disabled","footer-sml-layout":"","ast-disable-related-posts":"","theme-transparent-header-meta":"","adv-header-id-meta":"","stick-header-meta":"","header-above-stick-meta":"","header-main-stick-meta":"","header-below-stick-meta":"","astra-migrate-meta-layouts":"default","ast-page-background-enabled":"default","ast-page-background-meta":{"desktop":{"background-color":"var(--ast-global-color-5)","background-image":"","background-repeat":"repeat","background-position":"center center","background-size":"auto","background-attachment":"scroll","background-type":"","background-media":"","overlay-type":"","overlay-color":"","overlay-opacity":"","overlay-gradient":""},"tablet":{"background-color":"","background-image":"","background-repeat":"repeat","background-position":"center center","background-size":"auto","background-attachment":"scroll","background-type":"","background-media":"","overlay-type":"","overlay-color":"","overlay-opacity":"","overlay-gradient":""},"mobile":{"background-color":"","background-image":"","background-repeat":"repeat","background-position":"center center","background-size":"auto","background-attachment":"scroll","background-type":"","background-media":"","overlay-type":"","overlay-color":"","overlay-opacity":"","overlay-gradient":""}},"ast-content-background-meta":{"desktop":{"background-color":"var(--ast-global-color-4)","background-image":"","background-repeat":"repeat","background-position":"center center","background-size":"auto","background-attachment":"scroll","background-type":"","background-media":"","overlay-type":"","overlay-color":"","overlay-opacity":"","overlay-gradient":""},"tablet":{"background-color":"var(--ast-global-color-4)","background-image":"","background-repeat":"repeat","background-position":"center center","background-size":"auto","background-attachment":"scroll","background-type":"","background-media":"","overlay-type":"","overlay-color":"","overlay-opacity":"","overlay-gradient":""},"mobile":{"background-color":"var(--ast-global-color-4)","background-image":"","background-repeat":"repeat","background-position":"center center","background-size":"auto","background-attachment":"scroll","background-type":"","background-media":"","overlay-type":"","overlay-color":"","overlay-opacity":"","overlay-gradient":""}},"footnotes":""},"class_list":["post-725","page","type-page","status-publish","has-post-thumbnail","hentry"],"yoast_head":"<!-- This site is optimized with the Yoast SEO plugin v27.4 - https:\/\/yoast.com\/product\/yoast-seo-wordpress\/ -->\n<title>Apartaments de lloguer - Immobili\u00e0ria Falc\u00f3 - Venta y alquiler de propiedades en LLan\u00e7\u00e0<\/title>\n<meta name=\"description\" content=\"A Immobili\u00e0ria Falc\u00f3 us oferim serveis immobiliaris de venda i lloguer de propietats a Llan\u00e7\u00e0 ia la Costa Brava.\" \/>\n<meta name=\"robots\" content=\"index, follow, max-snippet:-1, max-image-preview:large, max-video-preview:-1\" \/>\n<link rel=\"canonical\" href=\"https:\/\/immobiliariafalco.com\/ca\/lloguer\/apartaments-de-lloguer\/\" \/>\n<meta property=\"og:locale\" content=\"ca_ES\" \/>\n<meta property=\"og:type\" content=\"article\" \/>\n<meta property=\"og:title\" content=\"Apartaments de lloguer - Immobili\u00e0ria Falc\u00f3 - Venta y alquiler de propiedades en LLan\u00e7\u00e0\" \/>\n<meta property=\"og:description\" content=\"A Immobili\u00e0ria Falc\u00f3 us oferim serveis immobiliaris de venda i lloguer de propietats a Llan\u00e7\u00e0 ia la Costa Brava.\" \/>\n<meta property=\"og:url\" content=\"https:\/\/immobiliariafalco.com\/ca\/lloguer\/apartaments-de-lloguer\/\" \/>\n<meta property=\"og:site_name\" content=\"Immobili\u00e0ria Falc\u00f3 - Venta y alquiler de propiedades en LLan\u00e7\u00e0\" \/>\n<meta property=\"article:publisher\" content=\"https:\/\/www.facebook.com\/Immobiliria-FALC-112724184524155\" \/>\n<meta property=\"article:modified_time\" content=\"2025-05-06T11:45:26+00:00\" \/>\n<meta property=\"og:image\" content=\"https:\/\/www.immobiliariafalco.com\/wp-content\/uploads\/2025\/04\/rrss-falco.jpg\" \/>\n\t<meta property=\"og:image:width\" content=\"1280\" \/>\n\t<meta property=\"og:image:height\" content=\"720\" \/>\n\t<meta property=\"og:image:type\" content=\"image\/jpeg\" \/>\n<meta name=\"twitter:card\" content=\"summary_large_image\" \/>\n<script type=\"application\/ld+json\" class=\"yoast-schema-graph\">{\"@context\":\"https:\\\/\\\/schema.org\",\"@graph\":[{\"@type\":\"WebPage\",\"@id\":\"https:\\\/\\\/immobiliariafalco.com\\\/ca\\\/lloguer\\\/apartaments-de-lloguer\\\/\",\"url\":\"https:\\\/\\\/immobiliariafalco.com\\\/ca\\\/lloguer\\\/apartaments-de-lloguer\\\/\",\"name\":\"Apartaments de lloguer - Immobili\u00e0ria Falc\u00f3 - Venta y alquiler de propiedades en LLan\u00e7\u00e0\",\"isPartOf\":{\"@id\":\"https:\\\/\\\/immobiliariafalco.com\\\/ca\\\/#website\"},\"primaryImageOfPage\":{\"@id\":\"https:\\\/\\\/immobiliariafalco.com\\\/ca\\\/lloguer\\\/apartaments-de-lloguer\\\/#primaryimage\"},\"image\":{\"@id\":\"https:\\\/\\\/immobiliariafalco.com\\\/ca\\\/lloguer\\\/apartaments-de-lloguer\\\/#primaryimage\"},\"thumbnailUrl\":\"https:\\\/\\\/immobiliariafalco.com\\\/wp-content\\\/uploads\\\/2025\\\/04\\\/rrss-falco.jpg\",\"datePublished\":\"2025-04-07T13:53:51+00:00\",\"dateModified\":\"2025-05-06T11:45:26+00:00\",\"description\":\"A Immobili\u00e0ria Falc\u00f3 us oferim serveis immobiliaris de venda i lloguer de propietats a Llan\u00e7\u00e0 ia la Costa Brava.\",\"breadcrumb\":{\"@id\":\"https:\\\/\\\/immobiliariafalco.com\\\/ca\\\/lloguer\\\/apartaments-de-lloguer\\\/#breadcrumb\"},\"inLanguage\":\"ca\",\"potentialAction\":[{\"@type\":\"ReadAction\",\"target\":[\"https:\\\/\\\/immobiliariafalco.com\\\/ca\\\/lloguer\\\/apartaments-de-lloguer\\\/\"]}]},{\"@type\":\"BreadcrumbList\",\"@id\":\"https:\\\/\\\/immobiliariafalco.com\\\/ca\\\/lloguer\\\/apartaments-de-lloguer\\\/#breadcrumb\",\"itemListElement\":[{\"@type\":\"ListItem\",\"position\":1,\"name\":\"Inicio\",\"item\":\"https:\\\/\\\/immobiliariafalco.com\\\/ca\\\/\"},{\"@type\":\"ListItem\",\"position\":2,\"name\":\"Lloguer\",\"item\":\"https:\\\/\\\/immobiliariafalco.com\\\/ca\\\/alquiler\\\/\"},{\"@type\":\"ListItem\",\"position\":3,\"name\":\"Apartaments de lloguer\"}]},{\"@type\":\"WebSite\",\"@id\":\"https:\\\/\\\/immobiliariafalco.com\\\/ca\\\/#website\",\"url\":\"https:\\\/\\\/immobiliariafalco.com\\\/ca\\\/\",\"name\":\"Immobili\u00e0ria Falc\u00f3 - Venta y alquiler de propiedades en LLan\u00e7\u00e0\",\"description\":\"Servicios inmobiliarios y de alquiler vacacional en la Costa Brava\",\"publisher\":{\"@id\":\"https:\\\/\\\/immobiliariafalco.com\\\/ca\\\/#organization\"},\"alternateName\":\"Immobili\u00e0ria Falc\u00f3\",\"potentialAction\":[{\"@type\":\"SearchAction\",\"target\":{\"@type\":\"EntryPoint\",\"urlTemplate\":\"https:\\\/\\\/immobiliariafalco.com\\\/alquiler-resultados-de-busqueda\\\/?search_text={search_term_string}\"},\"query-input\":{\"@type\":\"PropertyValueSpecification\",\"valueRequired\":true,\"valueName\":\"search_term_string\"}}],\"inLanguage\":\"ca\"},{\"@type\":\"Organization\",\"@id\":\"https:\\\/\\\/immobiliariafalco.com\\\/ca\\\/#organization\",\"name\":\"Immobili\u00e0ria Falc\u00f3 - Venta y alquiler de propiedades en LLan\u00e7\u00e0\",\"url\":\"https:\\\/\\\/immobiliariafalco.com\\\/ca\\\/\",\"logo\":{\"@type\":\"ImageObject\",\"inLanguage\":\"ca\",\"@id\":\"https:\\\/\\\/immobiliariafalco.com\\\/ca\\\/#\\\/schema\\\/logo\\\/image\\\/\",\"url\":\"https:\\\/\\\/immobiliariafalco.com\\\/wp-content\\\/uploads\\\/2025\\\/04\\\/logo-1.png\",\"contentUrl\":\"https:\\\/\\\/immobiliariafalco.com\\\/wp-content\\\/uploads\\\/2025\\\/04\\\/logo-1.png\",\"width\":1500,\"height\":349,\"caption\":\"Immobili\u00e0ria Falc\u00f3 - Venta y alquiler de propiedades en LLan\u00e7\u00e0\"},\"image\":{\"@id\":\"https:\\\/\\\/immobiliariafalco.com\\\/ca\\\/#\\\/schema\\\/logo\\\/image\\\/\"},\"sameAs\":[\"https:\\\/\\\/www.facebook.com\\\/Immobiliria-FALC-112724184524155\",\"https:\\\/\\\/www.instagram.com\\\/immobiliariafalco\"]}]}<\/script>\n<!-- \/ Yoast SEO plugin. -->","yoast_head_json":{"title":"Apartaments de lloguer - Immobili\u00e0ria Falc\u00f3 - Venta y alquiler de propiedades en LLan\u00e7\u00e0","description":"A Immobili\u00e0ria Falc\u00f3 us oferim serveis immobiliaris de venda i lloguer de propietats a Llan\u00e7\u00e0 ia la Costa Brava.","robots":{"index":"index","follow":"follow","max-snippet":"max-snippet:-1","max-image-preview":"max-image-preview:large","max-video-preview":"max-video-preview:-1"},"canonical":"https:\/\/immobiliariafalco.com\/ca\/lloguer\/apartaments-de-lloguer\/","og_locale":"ca_ES","og_type":"article","og_title":"Apartaments de lloguer - Immobili\u00e0ria Falc\u00f3 - Venta y alquiler de propiedades en LLan\u00e7\u00e0","og_description":"A Immobili\u00e0ria Falc\u00f3 us oferim serveis immobiliaris de venda i lloguer de propietats a Llan\u00e7\u00e0 ia la Costa Brava.","og_url":"https:\/\/immobiliariafalco.com\/ca\/lloguer\/apartaments-de-lloguer\/","og_site_name":"Immobili\u00e0ria Falc\u00f3 - Venta y alquiler de propiedades en LLan\u00e7\u00e0","article_publisher":"https:\/\/www.facebook.com\/Immobiliria-FALC-112724184524155","article_modified_time":"2025-05-06T11:45:26+00:00","og_image":[{"width":1280,"height":720,"url":"https:\/\/www.immobiliariafalco.com\/wp-content\/uploads\/2025\/04\/rrss-falco.jpg","type":"image\/jpeg"}],"twitter_card":"summary_large_image","schema":{"@context":"https:\/\/schema.org","@graph":[{"@type":"WebPage","@id":"https:\/\/immobiliariafalco.com\/ca\/lloguer\/apartaments-de-lloguer\/","url":"https:\/\/immobiliariafalco.com\/ca\/lloguer\/apartaments-de-lloguer\/","name":"Apartaments de lloguer - Immobili\u00e0ria Falc\u00f3 - Venta y alquiler de propiedades en LLan\u00e7\u00e0","isPartOf":{"@id":"https:\/\/immobiliariafalco.com\/ca\/#website"},"primaryImageOfPage":{"@id":"https:\/\/immobiliariafalco.com\/ca\/lloguer\/apartaments-de-lloguer\/#primaryimage"},"image":{"@id":"https:\/\/immobiliariafalco.com\/ca\/lloguer\/apartaments-de-lloguer\/#primaryimage"},"thumbnailUrl":"https:\/\/immobiliariafalco.com\/wp-content\/uploads\/2025\/04\/rrss-falco.jpg","datePublished":"2025-04-07T13:53:51+00:00","dateModified":"2025-05-06T11:45:26+00:00","description":"A Immobili\u00e0ria Falc\u00f3 us oferim serveis immobiliaris de venda i lloguer de propietats a Llan\u00e7\u00e0 ia la Costa Brava.","breadcrumb":{"@id":"https:\/\/immobiliariafalco.com\/ca\/lloguer\/apartaments-de-lloguer\/#breadcrumb"},"inLanguage":"ca","potentialAction":[{"@type":"ReadAction","target":["https:\/\/immobiliariafalco.com\/ca\/lloguer\/apartaments-de-lloguer\/"]}]},{"@type":"BreadcrumbList","@id":"https:\/\/immobiliariafalco.com\/ca\/lloguer\/apartaments-de-lloguer\/#breadcrumb","itemListElement":[{"@type":"ListItem","position":1,"name":"Inicio","item":"https:\/\/immobiliariafalco.com\/ca\/"},{"@type":"ListItem","position":2,"name":"Lloguer","item":"https:\/\/immobiliariafalco.com\/ca\/alquiler\/"},{"@type":"ListItem","position":3,"name":"Apartaments de lloguer"}]},{"@type":"WebSite","@id":"https:\/\/immobiliariafalco.com\/ca\/#website","url":"https:\/\/immobiliariafalco.com\/ca\/","name":"Immobili\u00e0ria Falc\u00f3 - Venta y alquiler de propiedades en LLan\u00e7\u00e0","description":"Servicios inmobiliarios y de alquiler vacacional en la Costa Brava","publisher":{"@id":"https:\/\/immobiliariafalco.com\/ca\/#organization"},"alternateName":"Immobili\u00e0ria Falc\u00f3","potentialAction":[{"@type":"SearchAction","target":{"@type":"EntryPoint","urlTemplate":"https:\/\/immobiliariafalco.com\/alquiler-resultados-de-busqueda\/?search_text={search_term_string}"},"query-input":{"@type":"PropertyValueSpecification","valueRequired":true,"valueName":"search_term_string"}}],"inLanguage":"ca"},{"@type":"Organization","@id":"https:\/\/immobiliariafalco.com\/ca\/#organization","name":"Immobili\u00e0ria Falc\u00f3 - Venta y alquiler de propiedades en LLan\u00e7\u00e0","url":"https:\/\/immobiliariafalco.com\/ca\/","logo":{"@type":"ImageObject","inLanguage":"ca","@id":"https:\/\/immobiliariafalco.com\/ca\/#\/schema\/logo\/image\/","url":"https:\/\/immobiliariafalco.com\/wp-content\/uploads\/2025\/04\/logo-1.png","contentUrl":"https:\/\/immobiliariafalco.com\/wp-content\/uploads\/2025\/04\/logo-1.png","width":1500,"height":349,"caption":"Immobili\u00e0ria Falc\u00f3 - Venta y alquiler de propiedades en LLan\u00e7\u00e0"},"image":{"@id":"https:\/\/immobiliariafalco.com\/ca\/#\/schema\/logo\/image\/"},"sameAs":["https:\/\/www.facebook.com\/Immobiliria-FALC-112724184524155","https:\/\/www.instagram.com\/immobiliariafalco"]}]}},"_links":{"self":[{"href":"https:\/\/immobiliariafalco.com\/ca\/wp-json\/wp\/v2\/pages\/725","targetHints":{"allow":["GET"]}}],"collection":[{"href":"https:\/\/immobiliariafalco.com\/ca\/wp-json\/wp\/v2\/pages"}],"about":[{"href":"https:\/\/immobiliariafalco.com\/ca\/wp-json\/wp\/v2\/types\/page"}],"author":[{"embeddable":true,"href":"https:\/\/immobiliariafalco.com\/ca\/wp-json\/wp\/v2\/users\/1"}],"replies":[{"embeddable":true,"href":"https:\/\/immobiliariafalco.com\/ca\/wp-json\/wp\/v2\/comments?post=725"}],"version-history":[{"count":0,"href":"https:\/\/immobiliariafalco.com\/ca\/wp-json\/wp\/v2\/pages\/725\/revisions"}],"up":[{"embeddable":true,"href":"https:\/\/immobiliariafalco.com\/ca\/wp-json\/wp\/v2\/pages\/723"}],"wp:featuredmedia":[{"embeddable":true,"href":"https:\/\/immobiliariafalco.com\/ca\/wp-json\/wp\/v2\/media\/428"}],"wp:attachment":[{"href":"https:\/\/immobiliariafalco.com\/ca\/wp-json\/wp\/v2\/media?parent=725"}],"curies":[{"name":"wp","href":"https:\/\/api.w.org\/{rel}","templated":true}]}}