{"id":1444,"date":"2025-11-19T12:19:13","date_gmt":"2025-11-19T11:19:13","guid":{"rendered":"https:\/\/immobiliariafalco.com\/venda\/locals\/"},"modified":"2025-11-19T12:20:27","modified_gmt":"2025-11-19T11:20:27","slug":"locals","status":"publish","type":"page","link":"https:\/\/immobiliariafalco.com\/ca\/venda\/locals\/","title":{"rendered":"Locals"},"content":{"rendered":"\n<div class=\"wp-block-nk-awb nk-awb alignfull\"><div class=\"nk-awb-wrap\" data-awb-type=\"image\" data-awb-parallax=\"scroll\" data-awb-parallax-speed=\"0.5\" data-awb-parallax-mobile=\"false\" data-awb-image-background-size=\"cover\" data-awb-image-background-position=\"56% 21%\"><div class=\"nk-awb-overlay\" style=\"background: #0000002b;\"><\/div><div class=\"nk-awb-inner\"><img loading=\"lazy\" decoding=\"async\" src=\"https:\/\/immobiliariafalco.com\/wp-content\/uploads\/2025\/04\/home-falco.jpg\" class=\"wp-image-53 jarallax-img\" alt=\"Immobili\u00e0ria Falc\u00f3\" width=\"1920\" height=\"1080\" srcset=\"https:\/\/immobiliariafalco.com\/wp-content\/uploads\/2025\/04\/home-falco.jpg 1920w, https:\/\/immobiliariafalco.com\/wp-content\/uploads\/2025\/04\/home-falco-300x169.jpg 300w, https:\/\/immobiliariafalco.com\/wp-content\/uploads\/2025\/04\/home-falco-1024x576.jpg 1024w, https:\/\/immobiliariafalco.com\/wp-content\/uploads\/2025\/04\/home-falco-768x432.jpg 768w, https:\/\/immobiliariafalco.com\/wp-content\/uploads\/2025\/04\/home-falco-1536x864.jpg 1536w, https:\/\/immobiliariafalco.com\/wp-content\/uploads\/2025\/04\/home-falco-500x281.jpg 500w, https:\/\/immobiliariafalco.com\/wp-content\/uploads\/2025\/04\/home-falco-800x450.jpg 800w, https:\/\/immobiliariafalco.com\/wp-content\/uploads\/2025\/04\/home-falco-1280x720.jpg 1280w\" sizes=\"auto, (max-width: 1920px) 100vw, 1920px\" \/><\/div><\/div><div class=\"nk-awb-wrap-content is-layout-constrained wp-container-nk-awb-is-layout-00f579c5 wp-block-nk-awb-is-layout-constrained\">\n<div style=\"height:157px\" aria-hidden=\"true\" class=\"wp-block-spacer\"><\/div>\n\n\n\n<div class=\"wp-block-columns is-layout-flex wp-container-core-columns-is-layout-28f84493 wp-block-columns-is-layout-flex\">\n<div class=\"wp-block-column is-layout-flow wp-block-column-is-layout-flow\">\n<h1 class=\"wp-block-heading has-ast-global-color-4-color has-text-color has-link-color wp-elements-465e2735d4346d66bc4851e558758ccb\" style=\"font-size:37px\"><strong>Locals<\/strong><\/h1>\n<\/div>\n\n\n\n<div class=\"wp-block-column is-vertically-aligned-bottom is-layout-flow wp-block-column-is-layout-flow\"><div class=\"yoast-breadcrumbs\"><span><span><a href=\"https:\/\/immobiliariafalco.com\/ca\/\">Inicio<\/a><\/span> \u00bb <span><a href=\"https:\/\/immobiliariafalco.com\/ca\/venta\/\">Venda<\/a><\/span> \u00bb <span class=\"breadcrumb_last\" aria-current=\"page\">Locals<\/span><\/span><\/div><\/div>\n<\/div>\n\n\n<div class=\"n2r__search  \" data-n2r-searchsession-url=\"https:\/\/immobiliariafalco.com\/wp-json\/n2r\/v1\/searchsession\" data-n2r-nosession=\"true\">\n    <div class=\"n2r__search__container n2r__tabs__content\">\n    \n<div class=\"n2r__tabs__content__item n2r__search__container__sale active\" >\n  <form name=\"n2r__search\" method=\"get\" action=\"https:\/\/immobiliariafalco.com\/venta-resultados-de-busqueda\/\" role=\"form\" autocomplete=\"off\">\n    <input type=\"hidden\" aria-hidden=\"true\" name=\"commercialization_type\" value=\"sale\">\n              <div class=\"n2r__search__field\">\n            <label for=\"n2r-search-sale-search_text-18504\">Refer\u00e8ncia<\/label>\n            <input type=\"text\" name=\"search_text\" id=\"n2r-search-sale-search_text-18504\" class=\"n2r__input\" value=\"\">\n          <\/div>\n                      <div class=\"n2r__search__field\">\n              <label for=\"n2r-search-sale-city-18504\">Destinaci\u00f3<\/label>\n              <select name=\"city\" id=\"n2r-search-sale-city-18504\" class=\"n2r__select\">\n                <option value=\"\">Tots<\/option>\n                <option value=\"COLERA\" >COLERA<\/option><option value=\"Colera\" >Colera<\/option><option value=\"LLAN\u00c7A\" >LLAN\u00c7A<\/option><option value=\"LLAN\u00c7\u00c0\" >LLAN\u00c7\u00c0<\/option><option value=\"Llan\u00e7a\" >Llan\u00e7a<\/option><option value=\"Llan\u00e7\u00e0\" >Llan\u00e7\u00e0<\/option><option value=\"PORTBOU\" >PORTBOU<\/option><option value=\"Port de la Selva (El)\" >Port de la Selva (El)<\/option><option value=\"ROSES\" >ROSES<\/option>              <\/select>\n            <\/div>\n                      <div class=\"n2r__search__field \">\n              <label for=\"n2r-search-sale-type-18504\">Tipus d&#039;edificaci\u00f3<\/label>\n              <select name=\"type\" id=\"n2r-search-sale-type-18504\" class=\"n2r__select\">\n                <option value=\"\">Tots<\/option>\n                <option value=\"apartment\" >Apartament<\/option><option value=\"attached_house\" >Casa adossada<\/option><option value=\"chalet\" >Casa \/ Xalet<\/option><option value=\"commercial_space\" >Espai comercial<\/option><option value=\"flat\" >Pis<\/option><option value=\"isolated_house\" >Casa a\u00efllada \/ Villa<\/option><option value=\"masia\" >Masia<\/option><option value=\"other\" >Altres<\/option><option value=\"parking\" >Aparcament<\/option><option value=\"rustic\" >R\u00fastic<\/option><option value=\"storage_room\" >Traster<\/option><option value=\"terrain\" >Terreny<\/option><option value=\"townhouse\" >Casa de poble<\/option>              <\/select>\n              <span><\/span>\n            <\/div>\n                      <div class=\"n2r__search__field\">\n              <label for=\"n2r-search-sale-pool-18504\">Piscina<\/label>\n              <select name=\"pooltype\" id=\"n2r-search-sale-pool-18504\" class=\"n2r__select\">\n                <option value=\"\"> - <\/option>\n                <option value=\"communal\" >Comunit\u00e0ria<\/option><option value=\"private\" >Privada<\/option>              <\/select>\n            <\/div>\n                    <div class=\"n2r__search__field\">\n            <label for=\"n2r-search-sale-price-18504\">Preu<\/label>\n            <select name=\"price\" id=\"n2r-search-sale-price-18504\" class=\"n2r__select\">\n              <option value=\"\"> - <\/option>\n              <option value=\"0 - 100.000 \u20ac\" >0 - 100.000 \u20ac<\/option><option value=\"100.000 \u20ac - 300.000 \u20ac\" >100.000 \u20ac - 300.000 \u20ac<\/option><option value=\"300.000 \u20ac - 500.000 \u20ac\" >300.000 \u20ac - 500.000 \u20ac<\/option><option value=\"500.000 \u20ac - 1.000.000 \u20ac\" >500.000 \u20ac - 1.000.000 \u20ac<\/option><option value=\"&gt; 1.000.000 \u20ac\" >&gt; 1.000.000 \u20ac<\/option>            <\/select>\n          <\/div>\n        <div class=\"n2r__search__field n2r__search__field--submit\">\n      <button type=\"submit\" class=\"n2r__search__submit n2r__btn\">Cercar<\/button>\n    <\/div>\n  <\/form>\n<\/div>  <\/div>\n<\/div>\n\n\n\n<div style=\"height:60px\" aria-hidden=\"true\" class=\"wp-block-spacer\"><\/div>\n<\/div><\/div>\n\n<div style=\"height:30px\" aria-hidden=\"true\" class=\"wp-block-spacer\"><\/div>\n\n<div class=\"wp-block-nk-awb nk-awb alignfull\"><div class=\"nk-awb-wrap-content is-layout-constrained wp-container-nk-awb-is-layout-00f579c5 wp-block-nk-awb-is-layout-constrained\">\n<div class=\"n2r__list grid\" data-n2r-searchparams=\"\">\n      <div class=\"n2r__list__header\">\n              <a href=\"#\" class=\"n2r__btn n2r__btn--mobileicon n2r__btn--filters\" data-toggleclass=\"filters\" data-target-parent=\".n2r__list\">Obrir filtres<\/a>\n            <select name=\"orderby\" class=\"n2r__select\" aria-label=\"Ordenar resultats\">\n        <option value=\"\/ca\/wp-json\/wp\/v2\/pages\/1444?orderby=\"> Ordenar resultats<\/option>\n        <option value=\"\/ca\/wp-json\/wp\/v2\/pages\/1444?orderby=pricedesc\" > Preu: Major a menor        <option value=\"\/ca\/wp-json\/wp\/v2\/pages\/1444?orderby=priceasc\" > Preu: Menor a major      <\/select>\n      <span class=\"separator\"><\/span>\n              <a href=\"\" class=\"n2r__btn n2r__btn--mobileicon n2r__btn--map\" data-toggleclass=\"map\" data-target-parent=\".n2r__list\" data-activated-text=\"Amagar mapa\" data-deactivated-text=\"Mostra el mapa\">Mostra el mapa<\/a>\n              <div class=\"n2r__btngroup n2r__btngroup--viewmode\">\n        <a href=\"\" class=\"n2r__btn n2r__btn--grid active\" data-viewmode=\"grid\" aria-label=\"Grid view\"><\/a>\n        <a href=\"\" class=\"n2r__btn n2r__btn--list \" data-viewmode=\"list\" aria-label=\"List view\"><\/a>\n      <\/div>\n    <\/div>\n  <div class=\"n2r__list__filters\">\n  <header>\n    Filtrar recerca    <a href=\"#\" class=\"n2r__btn--close\" data-toggleclass=\"filters\" data-target-parent=\".n2r__list\" aria-label=\"Tancar\"><\/a>\n  <\/header>\n  <form method=\"get\" action=\"\/ca\/wp-json\/wp\/v2\/pages\/1444?_f=1\" role=\"form\" autocomplete=\"off\">\n    <input type=\"hidden\" aria-hidden=\"true\" name=\"commercialization_type\" value=\"sale\">\n\n                <div class=\"n2r__list__filters__field\">\n              <label for=\"n2r-filters-search-text-98060\">Cercar<\/label>\n              <input type=\"text\" name=\"search_text\" id=\"n2r-filters-search-text-98060\" class=\"n2r__input\" value=\"\">\n            <\/div>\n                          <div class=\"n2r__list__filters__field\">\n                <label for=\"n2r-filters-city-98060\">Ciutat<\/label>\n                <select name=\"city\" id=\"n2r-filters-city-98060\" class=\"n2r__select\">\n                  <option value=\"\">Tots<\/option>\n                  <option value=\"COLERA\" >COLERA<\/option><option value=\"Colera\" >Colera<\/option><option value=\"LLAN\u00c7A\" >LLAN\u00c7A<\/option><option value=\"LLAN\u00c7\u00c0\" >LLAN\u00c7\u00c0<\/option><option value=\"Llan\u00e7a\" >Llan\u00e7a<\/option><option value=\"Llan\u00e7\u00e0\" >Llan\u00e7\u00e0<\/option><option value=\"PORTBOU\" >PORTBOU<\/option><option value=\"Port de la Selva (El)\" >Port de la Selva (El)<\/option><option value=\"ROSES\" >ROSES<\/option>                <\/select>\n              <\/div>\n                          <div class=\"n2r__list__filters__field\">\n                <label for=\"n2r-filters-zone-98060\">Zona<\/label>\n                <select name=\"zone\" id=\"n2r-filters-zone-98060\" class=\"n2r__select\" data-remoteurl=\"https:\/\/immobiliariafalco.com\/wp-json\/n2r\/v1\/zones\">\n                  <option value=\"\">Tots<\/option>\n                  <option value=\"Centre Vila\" >Centre Vila<\/option><option value=\"FANE DE DALT\" >FANE DE DALT<\/option><option value=\"GRIFEU\" >GRIFEU<\/option><option value=\"La Bateria\" >La Bateria<\/option><option value=\"La Vila\" >La Vila<\/option><option value=\"PORT DE LLAN\u00c7A\" >PORT DE LLAN\u00c7A<\/option><option value=\"Sant Gen\u00eds\" >Sant Gen\u00eds<\/option><option value=\"Urbanitzaci\u00f3 Santa Isabel\" >Urbanitzaci\u00f3 Santa Isabel<\/option><option value=\"Vila centre\" >Vila centre<\/option><option value=\"cap de bol\" >cap de bol<\/option><option value=\"cau del llop\" >cau del llop<\/option><option value=\"fan\u00e9 de dalt\" >fan\u00e9 de dalt<\/option><option value=\"grifeu\" >grifeu<\/option><option value=\"la coma\" >la coma<\/option><option value=\"la vila\" >la vila<\/option><option value=\"port de llan\u00e7\u00e0\" >port de llan\u00e7\u00e0<\/option><option value=\"tonyines\" >tonyines<\/option>                <\/select>\n              <\/div>\n                          <div class=\"n2r__list__filters__field \">\n                <label for=\"n2r-filters-type-98060\">Tipus d'edificaci\u00f3<\/label>\n                <select name=\"type\" id=\"n2r-filters-type-98060\" class=\"n2r__select\">\n                  <option value=\"\">Tipus d'edificaci\u00f3<\/option>\n                  <option value=\"apartment\" >Apartament<\/option><option value=\"attached_house\" >Casa adossada<\/option><option value=\"chalet\" >Casa \/ Xalet<\/option><option value=\"commercial_space\" >Espai comercial<\/option><option value=\"flat\" >Pis<\/option><option value=\"isolated_house\" >Casa a\u00efllada \/ Villa<\/option><option value=\"masia\" >Masia<\/option><option value=\"other\" >Altres<\/option><option value=\"parking\" >Aparcament<\/option><option value=\"rustic\" >R\u00fastic<\/option><option value=\"storage_room\" >Traster<\/option><option value=\"terrain\" >Terreny<\/option><option value=\"townhouse\" >Casa de poble<\/option>                <\/select>\n              <\/div>\n                          <div class=\"n2r__list__filters__field\">\n                <label for=\"n2r-filters-category-98060\" Categoria<\/label>\n                  <select name=\"category\" id=\"n2r-filters-category-98060\" class=\"n2r__select\">\n                    <option value=\"\">Tots<\/option>\n                    <option value=\"533\" >Hotels<\/option><option value=\"534\" >No urbanitzable<\/option><option value=\"535\" >Urbanitzable<\/option><option value=\"649\" >Apartaments en venda<\/option><option value=\"650\" >Cases en venda<\/option><option value=\"660\" >Garajes y Trasteros en Venta<\/option><option value=\"661\" >Locales en venta<\/option>                  <\/select>\n              <\/div>\n                        <div class=\"n2r__list__filters__field\">\n              <label for=\"n2r-filters-rooms-min-98060\">Habitacions<\/label>\n              <div class=\"n2r__radio\">\n                <input type=\"hidden\" aria-hidden=\"true\" name=\"min_room_number\" id=\"n2r-filters-rooms-min-98060\" value=\"\">\n                                  <div class=\"n2r__radio__item \" data-value=\"1\">+1<\/div>\n                                  <div class=\"n2r__radio__item \" data-value=\"2\">+2<\/div>\n                                  <div class=\"n2r__radio__item \" data-value=\"3\">+3<\/div>\n                                  <div class=\"n2r__radio__item \" data-value=\"4\">+4<\/div>\n                                  <div class=\"n2r__radio__item \" data-value=\"5\">+5<\/div>\n                              <\/div>\n            <\/div>\n                      <div class=\"n2r__list__filters__field\">\n              <label for=\"n2r-filters-toilets-min-98060\">Lavabos<\/label>\n              <div class=\"n2r__radio\">\n                <input type=\"hidden\" id=\"n2r-filters-toilets-min-98060\" aria-hidden=\"true\" name=\"min_toilets_number\" value=\"\">\n                                  <div class=\"n2r__radio__item \" data-value=\"1\">+1<\/div>\n                                  <div class=\"n2r__radio__item \" data-value=\"2\">+2<\/div>\n                                  <div class=\"n2r__radio__item \" data-value=\"3\">+3<\/div>\n                              <\/div>\n            <\/div>\n                      <div class=\"n2r__list__filters__field\">\n              <label for=\"n2r-filters-property-meters-min-98060\">Metres de l'immoble<\/label>\n              <select name=\"property_meters_min\" id=\"n2r-filters-property-meters-min-98060\" class=\"n2r__select\">\n                <option value=\"\">Sense l\u00edmit<\/option>\n                                  <option value=\"50\" >\n                    50m2                  <\/option>\n                                  <option value=\"60\" >\n                    60m2                  <\/option>\n                                  <option value=\"70\" >\n                    70m2                  <\/option>\n                                  <option value=\"80\" >\n                    80m2                  <\/option>\n                                  <option value=\"90\" >\n                    90m2                  <\/option>\n                                  <option value=\"100\" >\n                    100m2                  <\/option>\n                                  <option value=\"125\" >\n                    125m2                  <\/option>\n                                  <option value=\"150\" >\n                    150m2                  <\/option>\n                                  <option value=\"175\" >\n                    175m2                  <\/option>\n                                  <option value=\"200\" >\n                    200m2                  <\/option>\n                                  <option value=\"250\" >\n                    250m2                  <\/option>\n                                  <option value=\"300\" >\n                    300m2                  <\/option>\n                                  <option value=\"400\" >\n                    400m2                  <\/option>\n                                  <option value=\"500\" >\n                    500m2                  <\/option>\n                              <\/select>\n            <\/div>\n                <div class=\"n2r__list__filters__field\">\n        <label>M\u00e9s caracter\u00edstiques<\/label>\n                  <label class=\"n2r__btn n2r__btn--outline n2r__btn--checkbox\">\n            <input type=\"hidden\" aria-hidden=\"true\" name=\"pets\" value=\"\">\n            <input type=\"checkbox\" class=\"n2r__checkbox\" name=\"pets\" value=\"1\" >\n            Mascotes          <\/label>\n                  <label class=\"n2r__btn n2r__btn--outline n2r__btn--checkbox\">\n            <input type=\"hidden\" aria-hidden=\"true\" name=\"lift\" value=\"\">\n            <input type=\"checkbox\" class=\"n2r__checkbox\" name=\"lift\" value=\"1\" >\n            Ascensor          <\/label>\n                  <label class=\"n2r__btn n2r__btn--outline n2r__btn--checkbox\">\n            <input type=\"hidden\" aria-hidden=\"true\" name=\"pool\" value=\"\">\n            <input type=\"checkbox\" class=\"n2r__checkbox\" name=\"pool\" value=\"1\" >\n            Piscina          <\/label>\n                  <label class=\"n2r__btn n2r__btn--outline n2r__btn--checkbox\">\n            <input type=\"hidden\" aria-hidden=\"true\" name=\"parking_garage\" value=\"\">\n            <input type=\"checkbox\" class=\"n2r__checkbox\" name=\"parking_garage\" value=\"1\" >\n            Aparcament          <\/label>\n                  <label class=\"n2r__btn n2r__btn--outline n2r__btn--checkbox\">\n            <input type=\"hidden\" aria-hidden=\"true\" name=\"garden\" value=\"\">\n            <input type=\"checkbox\" class=\"n2r__checkbox\" name=\"garden\" value=\"1\" >\n            Jard\u00ed          <\/label>\n                  <label class=\"n2r__btn n2r__btn--outline n2r__btn--checkbox\">\n            <input type=\"hidden\" aria-hidden=\"true\" name=\"wifi\" value=\"\">\n            <input type=\"checkbox\" class=\"n2r__checkbox\" name=\"wifi\" value=\"1\" >\n            WIFI          <\/label>\n                  <label class=\"n2r__btn n2r__btn--outline n2r__btn--checkbox\">\n            <input type=\"hidden\" aria-hidden=\"true\" name=\"air_conditioning\" value=\"\">\n            <input type=\"checkbox\" class=\"n2r__checkbox\" name=\"air_conditioning\" value=\"1\" >\n            Aire condicionat          <\/label>\n                  <label class=\"n2r__btn n2r__btn--outline n2r__btn--checkbox\">\n            <input type=\"hidden\" aria-hidden=\"true\" name=\"barbecue\" value=\"\">\n            <input type=\"checkbox\" class=\"n2r__checkbox\" name=\"barbecue\" value=\"1\" >\n            Barbacoa          <\/label>\n                  <label class=\"n2r__btn n2r__btn--outline n2r__btn--checkbox\">\n            <input type=\"hidden\" aria-hidden=\"true\" name=\"terrace\" value=\"\">\n            <input type=\"checkbox\" class=\"n2r__checkbox\" name=\"terrace\" value=\"1\" >\n            Terrassa          <\/label>\n              <\/div>\n        <footer>\n      <button type=\"submit\" class=\"n2r__btn n2r__btn--search\">Cercar<\/button>\n    <\/footer>\n  <\/form>\n<\/div>  <div class=\"n2r__row\">\n    <div class=\"n2r__list__items\">\n      <div class=\"n2r__list__item n2r__clickable   \" data-id=\"24068\">\n    <div class=\"n2r__list__item__gallery n2r__slider\">\n    <div class=\"slide-item\"><img data-lazy=\"https:\/\/files.net2rent.com\/pfiles\/298\/24068\/553273-HG-o-m.jpg\" alt=\"\" title=\"\"><\/div><div class=\"slide-item\"><img data-lazy=\"https:\/\/files.net2rent.com\/pfiles\/298\/24068\/553274-1a-o-m.jpg\" alt=\"\" title=\"\"><\/div><div class=\"slide-item\"><img data-lazy=\"https:\/\/files.net2rent.com\/pfiles\/298\/24068\/553275-dL-o-m.jpg\" alt=\"\" title=\"\"><\/div><div class=\"slide-item\"><img data-lazy=\"https:\/\/files.net2rent.com\/pfiles\/298\/24068\/553276-BF-o-m.jpg\" alt=\"\" title=\"\"><\/div><div class=\"slide-item\"><img data-lazy=\"https:\/\/files.net2rent.com\/pfiles\/298\/24068\/553277-kC-o-m.jpg\" alt=\"\" title=\"\"><\/div><div class=\"slide-item\"><img data-lazy=\"https:\/\/files.net2rent.com\/pfiles\/298\/24068\/553278-Tl-o-m.jpg\" alt=\"\" title=\"\"><\/div><div class=\"slide-item\"><img data-lazy=\"https:\/\/files.net2rent.com\/pfiles\/298\/24068\/553279-js-o-m.jpg\" alt=\"\" title=\"\"><\/div>  <\/div>\n\n  <div class=\"n2r__list__item__info\">\n    <div class=\"n2r__list__item__title\">\n      <h2 class=\"n2r__list__item__name\">\n        <a href=\"https:\/\/immobiliariafalco.com\/ca\/detall-de-propietat-en-venda\/venda-local-comercial-lc-1-llanca-24068\/\">FANT\u00c0STIC LOCAL COMERCIAL CENTRE VILA<\/a>\n      <\/h2>\n          <\/div>\n    <div class=\"n2r__list__item__title\">\n      <div class=\"n2r__list__item__reference\">Ref: LC-1<\/div>\n            <div class=\"n2r__list__item__city\">Llan\u00e7a<\/div>\n          <\/div>\n    <div class=\"n2r__list__item__features\">\n          <\/div>\n    <div class=\"n2r__list__item__description\">Fant\u00e0stic local comercial, antic supermercat, situat al centre de la Vila de Llan\u00e7\u00e0, a pocs metres de la pla\u00e7a Major i en un carrer molt transitat. Superf\u00edcie de 244m2, molt bona situaci\u00f3.<\/div>\n    <div class=\"n2r__list__item__footer\">\n      <div class=\"n2r__list__item__price\">Consultar<\/div>    <\/div>\n  <\/div>\n  <a class=\"n2r__list__item__link\" href=\"https:\/\/immobiliariafalco.com\/ca\/detall-de-propietat-en-venda\/venda-local-comercial-lc-1-llanca-24068\/\">M\u00e9s detalls<\/a>\n  <\/div><div class=\"n2r__list__item n2r__clickable   \" data-id=\"24090\">\n    <div class=\"n2r__list__item__gallery n2r__slider\">\n    <div class=\"slide-item\"><img data-lazy=\"https:\/\/files.net2rent.com\/pfiles\/298\/24090\/553477-IO-o-m.jpg\" alt=\"\" title=\"\"><\/div><div class=\"slide-item\"><img data-lazy=\"https:\/\/files.net2rent.com\/pfiles\/298\/24090\/553478-PV-o-m.jpg\" alt=\"\" title=\"\"><\/div><div class=\"slide-item\"><img data-lazy=\"https:\/\/files.net2rent.com\/pfiles\/298\/24090\/553479-Px-o-m.jpg\" alt=\"\" title=\"\"><\/div><div class=\"slide-item\"><img data-lazy=\"https:\/\/files.net2rent.com\/pfiles\/298\/24090\/553480-Ul-o-m.jpg\" alt=\"\" title=\"\"><\/div>  <\/div>\n\n  <div class=\"n2r__list__item__info\">\n    <div class=\"n2r__list__item__title\">\n      <h2 class=\"n2r__list__item__name\">\n        <a href=\"https:\/\/immobiliariafalco.com\/ca\/detall-de-propietat-en-venda\/venda-local-comercial-lc-7-llanca-24090\/\">LOCAL COMERCIAL DE 52M2 ANTIC BAR-RESTAURANT<\/a>\n      <\/h2>\n          <\/div>\n    <div class=\"n2r__list__item__title\">\n      <div class=\"n2r__list__item__reference\">Ref: LC-7<\/div>\n            <div class=\"n2r__list__item__city\">LLAN\u00c7A<\/div>\n          <\/div>\n    <div class=\"n2r__list__item__features\">\n      <div class=\"n2r__list__item__feature n2r__list__item__feature--bathrooms\" title=\"2 lavabos\"><i class=\"n2r_toilet\"><\/i> 2<\/div><div class=\"n2r__list__item__feature n2r__list__item__feature--property_meters\" title=\"Metres de la propietat\"><i class=\"n2r_property_meters\"><\/i> 52 m<sup>2<\/sup><\/div>    <\/div>\n    <div class=\"n2r__list__item__description\">LOCAL comercial situat a la VILA, de 52m2, antic restaurant-bar.<\/div>\n    <div class=\"n2r__list__item__footer\">\n      <div class=\"n2r__list__item__price\">90.000 \u20ac<\/div>    <\/div>\n  <\/div>\n  <a class=\"n2r__list__item__link\" href=\"https:\/\/immobiliariafalco.com\/ca\/detall-de-propietat-en-venda\/venda-local-comercial-lc-7-llanca-24090\/\">M\u00e9s detalls<\/a>\n  <\/div><div class=\"n2r__list__item n2r__clickable   \" data-id=\"24106\">\n    <div class=\"n2r__list__item__gallery n2r__slider\">\n    <div class=\"slide-item\"><img data-lazy=\"https:\/\/files.net2rent.com\/pfiles\/298\/24106\/553686-qV-o-m.jpg\" alt=\"\" title=\"\"><\/div><div class=\"slide-item\"><img data-lazy=\"https:\/\/files.net2rent.com\/pfiles\/298\/24106\/553687-Yp-o-m.jpg\" alt=\"\" title=\"\"><\/div><div class=\"slide-item\"><img data-lazy=\"https:\/\/files.net2rent.com\/pfiles\/298\/24106\/553688-t1-o-m.jpg\" alt=\"\" title=\"\"><\/div><div class=\"slide-item\"><img data-lazy=\"https:\/\/files.net2rent.com\/pfiles\/298\/24106\/553689-kV-o-m.jpg\" alt=\"\" title=\"\"><\/div>  <\/div>\n\n  <div class=\"n2r__list__item__info\">\n    <div class=\"n2r__list__item__title\">\n      <h2 class=\"n2r__list__item__name\">\n        <a href=\"https:\/\/immobiliariafalco.com\/ca\/detall-de-propietat-en-venda\/venda-local-comercial-lc-3-llanca-24106\/\">LOCAL COMERCIAL EN CARRER PRINCIPAL DEL PORT DE LLAN\u00c7\u00c0<\/a>\n      <\/h2>\n          <\/div>\n    <div class=\"n2r__list__item__title\">\n      <div class=\"n2r__list__item__reference\">Ref: LC-3<\/div>\n            <div class=\"n2r__list__item__city\">LLAN\u00c7A<\/div>\n          <\/div>\n    <div class=\"n2r__list__item__features\">\n          <\/div>\n    <div class=\"n2r__list__item__description\">Fant\u00e0stic local comercial en el carrer principal d&#039;entrada i sortida dle Port de Llan\u00e7\u00e0. D&#039;uns 110m2 de superf\u00edcie, t\u00e9 un bany i una part de magatzem. Carrer molt transitat de gent, ideal per negoci.<\/div>\n    <div class=\"n2r__list__item__footer\">\n      <div class=\"n2r__list__item__price\">300.000 \u20ac<\/div>    <\/div>\n  <\/div>\n  <a class=\"n2r__list__item__link\" href=\"https:\/\/immobiliariafalco.com\/ca\/detall-de-propietat-en-venda\/venda-local-comercial-lc-3-llanca-24106\/\">M\u00e9s detalls<\/a>\n  <\/div><div class=\"n2r__list__item n2r__clickable   \" data-id=\"27162\">\n    <div class=\"n2r__list__item__gallery n2r__slider\">\n    <div class=\"slide-item\"><img data-lazy=\"https:\/\/files.net2rent.com\/pfiles\/298\/27162\/620949-eC-o-m.jpg\" alt=\"LC-2 LOCAL\/MAGATZEM A LA VENTA AL CENTRE DEL POBLE Altres La Vila Llan\u00e7\u00e0\" title=\"LC-2 LOCAL\/MAGATZEM A LA VENTA AL CENTRE DEL POBLE Altres La Vila Llan\u00e7\u00e0\"><\/div><div class=\"slide-item\"><img data-lazy=\"https:\/\/files.net2rent.com\/pfiles\/298\/27162\/620950-6r-o-m.jpg\" alt=\"LC-2 LOCAL\/MAGATZEM A LA VENTA AL CENTRE DEL POBLE Altres La Vila Llan\u00e7\u00e0\" title=\"LC-2 LOCAL\/MAGATZEM A LA VENTA AL CENTRE DEL POBLE Altres La Vila Llan\u00e7\u00e0\"><\/div><div class=\"slide-item\"><img data-lazy=\"https:\/\/files.net2rent.com\/pfiles\/298\/27162\/620951-NZ-o-m.jpg\" alt=\"LC-2 LOCAL\/MAGATZEM A LA VENTA AL CENTRE DEL POBLE Altres La Vila Llan\u00e7\u00e0\" title=\"LC-2 LOCAL\/MAGATZEM A LA VENTA AL CENTRE DEL POBLE Altres La Vila Llan\u00e7\u00e0\"><\/div><div class=\"slide-item\"><img data-lazy=\"https:\/\/files.net2rent.com\/pfiles\/298\/27162\/620952-42-o-m.jpg\" alt=\"LC-2 LOCAL\/MAGATZEM A LA VENTA AL CENTRE DEL POBLE Altres La Vila Llan\u00e7\u00e0\" title=\"LC-2 LOCAL\/MAGATZEM A LA VENTA AL CENTRE DEL POBLE Altres La Vila Llan\u00e7\u00e0\"><\/div><div class=\"slide-item\"><img data-lazy=\"https:\/\/files.net2rent.com\/pfiles\/298\/27162\/620953-OS-o-m.jpg\" alt=\"LC-2 LOCAL\/MAGATZEM A LA VENTA AL CENTRE DEL POBLE Altres La Vila Llan\u00e7\u00e0\" title=\"LC-2 LOCAL\/MAGATZEM A LA VENTA AL CENTRE DEL POBLE Altres La Vila Llan\u00e7\u00e0\"><\/div><div class=\"slide-item\"><img data-lazy=\"https:\/\/files.net2rent.com\/pfiles\/298\/27162\/620954-lG-o-m.jpg\" alt=\"LC-2 LOCAL\/MAGATZEM A LA VENTA AL CENTRE DEL POBLE Altres La Vila Llan\u00e7\u00e0\" title=\"LC-2 LOCAL\/MAGATZEM A LA VENTA AL CENTRE DEL POBLE Altres La Vila Llan\u00e7\u00e0\"><\/div><div class=\"slide-item\"><img data-lazy=\"https:\/\/files.net2rent.com\/pfiles\/298\/27162\/620955-4c-o-m.jpg\" alt=\"LC-2 LOCAL\/MAGATZEM A LA VENTA AL CENTRE DEL POBLE Altres La Vila Llan\u00e7\u00e0\" title=\"LC-2 LOCAL\/MAGATZEM A LA VENTA AL CENTRE DEL POBLE Altres La Vila Llan\u00e7\u00e0\"><\/div><div class=\"slide-item\"><img data-lazy=\"https:\/\/files.net2rent.com\/pfiles\/298\/27162\/620956-Mp-o-m.jpg\" alt=\"LC-2 LOCAL\/MAGATZEM A LA VENTA AL CENTRE DEL POBLE Altres La Vila Llan\u00e7\u00e0\" title=\"LC-2 LOCAL\/MAGATZEM A LA VENTA AL CENTRE DEL POBLE Altres La Vila Llan\u00e7\u00e0\"><\/div>  <\/div>\n\n  <div class=\"n2r__list__item__info\">\n    <div class=\"n2r__list__item__title\">\n      <h2 class=\"n2r__list__item__name\">\n        <a href=\"https:\/\/immobiliariafalco.com\/ca\/detall-de-propietat-en-venda\/venda-local-comercial-local-magatzem-a-la-venta-al-centre-del-poble-llanca-27162\/\">LOCAL\/MAGATZEM A LA VENTA AL CENTRE DEL POBLE<\/a>\n      <\/h2>\n          <\/div>\n    <div class=\"n2r__list__item__title\">\n      <div class=\"n2r__list__item__reference\">Ref: LC-2<\/div>\n            <div class=\"n2r__list__item__city\">Llan\u00e7\u00e0<\/div>\n          <\/div>\n    <div class=\"n2r__list__item__features\">\n      <div class=\"n2r__list__item__feature n2r__list__item__feature--property_meters\" title=\"Metres de la propietat\"><i class=\"n2r_property_meters\"><\/i> 148 m<sup>2<\/sup><\/div>    <\/div>\n    <div class=\"n2r__list__item__description\">\ud83d\udd39 Venda de Local\/Magatzem Industrial \u2013 ~150 m\u00b2 \u2013 Centre de Llan\u00e7\u00e0\r\nEs ven local\/magatzem industrial d\u2019aproximadament 150 m\u00b2, situat en una zona estrat\u00e8gica del centre de Llan\u00e7\u00e0, amb excel\u00b7lent comunicaci\u00f3 i visibilitat. Ideal per a professionals i empreses del sector de la construcci\u00f3, pintura, fusteria, lampisteria i activitats industrials afins.\r\n\ud83d\udccd Caracter\u00edstiques principals\r\n\r\nSuperf\u00edcie \u00fatil: ~150 m\u00b2 di\u00e0fans, amb distribuci\u00f3 funcional per a emmagatzematge, treball i exposici\u00f3 de materials.\r\nAcc\u00e9s rodat: porta \u00e0mplia adaptable per a entrada i sortida de vehicles de c\u00e0rrega, furgonetes i petits camions.\r\nAl\u00e7ada \u00fatil: sostres alts, amb possibilitat d\u2019instal\u00b7lar altell o prestatgeries industrials.\r\nIl\u00b7luminaci\u00f3 i ventilaci\u00f3: bona entrada de llum natural i sistemes de ventilaci\u00f3.\r\nServeis donats d\u2019alta: aigua i electricitat, amb possibilitat d\u2019ampliaci\u00f3 de pot\u00e8ncia segons activitat.\r\nEstat: espai ben conservat, amb paviment resistent i apte per a \u00fas industrial o de taller.\r\n\r\n\ud83d\udee0\ufe0f \u00das ideal\r\nPerfecte per a professionals i empreses dedicades a:\u2714\ufe0f Construcci\u00f3\u2714\ufe0f Pintura i revestiments\u2714\ufe0f Fusteria, serralleria i forja\u2714\ufe0f Subministrament de materials\u2714\ufe0f Tallers de reparaci\u00f3 i muntatge\u2714\ufe0f Emmagatzematge de maquin\u00e0ria i eines\r\n\ud83d\ude9a Accessibilitat i ubicaci\u00f3\r\n\r\nSituat en zona c\u00e8ntrica i consolidada de Llan\u00e7\u00e0, amb f\u00e0cil acc\u00e9s a les vies principals i proximitat a serveis municipals.\r\nBona connexi\u00f3 amb altres poblacions de l\u2019Alt Empord\u00e0.\r\nZona amb activitat comercial i professional, que afavoreix la visibilitat del negoci.\r\n\r\n\ud83d\udca1 Avantatges competitius\r\n\u2705 Espai ampli i adaptable segons necessitats.\u2705 Possibilitat de combinar magatzem + atenci\u00f3 al client.\u2705 Zona amb dinamisme econ\u00f2mic local.\u2705 Bona oportunitat per ampliar o establir un negoci al municipi.\r\n\u00a0<\/div>\n    <div class=\"n2r__list__item__footer\">\n      <div class=\"n2r__list__item__price\">180.000 \u20ac<\/div>    <\/div>\n  <\/div>\n  <a class=\"n2r__list__item__link\" href=\"https:\/\/immobiliariafalco.com\/ca\/detall-de-propietat-en-venda\/venda-local-comercial-local-magatzem-a-la-venta-al-centre-del-poble-llanca-27162\/\">M\u00e9s detalls<\/a>\n  <\/div>    <\/div>\n    <div class=\"n2r__list__map \">\n  <div class=\"n2r__sticky\">\n    <div id=\"n2r__list__map__googlemaps\" class=\"n2r__googlemaps\" data-n2r-scrollwheel=\"0\" data-n2r-markerclustererimage=\"https:\/\/immobiliariafalco.com\/wp-content\/plugins\/net2rent-wp-plugin\/\/assets\/js\/googlemaps\/images\/m\"   data-n2r-markerimage=\"https:\/\/immobiliariafalco.com\/wp-content\/plugins\/net2rent-wp-plugin\/\/assets\/images\/map_position.png\" data-n2r-markers=\"[{&quot;id&quot;:&quot;24068&quot;,&quot;latitude&quot;:42.362746999999999,&quot;longitude&quot;:3.1545800000000002,&quot;link&quot;:&quot;https:\\\/\\\/immobiliariafalco.com\\\/ca\\\/detall-de-propietat-en-venda\\\/venda-local-comercial-lc-1-llanca-24068\\\/&quot;,&quot;infoWindow&quot;:{&quot;image&quot;:&quot;https:\\\/\\\/files.net2rent.com\\\/pfiles\\\/298\\\/24068\\\/553273-HG-o-m.jpg&quot;,&quot;title&quot;:&quot;FANT\\u00c0STIC LOCAL COMERCIAL CENTRE VILA&quot;,&quot;description&quot;:&quot;\\u003Cdiv\\u003E\\u003Cdiv class=\\&quot;n2r__list__item__feature n2r__list__item__feature--capacity\\&quot; title=\\&quot;0 pax\\&quot;\\u003E\\u003Ci class=\\&quot;n2r_people\\&quot;\\u003E\\u003C\\\/i\\u003E 0\\u003C\\\/div\\u003E\\u003C\\\/div\\u003E\\u003Cdiv\\u003E\\u003Cdiv class=\\&quot;n2r__list__item__price\\&quot;\\u003EConsultar\\u003C\\\/div\\u003E\\u003C\\\/div\\u003E&quot;}},{&quot;id&quot;:&quot;24090&quot;,&quot;latitude&quot;:42.364445000000003,&quot;longitude&quot;:3.1543000000000001,&quot;link&quot;:&quot;https:\\\/\\\/immobiliariafalco.com\\\/ca\\\/detall-de-propietat-en-venda\\\/venda-local-comercial-lc-7-llanca-24090\\\/&quot;,&quot;infoWindow&quot;:{&quot;image&quot;:&quot;https:\\\/\\\/files.net2rent.com\\\/pfiles\\\/298\\\/24090\\\/553477-IO-o-m.jpg&quot;,&quot;title&quot;:&quot;LOCAL COMERCIAL DE 52M2 ANTIC BAR-RESTAURANT&quot;,&quot;description&quot;:&quot;\\u003Cdiv\\u003E\\u003Cdiv class=\\&quot;n2r__list__item__feature n2r__list__item__feature--capacity\\&quot; title=\\&quot;0 pax\\&quot;\\u003E\\u003Ci class=\\&quot;n2r_people\\&quot;\\u003E\\u003C\\\/i\\u003E 0\\u003C\\\/div\\u003E\\u003C\\\/div\\u003E\\u003Cdiv\\u003E\\u003Cdiv class=\\&quot;n2r__list__item__price\\&quot;\\u003E90.000 \\u20ac\\u003C\\\/div\\u003E\\u003C\\\/div\\u003E&quot;}},{&quot;id&quot;:&quot;24106&quot;,&quot;latitude&quot;:42.368834999999997,&quot;longitude&quot;:3.1578080000000002,&quot;link&quot;:&quot;https:\\\/\\\/immobiliariafalco.com\\\/ca\\\/detall-de-propietat-en-venda\\\/venda-local-comercial-lc-3-llanca-24106\\\/&quot;,&quot;infoWindow&quot;:{&quot;image&quot;:&quot;https:\\\/\\\/files.net2rent.com\\\/pfiles\\\/298\\\/24106\\\/553686-qV-o-m.jpg&quot;,&quot;title&quot;:&quot;LOCAL COMERCIAL EN CARRER PRINCIPAL DEL PORT DE LLAN\\u00c7\\u00c0&quot;,&quot;description&quot;:&quot;\\u003Cdiv\\u003E\\u003Cdiv class=\\&quot;n2r__list__item__feature n2r__list__item__feature--capacity\\&quot; title=\\&quot;0 pax\\&quot;\\u003E\\u003Ci class=\\&quot;n2r_people\\&quot;\\u003E\\u003C\\\/i\\u003E 0\\u003C\\\/div\\u003E\\u003C\\\/div\\u003E\\u003Cdiv\\u003E\\u003Cdiv class=\\&quot;n2r__list__item__price\\&quot;\\u003E300.000 \\u20ac\\u003C\\\/div\\u003E\\u003C\\\/div\\u003E&quot;}},{&quot;id&quot;:&quot;27162&quot;,&quot;latitude&quot;:42.361880999999997,&quot;longitude&quot;:3.151545,&quot;link&quot;:&quot;https:\\\/\\\/immobiliariafalco.com\\\/ca\\\/detall-de-propietat-en-venda\\\/venda-local-comercial-local-magatzem-a-la-venta-al-centre-del-poble-llanca-27162\\\/&quot;,&quot;infoWindow&quot;:{&quot;image&quot;:&quot;https:\\\/\\\/files.net2rent.com\\\/pfiles\\\/298\\\/27162\\\/620949-eC-o-m.jpg&quot;,&quot;title&quot;:&quot;LOCAL\\\/MAGATZEM A LA VENTA AL CENTRE DEL POBLE&quot;,&quot;description&quot;:&quot;\\u003Cdiv\\u003E\\u003Cdiv class=\\&quot;n2r__list__item__feature n2r__list__item__feature--capacity\\&quot; title=\\&quot;0 pax\\&quot;\\u003E\\u003Ci class=\\&quot;n2r_people\\&quot;\\u003E\\u003C\\\/i\\u003E 0\\u003C\\\/div\\u003E\\u003C\\\/div\\u003E\\u003Cdiv\\u003E\\u003Cdiv class=\\&quot;n2r__list__item__price\\&quot;\\u003E180.000 \\u20ac\\u003C\\\/div\\u003E\\u003C\\\/div\\u003E&quot;}}]\" ><\/div>\n  <\/div>\n\n<\/div>  <\/div>\n  <div class=\"n2r__pagination\">\n  <div class=\"n2r__pagination__summary\">\n    4 Articles    -\n    P\u00e0gina 1 de 1  <\/div>\n  <div class=\"separator\"><\/div>\n  <\/div><\/div>\n<\/div><\/div>\n","protected":false},"excerpt":{"rendered":"","protected":false},"author":1,"featured_media":428,"parent":766,"menu_order":0,"comment_status":"closed","ping_status":"closed","template":"","meta":{"site-sidebar-layout":"default","site-content-layout":"","ast-site-content-layout":"","site-content-style":"default","site-sidebar-style":"default","ast-global-header-display":"","ast-banner-title-visibility":"","ast-main-header-display":"","ast-hfb-above-header-display":"","ast-hfb-below-header-display":"","ast-hfb-mobile-header-display":"","site-post-title":"","ast-breadcrumbs-content":"","ast-featured-img":"disabled","footer-sml-layout":"","ast-disable-related-posts":"","theme-transparent-header-meta":"","adv-header-id-meta":"","stick-header-meta":"","header-above-stick-meta":"","header-main-stick-meta":"","header-below-stick-meta":"","astra-migrate-meta-layouts":"default","ast-page-background-enabled":"default","ast-page-background-meta":{"desktop":{"background-color":"var(--ast-global-color-5)","background-image":"","background-repeat":"repeat","background-position":"center center","background-size":"auto","background-attachment":"scroll","background-type":"","background-media":"","overlay-type":"","overlay-color":"","overlay-opacity":"","overlay-gradient":""},"tablet":{"background-color":"","background-image":"","background-repeat":"repeat","background-position":"center center","background-size":"auto","background-attachment":"scroll","background-type":"","background-media":"","overlay-type":"","overlay-color":"","overlay-opacity":"","overlay-gradient":""},"mobile":{"background-color":"","background-image":"","background-repeat":"repeat","background-position":"center center","background-size":"auto","background-attachment":"scroll","background-type":"","background-media":"","overlay-type":"","overlay-color":"","overlay-opacity":"","overlay-gradient":""}},"ast-content-background-meta":{"desktop":{"background-color":"var(--ast-global-color-4)","background-image":"","background-repeat":"repeat","background-position":"center center","background-size":"auto","background-attachment":"scroll","background-type":"","background-media":"","overlay-type":"","overlay-color":"","overlay-opacity":"","overlay-gradient":""},"tablet":{"background-color":"var(--ast-global-color-4)","background-image":"","background-repeat":"repeat","background-position":"center center","background-size":"auto","background-attachment":"scroll","background-type":"","background-media":"","overlay-type":"","overlay-color":"","overlay-opacity":"","overlay-gradient":""},"mobile":{"background-color":"var(--ast-global-color-4)","background-image":"","background-repeat":"repeat","background-position":"center center","background-size":"auto","background-attachment":"scroll","background-type":"","background-media":"","overlay-type":"","overlay-color":"","overlay-opacity":"","overlay-gradient":""}},"footnotes":""},"class_list":["post-1444","page","type-page","status-publish","has-post-thumbnail","hentry"],"yoast_head":"<!-- This site is optimized with the Yoast SEO plugin v27.4 - https:\/\/yoast.com\/product\/yoast-seo-wordpress\/ -->\n<title>Locals - Immobili\u00e0ria Falc\u00f3 - Venta y alquiler de propiedades en LLan\u00e7\u00e0<\/title>\n<meta name=\"description\" content=\"A Immobili\u00e0ria Falc\u00f3, oferim serveis de venda i lloguer d&#039;immobles a Llan\u00e7\u00e0 i a la Costa Brava.\" \/>\n<meta name=\"robots\" content=\"index, follow, max-snippet:-1, max-image-preview:large, max-video-preview:-1\" \/>\n<link rel=\"canonical\" href=\"https:\/\/immobiliariafalco.com\/ca\/venda\/locals\/\" \/>\n<meta property=\"og:locale\" content=\"ca_ES\" \/>\n<meta property=\"og:type\" content=\"article\" \/>\n<meta property=\"og:title\" content=\"Locals - Immobili\u00e0ria Falc\u00f3 - Venta y alquiler de propiedades en LLan\u00e7\u00e0\" \/>\n<meta property=\"og:description\" content=\"A Immobili\u00e0ria Falc\u00f3, oferim serveis de venda i lloguer d&#039;immobles a Llan\u00e7\u00e0 i a la Costa Brava.\" \/>\n<meta property=\"og:url\" content=\"https:\/\/immobiliariafalco.com\/ca\/venda\/locals\/\" \/>\n<meta property=\"og:site_name\" content=\"Immobili\u00e0ria Falc\u00f3 - Venta y alquiler de propiedades en LLan\u00e7\u00e0\" \/>\n<meta property=\"article:publisher\" content=\"https:\/\/www.facebook.com\/Immobiliria-FALC-112724184524155\" \/>\n<meta property=\"article:modified_time\" content=\"2025-11-19T11:20:27+00:00\" \/>\n<meta property=\"og:image\" content=\"https:\/\/immobiliariafalco.com\/wp-content\/uploads\/2025\/04\/rrss-falco.jpg\" \/>\n\t<meta property=\"og:image:width\" content=\"1280\" \/>\n\t<meta property=\"og:image:height\" content=\"720\" \/>\n\t<meta property=\"og:image:type\" content=\"image\/jpeg\" \/>\n<meta name=\"twitter:card\" content=\"summary_large_image\" \/>\n<script type=\"application\/ld+json\" class=\"yoast-schema-graph\">{\"@context\":\"https:\\\/\\\/schema.org\",\"@graph\":[{\"@type\":\"WebPage\",\"@id\":\"https:\\\/\\\/immobiliariafalco.com\\\/ca\\\/venda\\\/locals\\\/\",\"url\":\"https:\\\/\\\/immobiliariafalco.com\\\/ca\\\/venda\\\/locals\\\/\",\"name\":\"Locals - Immobili\u00e0ria Falc\u00f3 - Venta y alquiler de propiedades en LLan\u00e7\u00e0\",\"isPartOf\":{\"@id\":\"https:\\\/\\\/immobiliariafalco.com\\\/ca\\\/#website\"},\"primaryImageOfPage\":{\"@id\":\"https:\\\/\\\/immobiliariafalco.com\\\/ca\\\/venda\\\/locals\\\/#primaryimage\"},\"image\":{\"@id\":\"https:\\\/\\\/immobiliariafalco.com\\\/ca\\\/venda\\\/locals\\\/#primaryimage\"},\"thumbnailUrl\":\"https:\\\/\\\/immobiliariafalco.com\\\/wp-content\\\/uploads\\\/2025\\\/04\\\/rrss-falco.jpg\",\"datePublished\":\"2025-11-19T11:19:13+00:00\",\"dateModified\":\"2025-11-19T11:20:27+00:00\",\"description\":\"A Immobili\u00e0ria Falc\u00f3, oferim serveis de venda i lloguer d'immobles a Llan\u00e7\u00e0 i a la Costa Brava.\",\"breadcrumb\":{\"@id\":\"https:\\\/\\\/immobiliariafalco.com\\\/ca\\\/venda\\\/locals\\\/#breadcrumb\"},\"inLanguage\":\"ca\",\"potentialAction\":[{\"@type\":\"ReadAction\",\"target\":[\"https:\\\/\\\/immobiliariafalco.com\\\/ca\\\/venda\\\/locals\\\/\"]}]},{\"@type\":\"BreadcrumbList\",\"@id\":\"https:\\\/\\\/immobiliariafalco.com\\\/ca\\\/venda\\\/locals\\\/#breadcrumb\",\"itemListElement\":[{\"@type\":\"ListItem\",\"position\":1,\"name\":\"Inicio\",\"item\":\"https:\\\/\\\/immobiliariafalco.com\\\/ca\\\/\"},{\"@type\":\"ListItem\",\"position\":2,\"name\":\"Venda\",\"item\":\"https:\\\/\\\/immobiliariafalco.com\\\/ca\\\/venta\\\/\"},{\"@type\":\"ListItem\",\"position\":3,\"name\":\"Locals\"}]},{\"@type\":\"WebSite\",\"@id\":\"https:\\\/\\\/immobiliariafalco.com\\\/ca\\\/#website\",\"url\":\"https:\\\/\\\/immobiliariafalco.com\\\/ca\\\/\",\"name\":\"Immobili\u00e0ria Falc\u00f3 - Venta y alquiler de propiedades en LLan\u00e7\u00e0\",\"description\":\"Servicios inmobiliarios y de alquiler vacacional en la Costa Brava\",\"publisher\":{\"@id\":\"https:\\\/\\\/immobiliariafalco.com\\\/ca\\\/#organization\"},\"alternateName\":\"Immobili\u00e0ria Falc\u00f3\",\"potentialAction\":[{\"@type\":\"SearchAction\",\"target\":{\"@type\":\"EntryPoint\",\"urlTemplate\":\"https:\\\/\\\/immobiliariafalco.com\\\/alquiler-resultados-de-busqueda\\\/?search_text={search_term_string}\"},\"query-input\":{\"@type\":\"PropertyValueSpecification\",\"valueRequired\":true,\"valueName\":\"search_term_string\"}}],\"inLanguage\":\"ca\"},{\"@type\":\"Organization\",\"@id\":\"https:\\\/\\\/immobiliariafalco.com\\\/ca\\\/#organization\",\"name\":\"Immobili\u00e0ria Falc\u00f3 - Venta y alquiler de propiedades en LLan\u00e7\u00e0\",\"url\":\"https:\\\/\\\/immobiliariafalco.com\\\/ca\\\/\",\"logo\":{\"@type\":\"ImageObject\",\"inLanguage\":\"ca\",\"@id\":\"https:\\\/\\\/immobiliariafalco.com\\\/ca\\\/#\\\/schema\\\/logo\\\/image\\\/\",\"url\":\"https:\\\/\\\/immobiliariafalco.com\\\/wp-content\\\/uploads\\\/2025\\\/04\\\/logo-1.png\",\"contentUrl\":\"https:\\\/\\\/immobiliariafalco.com\\\/wp-content\\\/uploads\\\/2025\\\/04\\\/logo-1.png\",\"width\":1500,\"height\":349,\"caption\":\"Immobili\u00e0ria Falc\u00f3 - Venta y alquiler de propiedades en LLan\u00e7\u00e0\"},\"image\":{\"@id\":\"https:\\\/\\\/immobiliariafalco.com\\\/ca\\\/#\\\/schema\\\/logo\\\/image\\\/\"},\"sameAs\":[\"https:\\\/\\\/www.facebook.com\\\/Immobiliria-FALC-112724184524155\",\"https:\\\/\\\/www.instagram.com\\\/immobiliariafalco\"]}]}<\/script>\n<!-- \/ Yoast SEO plugin. -->","yoast_head_json":{"title":"Locals - Immobili\u00e0ria Falc\u00f3 - Venta y alquiler de propiedades en LLan\u00e7\u00e0","description":"A Immobili\u00e0ria Falc\u00f3, oferim serveis de venda i lloguer d'immobles a Llan\u00e7\u00e0 i a la Costa Brava.","robots":{"index":"index","follow":"follow","max-snippet":"max-snippet:-1","max-image-preview":"max-image-preview:large","max-video-preview":"max-video-preview:-1"},"canonical":"https:\/\/immobiliariafalco.com\/ca\/venda\/locals\/","og_locale":"ca_ES","og_type":"article","og_title":"Locals - Immobili\u00e0ria Falc\u00f3 - Venta y alquiler de propiedades en LLan\u00e7\u00e0","og_description":"A Immobili\u00e0ria Falc\u00f3, oferim serveis de venda i lloguer d'immobles a Llan\u00e7\u00e0 i a la Costa Brava.","og_url":"https:\/\/immobiliariafalco.com\/ca\/venda\/locals\/","og_site_name":"Immobili\u00e0ria Falc\u00f3 - Venta y alquiler de propiedades en LLan\u00e7\u00e0","article_publisher":"https:\/\/www.facebook.com\/Immobiliria-FALC-112724184524155","article_modified_time":"2025-11-19T11:20:27+00:00","og_image":[{"width":1280,"height":720,"url":"https:\/\/immobiliariafalco.com\/wp-content\/uploads\/2025\/04\/rrss-falco.jpg","type":"image\/jpeg"}],"twitter_card":"summary_large_image","schema":{"@context":"https:\/\/schema.org","@graph":[{"@type":"WebPage","@id":"https:\/\/immobiliariafalco.com\/ca\/venda\/locals\/","url":"https:\/\/immobiliariafalco.com\/ca\/venda\/locals\/","name":"Locals - Immobili\u00e0ria Falc\u00f3 - Venta y alquiler de propiedades en LLan\u00e7\u00e0","isPartOf":{"@id":"https:\/\/immobiliariafalco.com\/ca\/#website"},"primaryImageOfPage":{"@id":"https:\/\/immobiliariafalco.com\/ca\/venda\/locals\/#primaryimage"},"image":{"@id":"https:\/\/immobiliariafalco.com\/ca\/venda\/locals\/#primaryimage"},"thumbnailUrl":"https:\/\/immobiliariafalco.com\/wp-content\/uploads\/2025\/04\/rrss-falco.jpg","datePublished":"2025-11-19T11:19:13+00:00","dateModified":"2025-11-19T11:20:27+00:00","description":"A Immobili\u00e0ria Falc\u00f3, oferim serveis de venda i lloguer d'immobles a Llan\u00e7\u00e0 i a la Costa Brava.","breadcrumb":{"@id":"https:\/\/immobiliariafalco.com\/ca\/venda\/locals\/#breadcrumb"},"inLanguage":"ca","potentialAction":[{"@type":"ReadAction","target":["https:\/\/immobiliariafalco.com\/ca\/venda\/locals\/"]}]},{"@type":"BreadcrumbList","@id":"https:\/\/immobiliariafalco.com\/ca\/venda\/locals\/#breadcrumb","itemListElement":[{"@type":"ListItem","position":1,"name":"Inicio","item":"https:\/\/immobiliariafalco.com\/ca\/"},{"@type":"ListItem","position":2,"name":"Venda","item":"https:\/\/immobiliariafalco.com\/ca\/venta\/"},{"@type":"ListItem","position":3,"name":"Locals"}]},{"@type":"WebSite","@id":"https:\/\/immobiliariafalco.com\/ca\/#website","url":"https:\/\/immobiliariafalco.com\/ca\/","name":"Immobili\u00e0ria Falc\u00f3 - Venta y alquiler de propiedades en LLan\u00e7\u00e0","description":"Servicios inmobiliarios y de alquiler vacacional en la Costa Brava","publisher":{"@id":"https:\/\/immobiliariafalco.com\/ca\/#organization"},"alternateName":"Immobili\u00e0ria Falc\u00f3","potentialAction":[{"@type":"SearchAction","target":{"@type":"EntryPoint","urlTemplate":"https:\/\/immobiliariafalco.com\/alquiler-resultados-de-busqueda\/?search_text={search_term_string}"},"query-input":{"@type":"PropertyValueSpecification","valueRequired":true,"valueName":"search_term_string"}}],"inLanguage":"ca"},{"@type":"Organization","@id":"https:\/\/immobiliariafalco.com\/ca\/#organization","name":"Immobili\u00e0ria Falc\u00f3 - Venta y alquiler de propiedades en LLan\u00e7\u00e0","url":"https:\/\/immobiliariafalco.com\/ca\/","logo":{"@type":"ImageObject","inLanguage":"ca","@id":"https:\/\/immobiliariafalco.com\/ca\/#\/schema\/logo\/image\/","url":"https:\/\/immobiliariafalco.com\/wp-content\/uploads\/2025\/04\/logo-1.png","contentUrl":"https:\/\/immobiliariafalco.com\/wp-content\/uploads\/2025\/04\/logo-1.png","width":1500,"height":349,"caption":"Immobili\u00e0ria Falc\u00f3 - Venta y alquiler de propiedades en LLan\u00e7\u00e0"},"image":{"@id":"https:\/\/immobiliariafalco.com\/ca\/#\/schema\/logo\/image\/"},"sameAs":["https:\/\/www.facebook.com\/Immobiliria-FALC-112724184524155","https:\/\/www.instagram.com\/immobiliariafalco"]}]}},"_links":{"self":[{"href":"https:\/\/immobiliariafalco.com\/ca\/wp-json\/wp\/v2\/pages\/1444","targetHints":{"allow":["GET"]}}],"collection":[{"href":"https:\/\/immobiliariafalco.com\/ca\/wp-json\/wp\/v2\/pages"}],"about":[{"href":"https:\/\/immobiliariafalco.com\/ca\/wp-json\/wp\/v2\/types\/page"}],"author":[{"embeddable":true,"href":"https:\/\/immobiliariafalco.com\/ca\/wp-json\/wp\/v2\/users\/1"}],"replies":[{"embeddable":true,"href":"https:\/\/immobiliariafalco.com\/ca\/wp-json\/wp\/v2\/comments?post=1444"}],"version-history":[{"count":1,"href":"https:\/\/immobiliariafalco.com\/ca\/wp-json\/wp\/v2\/pages\/1444\/revisions"}],"predecessor-version":[{"id":1445,"href":"https:\/\/immobiliariafalco.com\/ca\/wp-json\/wp\/v2\/pages\/1444\/revisions\/1445"}],"up":[{"embeddable":true,"href":"https:\/\/immobiliariafalco.com\/ca\/wp-json\/wp\/v2\/pages\/766"}],"wp:featuredmedia":[{"embeddable":true,"href":"https:\/\/immobiliariafalco.com\/ca\/wp-json\/wp\/v2\/media\/428"}],"wp:attachment":[{"href":"https:\/\/immobiliariafalco.com\/ca\/wp-json\/wp\/v2\/media?parent=1444"}],"curies":[{"name":"wp","href":"https:\/\/api.w.org\/{rel}","templated":true}]}}